{"id":1162,"date":"2018-09-04T12:11:03","date_gmt":"2018-09-04T10:11:03","guid":{"rendered":"https:\/\/muehlingen.de\/wordpress_01\/?page_id=1162"},"modified":"2024-03-04T17:41:50","modified_gmt":"2024-03-04T16:41:50","slug":"oeffentliche-gebaeude","status":"publish","type":"page","link":"https:\/\/muehlingen.de\/?page_id=1162","title":{"rendered":"\u00d6ffentliche Geb\u00e4ude"},"content":{"rendered":"<div class=\"fusion-fullwidth fullwidth-box fusion-builder-row-1 nonhundred-percent-fullwidth non-hundred-percent-height-scrolling\" style=\"--awb-border-radius-top-left:0px;--awb-border-radius-top-right:0px;--awb-border-radius-bottom-right:0px;--awb-border-radius-bottom-left:0px;--awb-flex-wrap:wrap;\" ><div class=\"fusion-builder-row fusion-row\"><div class=\"fusion-layout-column fusion_builder_column fusion-builder-column-0 fusion_builder_column_1_1 1_1 fusion-one-full fusion-column-first fusion-column-last\" style=\"--awb-bg-size:cover;\"><div class=\"fusion-column-wrapper fusion-flex-column-wrapper-legacy\"><div class=\"fusion-tabs fusion-tabs-1 classic vertical-tabs icon-position-left mobile-mode-accordion\" style=\"--awb-title-border-radius-top-left:0px;--awb-title-border-radius-top-right:0px;--awb-title-border-radius-bottom-right:0px;--awb-title-border-radius-bottom-left:0px;--awb-inactive-color:#d6d6d6;--awb-background-color:#ffffff;--awb-border-color:#d6d6d6;--awb-active-border-color:#004cff;\"><div class=\"nav\"><ul class=\"nav-tabs\" role=\"tablist\" aria-orientation=\"vertical\"><li class=\"active\" role=\"presentation\"><a class=\"tab-link\" data-toggle=\"tab\" role=\"tab\" aria-controls=\"tab-216d8ed9cb68cf3e2be\" aria-selected=\"true\" tabindex=\"0\" id=\"fusion-tab-216d8ed9cb68cf3e2be\" href=\"#tab-216d8ed9cb68cf3e2be\"><h4 class=\"fusion-tab-heading\">Rathaus<\/h4><\/a><\/li><li  role=\"presentation\"><a class=\"tab-link\" data-toggle=\"tab\" role=\"tab\" aria-controls=\"tab-4f21a0d1382d3018c67\" aria-selected=\"false\" tabindex=\"-1\" id=\"fusion-tab-4f21a0d1382d3018c67\" href=\"#tab-4f21a0d1382d3018c67\"><h4 class=\"fusion-tab-heading\">Bauhof<\/h4><\/a><\/li><li  role=\"presentation\"><a class=\"tab-link\" data-toggle=\"tab\" role=\"tab\" aria-controls=\"tab-30ee7a4eb711193f45d\" aria-selected=\"false\" tabindex=\"-1\" id=\"fusion-tab-30ee7a4eb711193f45d\" href=\"#tab-30ee7a4eb711193f45d\"><h4 class=\"fusion-tab-heading\">Kl\u00e4ranlage<\/h4><\/a><\/li><li  role=\"presentation\"><a class=\"tab-link\" data-toggle=\"tab\" role=\"tab\" aria-controls=\"tab-868ca90f75ad723e6c8\" aria-selected=\"false\" tabindex=\"-1\" id=\"fusion-tab-868ca90f75ad723e6c8\" href=\"#tab-868ca90f75ad723e6c8\"><h4 class=\"fusion-tab-heading\">Schlo\u00dfb\u00fchlhalle M\u00fchlingen<\/h4><\/a><\/li><li  role=\"presentation\"><a class=\"tab-link\" data-toggle=\"tab\" role=\"tab\" aria-controls=\"tab-817cfd86b0cba338955\" aria-selected=\"false\" tabindex=\"-1\" id=\"fusion-tab-817cfd86b0cba338955\" href=\"#tab-817cfd86b0cba338955\"><h4 class=\"fusion-tab-heading\">Weiherbachhalle Zoznegg<\/h4><\/a><\/li><li  role=\"presentation\"><a class=\"tab-link\" data-toggle=\"tab\" role=\"tab\" aria-controls=\"tab-fdb42239429ec4633fe\" aria-selected=\"false\" tabindex=\"-1\" id=\"fusion-tab-fdb42239429ec4633fe\" href=\"#tab-fdb42239429ec4633fe\"><h4 class=\"fusion-tab-heading\">DGH Mainwangen<\/h4><\/a><\/li><li  role=\"presentation\"><a class=\"tab-link\" data-toggle=\"tab\" role=\"tab\" aria-controls=\"tab-80d099f5272670f8ee0\" aria-selected=\"false\" tabindex=\"-1\" id=\"fusion-tab-80d099f5272670f8ee0\" href=\"#tab-80d099f5272670f8ee0\"><h4 class=\"fusion-tab-heading\">DGH -Clubhaus- Gallmannsweil<\/h4><\/a><\/li><\/ul><\/div><div class=\"tab-content\"><div class=\"nav fusion-mobile-tab-nav\"><ul class=\"nav-tabs\" role=\"tablist\" aria-orientation=\"vertical\"><li class=\"active\" role=\"presentation\"><a class=\"tab-link\" data-toggle=\"tab\" role=\"tab\" aria-controls=\"tab-216d8ed9cb68cf3e2be\" aria-selected=\"true\" tabindex=\"0\" id=\"mobile-fusion-tab-216d8ed9cb68cf3e2be\" href=\"#tab-216d8ed9cb68cf3e2be\"><h4 class=\"fusion-tab-heading\">Rathaus<\/h4><\/a><\/li><\/ul><\/div><div class=\"tab-pane fade fusion-clearfix in active\" role=\"tabpanel\" tabindex=\"0\" aria-labelledby=\"fusion-tab-216d8ed9cb68cf3e2be\" id=\"tab-216d8ed9cb68cf3e2be\">\n<div id=\"attachment_1102\" style=\"width: 219px\" class=\"wp-caption alignleft\"><img decoding=\"async\" aria-describedby=\"caption-attachment-1102\" class=\"wp-image-1102 \" src=\"https:\/\/muehlingen.de\/wordpress_01\/wp-content\/uploads\/rathaus-200x133.gif\" alt=\"Rathaus M\u00fchlingen\" width=\"209\" height=\"139\" srcset=\"https:\/\/muehlingen.de\/wordpress_01\/wp-content\/uploads\/rathaus-200x133.gif 200w, https:\/\/muehlingen.de\/wordpress_01\/wp-content\/uploads\/rathaus-300x200.gif 300w, https:\/\/muehlingen.de\/wordpress_01\/wp-content\/uploads\/rathaus-400x267.gif 400w, https:\/\/muehlingen.de\/wordpress_01\/wp-content\/uploads\/rathaus-600x400.gif 600w, https:\/\/muehlingen.de\/wordpress_01\/wp-content\/uploads\/rathaus-768x512.gif 768w, https:\/\/muehlingen.de\/wordpress_01\/wp-content\/uploads\/rathaus-800x533.gif 800w\" sizes=\"(max-width: 209px) 100vw, 209px\" \/><p id=\"caption-attachment-1102\" class=\"wp-caption-text\">Foto: Gemeinde M\u00fchlingen<\/p><\/div>\n<p><strong>Rathaus<\/strong><br \/>\nIm G\u00f6hren 2<br \/>\n78357 M\u00fchlingen<\/p>\n<p><strong><em>Kontakt<\/em><\/strong><br \/>\nTel. 07775 93030<br \/>\nrathaus@muehlingen.de<\/p>\n<h3><\/h3>\n<\/div><div class=\"nav fusion-mobile-tab-nav\"><ul class=\"nav-tabs\" role=\"tablist\" aria-orientation=\"vertical\"><li  role=\"presentation\"><a class=\"tab-link\" data-toggle=\"tab\" role=\"tab\" aria-controls=\"tab-4f21a0d1382d3018c67\" aria-selected=\"false\" tabindex=\"-1\" id=\"mobile-fusion-tab-4f21a0d1382d3018c67\" href=\"#tab-4f21a0d1382d3018c67\"><h4 class=\"fusion-tab-heading\">Bauhof<\/h4><\/a><\/li><\/ul><\/div><div class=\"tab-pane fade fusion-clearfix\" role=\"tabpanel\" tabindex=\"0\" aria-labelledby=\"fusion-tab-4f21a0d1382d3018c67\" id=\"tab-4f21a0d1382d3018c67\">\n<p><b><img decoding=\"async\" class=\"wp-image-5210 alignleft\" src=\"https:\/\/muehlingen.de\/wordpress_01\/wp-content\/uploads\/Klaeranlage-2-200x122.jpg\" alt=\"\" width=\"218\" height=\"133\" srcset=\"https:\/\/muehlingen.de\/wordpress_01\/wp-content\/uploads\/Klaeranlage-2-200x122.jpg 200w, https:\/\/muehlingen.de\/wordpress_01\/wp-content\/uploads\/Klaeranlage-2-300x183.jpg 300w, https:\/\/muehlingen.de\/wordpress_01\/wp-content\/uploads\/Klaeranlage-2-400x244.jpg 400w, https:\/\/muehlingen.de\/wordpress_01\/wp-content\/uploads\/Klaeranlage-2-600x365.jpg 600w, https:\/\/muehlingen.de\/wordpress_01\/wp-content\/uploads\/Klaeranlage-2-768x468.jpg 768w, https:\/\/muehlingen.de\/wordpress_01\/wp-content\/uploads\/Klaeranlage-2-800x487.jpg 800w, https:\/\/muehlingen.de\/wordpress_01\/wp-content\/uploads\/Klaeranlage-2-1024x623.jpg 1024w, https:\/\/muehlingen.de\/wordpress_01\/wp-content\/uploads\/Klaeranlage-2-1200x731.jpg 1200w, https:\/\/muehlingen.de\/wordpress_01\/wp-content\/uploads\/Klaeranlage-2.jpg 1250w\" sizes=\"(max-width: 218px) 100vw, 218px\" \/>Bauhof<\/b><br \/>\nHauptstr. 1<br \/>\n78357 M\u00fchlingen<\/p>\n<p><strong>Kontakt<\/strong><br \/>\nTel. 07775 93030<\/p>\n<p style=\"text-align: left;\">Foto: Gemeinde M\u00fchlingen<\/p>\n<\/div><div class=\"nav fusion-mobile-tab-nav\"><ul class=\"nav-tabs\" role=\"tablist\" aria-orientation=\"vertical\"><li  role=\"presentation\"><a class=\"tab-link\" data-toggle=\"tab\" role=\"tab\" aria-controls=\"tab-30ee7a4eb711193f45d\" aria-selected=\"false\" tabindex=\"-1\" id=\"mobile-fusion-tab-30ee7a4eb711193f45d\" href=\"#tab-30ee7a4eb711193f45d\"><h4 class=\"fusion-tab-heading\">Kl\u00e4ranlage<\/h4><\/a><\/li><\/ul><\/div><div class=\"tab-pane fade fusion-clearfix\" role=\"tabpanel\" tabindex=\"0\" aria-labelledby=\"fusion-tab-30ee7a4eb711193f45d\" id=\"tab-30ee7a4eb711193f45d\">\n<p><b><img decoding=\"async\" class=\"wp-image-5219 alignleft\" src=\"https:\/\/muehlingen.de\/wordpress_01\/wp-content\/uploads\/Klaeranlage-3-2-300x186.jpg\" alt=\"\" width=\"200\" height=\"124\" srcset=\"https:\/\/muehlingen.de\/wordpress_01\/wp-content\/uploads\/Klaeranlage-3-2-200x124.jpg 200w, https:\/\/muehlingen.de\/wordpress_01\/wp-content\/uploads\/Klaeranlage-3-2-300x186.jpg 300w, https:\/\/muehlingen.de\/wordpress_01\/wp-content\/uploads\/Klaeranlage-3-2-400x248.jpg 400w, https:\/\/muehlingen.de\/wordpress_01\/wp-content\/uploads\/Klaeranlage-3-2-600x372.jpg 600w, https:\/\/muehlingen.de\/wordpress_01\/wp-content\/uploads\/Klaeranlage-3-2-768x476.jpg 768w, https:\/\/muehlingen.de\/wordpress_01\/wp-content\/uploads\/Klaeranlage-3-2-800x496.jpg 800w, https:\/\/muehlingen.de\/wordpress_01\/wp-content\/uploads\/Klaeranlage-3-2-1024x635.jpg 1024w, https:\/\/muehlingen.de\/wordpress_01\/wp-content\/uploads\/Klaeranlage-3-2-1200x744.jpg 1200w, https:\/\/muehlingen.de\/wordpress_01\/wp-content\/uploads\/Klaeranlage-3-2.jpg 1250w\" sizes=\"(max-width: 200px) 100vw, 200px\" \/>Kl\u00e4ranlage<\/b><br \/>\nM\u00fchlweiler 20<br \/>\n78357 M\u00fchlingen<\/p>\n<p><strong>Kontakt<\/strong><br \/>\nTel. 07775 93030<\/p>\n<p>Foto: Gemeinde M\u00fchlingen<\/p>\n<\/div><div class=\"nav fusion-mobile-tab-nav\"><ul class=\"nav-tabs\" role=\"tablist\" aria-orientation=\"vertical\"><li  role=\"presentation\"><a class=\"tab-link\" data-toggle=\"tab\" role=\"tab\" aria-controls=\"tab-868ca90f75ad723e6c8\" aria-selected=\"false\" tabindex=\"-1\" id=\"mobile-fusion-tab-868ca90f75ad723e6c8\" href=\"#tab-868ca90f75ad723e6c8\"><h4 class=\"fusion-tab-heading\">Schlo\u00dfb\u00fchlhalle M\u00fchlingen<\/h4><\/a><\/li><\/ul><\/div><div class=\"tab-pane fade fusion-clearfix\" role=\"tabpanel\" tabindex=\"0\" aria-labelledby=\"fusion-tab-868ca90f75ad723e6c8\" id=\"tab-868ca90f75ad723e6c8\"><div id=\"attachment_1170\" style=\"width: 210px\" class=\"wp-caption alignleft\"><img decoding=\"async\" aria-describedby=\"caption-attachment-1170\" class=\"wp-image-1170 size-200\" src=\"https:\/\/muehlingen.de\/wordpress_01\/wp-content\/uploads\/Schlossbuehlhalle-200x133.gif\" alt=\"Schlo\u00dfb\u00fchlhalle M\u00fchlingen\" width=\"200\" height=\"133\" srcset=\"https:\/\/muehlingen.de\/wordpress_01\/wp-content\/uploads\/Schlossbuehlhalle-200x133.gif 200w, https:\/\/muehlingen.de\/wordpress_01\/wp-content\/uploads\/Schlossbuehlhalle-300x200.gif 300w, https:\/\/muehlingen.de\/wordpress_01\/wp-content\/uploads\/Schlossbuehlhalle-400x267.gif 400w, https:\/\/muehlingen.de\/wordpress_01\/wp-content\/uploads\/Schlossbuehlhalle-600x400.gif 600w, https:\/\/muehlingen.de\/wordpress_01\/wp-content\/uploads\/Schlossbuehlhalle-768x512.gif 768w, https:\/\/muehlingen.de\/wordpress_01\/wp-content\/uploads\/Schlossbuehlhalle-800x533.gif 800w\" sizes=\"(max-width: 200px) 100vw, 200px\" \/><p id=\"caption-attachment-1170\" class=\"wp-caption-text\">Foto: Gemeinde M\u00fchlingen<\/p><\/div>\n<p><b>Schlo\u00dfb\u00fchlhalle M\u00fchlingen<\/b><br \/>Drei Lerchen<br \/>78357 M\u00fchlingen<\/p>\n<p>Die Schlo\u00dfb\u00fchlhalle M\u00fchlingen kann bei der Gemeindeverwaltung f\u00fcr Veranstaltungen angemietet werden.<\/p>\n<p>Der erforderliche Benutzungsantrag steht im B\u00fcrgerbereich\/Formularvorlagen zur Verf\u00fcgung.&nbsp;<\/p>\n<h3>&nbsp;<\/h3>\n<\/div><div class=\"nav fusion-mobile-tab-nav\"><ul class=\"nav-tabs\" role=\"tablist\" aria-orientation=\"vertical\"><li  role=\"presentation\"><a class=\"tab-link\" data-toggle=\"tab\" role=\"tab\" aria-controls=\"tab-817cfd86b0cba338955\" aria-selected=\"false\" tabindex=\"-1\" id=\"mobile-fusion-tab-817cfd86b0cba338955\" href=\"#tab-817cfd86b0cba338955\"><h4 class=\"fusion-tab-heading\">Weiherbachhalle Zoznegg<\/h4><\/a><\/li><\/ul><\/div><div class=\"tab-pane fade fusion-clearfix\" role=\"tabpanel\" tabindex=\"0\" aria-labelledby=\"fusion-tab-817cfd86b0cba338955\" id=\"tab-817cfd86b0cba338955\"><div id=\"attachment_1169\" style=\"width: 210px\" class=\"wp-caption alignleft\"><img decoding=\"async\" aria-describedby=\"caption-attachment-1169\" class=\"wp-image-1169 size-200\" src=\"https:\/\/muehlingen.de\/wordpress_01\/wp-content\/uploads\/Weiherbachhalle-200x133.png\" alt=\"Weiherbachhalle Zoznegg\" width=\"200\" height=\"133\" srcset=\"https:\/\/muehlingen.de\/wordpress_01\/wp-content\/uploads\/Weiherbachhalle-200x133.png 200w, https:\/\/muehlingen.de\/wordpress_01\/wp-content\/uploads\/Weiherbachhalle-300x200.png 300w, https:\/\/muehlingen.de\/wordpress_01\/wp-content\/uploads\/Weiherbachhalle-400x267.png 400w, https:\/\/muehlingen.de\/wordpress_01\/wp-content\/uploads\/Weiherbachhalle-600x400.png 600w, https:\/\/muehlingen.de\/wordpress_01\/wp-content\/uploads\/Weiherbachhalle-768x512.png 768w, https:\/\/muehlingen.de\/wordpress_01\/wp-content\/uploads\/Weiherbachhalle-800x533.png 800w, https:\/\/muehlingen.de\/wordpress_01\/wp-content\/uploads\/Weiherbachhalle.png 900w\" sizes=\"(max-width: 200px) 100vw, 200px\" \/><p id=\"caption-attachment-1169\" class=\"wp-caption-text\">Foto: Gemeinde M\u00fchlingen<\/p><\/div>\n<p><strong>Weiherbachhalle Zoznegg<\/strong><br \/>Bahnhofstr. 7<br \/>78357 M\u00fchlingen-Zoznegg<\/p>\n<p>Die Weiherbachhalle Zoznegg kann bei der Gemeindeverwaltung f\u00fcr Veranstaltungen angemietet werden.<\/p>\n<p>Der erforderliche Benutzungsantrag steht im B\u00fcrgerbereich\/Formularvorlagen zur Verf\u00fcgung.&nbsp;<\/p>\n<h3>&nbsp;<\/h3>\n<\/div><div class=\"nav fusion-mobile-tab-nav\"><ul class=\"nav-tabs\" role=\"tablist\" aria-orientation=\"vertical\"><li  role=\"presentation\"><a class=\"tab-link\" data-toggle=\"tab\" role=\"tab\" aria-controls=\"tab-fdb42239429ec4633fe\" aria-selected=\"false\" tabindex=\"-1\" id=\"mobile-fusion-tab-fdb42239429ec4633fe\" href=\"#tab-fdb42239429ec4633fe\"><h4 class=\"fusion-tab-heading\">DGH Mainwangen<\/h4><\/a><\/li><\/ul><\/div><div class=\"tab-pane fade fusion-clearfix\" role=\"tabpanel\" tabindex=\"0\" aria-labelledby=\"fusion-tab-fdb42239429ec4633fe\" id=\"tab-fdb42239429ec4633fe\"><div id=\"attachment_1167\" style=\"width: 210px\" class=\"wp-caption alignleft\"><img decoding=\"async\" aria-describedby=\"caption-attachment-1167\" class=\"wp-image-1167 size-200\" src=\"https:\/\/muehlingen.de\/wordpress_01\/wp-content\/uploads\/Dorfgemeinschaftshaus-Mainwangen-200x133.jpg\" alt=\"Dorfgemeinschaftshaus Mainwangen\" width=\"200\" height=\"133\" srcset=\"https:\/\/muehlingen.de\/wordpress_01\/wp-content\/uploads\/Dorfgemeinschaftshaus-Mainwangen-200x133.jpg 200w, https:\/\/muehlingen.de\/wordpress_01\/wp-content\/uploads\/Dorfgemeinschaftshaus-Mainwangen-300x200.jpg 300w, https:\/\/muehlingen.de\/wordpress_01\/wp-content\/uploads\/Dorfgemeinschaftshaus-Mainwangen-400x267.jpg 400w, https:\/\/muehlingen.de\/wordpress_01\/wp-content\/uploads\/Dorfgemeinschaftshaus-Mainwangen-600x400.jpg 600w, https:\/\/muehlingen.de\/wordpress_01\/wp-content\/uploads\/Dorfgemeinschaftshaus-Mainwangen-768x512.jpg 768w, https:\/\/muehlingen.de\/wordpress_01\/wp-content\/uploads\/Dorfgemeinschaftshaus-Mainwangen-800x533.jpg 800w, https:\/\/muehlingen.de\/wordpress_01\/wp-content\/uploads\/Dorfgemeinschaftshaus-Mainwangen.jpg 900w\" sizes=\"(max-width: 200px) 100vw, 200px\" \/><p id=\"caption-attachment-1167\" class=\"wp-caption-text\">Foto: Gemeinde M\u00fchlingen<\/p><\/div>\n<p><b>Dorfgemeinschaftshaus Mainwangen<\/b><br \/>Dorfplatz 3<br \/>78357 M\u00fchlingen-Mainwangen<\/p>\n<p>Das Dorfgemeinschaftshaus Mainwangen kann bei der Gemeindeverwaltung f\u00fcr Veranstaltungen angemietet werden.&nbsp;<\/p>\n<p>Der erforderliche Benutzungsantrag steht im B\u00fcrgerbereich\/Formularvorlagen zur Verf\u00fcgung.&nbsp;<\/p>\n<\/div><div class=\"nav fusion-mobile-tab-nav\"><ul class=\"nav-tabs\" role=\"tablist\" aria-orientation=\"vertical\"><li  role=\"presentation\"><a class=\"tab-link\" data-toggle=\"tab\" role=\"tab\" aria-controls=\"tab-80d099f5272670f8ee0\" aria-selected=\"false\" tabindex=\"-1\" id=\"mobile-fusion-tab-80d099f5272670f8ee0\" href=\"#tab-80d099f5272670f8ee0\"><h4 class=\"fusion-tab-heading\">DGH -Clubhaus- Gallmannsweil<\/h4><\/a><\/li><\/ul><\/div><div class=\"tab-pane fade fusion-clearfix\" role=\"tabpanel\" tabindex=\"0\" aria-labelledby=\"fusion-tab-80d099f5272670f8ee0\" id=\"tab-80d099f5272670f8ee0\"><div id=\"attachment_1166\" style=\"width: 210px\" class=\"wp-caption alignleft\"><img decoding=\"async\" aria-describedby=\"caption-attachment-1166\" class=\"wp-image-1166 size-200\" src=\"https:\/\/muehlingen.de\/wordpress_01\/wp-content\/uploads\/Clubheim-SVG-200x133.gif\" alt=\"Clubhaus SV Gallmannsweil\" width=\"200\" height=\"133\" srcset=\"https:\/\/muehlingen.de\/wordpress_01\/wp-content\/uploads\/Clubheim-SVG-200x133.gif 200w, https:\/\/muehlingen.de\/wordpress_01\/wp-content\/uploads\/Clubheim-SVG-300x200.gif 300w, https:\/\/muehlingen.de\/wordpress_01\/wp-content\/uploads\/Clubheim-SVG-400x267.gif 400w, https:\/\/muehlingen.de\/wordpress_01\/wp-content\/uploads\/Clubheim-SVG-600x400.gif 600w, https:\/\/muehlingen.de\/wordpress_01\/wp-content\/uploads\/Clubheim-SVG-768x512.gif 768w, https:\/\/muehlingen.de\/wordpress_01\/wp-content\/uploads\/Clubheim-SVG-800x533.gif 800w\" sizes=\"(max-width: 200px) 100vw, 200px\" \/><p id=\"caption-attachment-1166\" class=\"wp-caption-text\">Foto: Gemeinde M\u00fchlingen<\/p><\/div>\n<p><strong><b>Clubhaus SV Gallmannsweil<br \/><\/b><\/strong><b>Dorfgemeinschaftshaus Gallmannsweil<\/b><br \/>78357 M\u00fchlingen-Gallmannsweil<\/p>\n<p>Das Clubhaus SV Gallmannsweil kann bei der Gemeindeverwaltung f\u00fcr Veranstaltungen angemietet werden.&nbsp;<\/p>\n<p>Der erforderliche Benutzungsantrag steht im B\u00fcrgerbereich\/Formularvorlagen zur Verf\u00fcgung.&nbsp;<\/p>\n<h3>&nbsp;<\/h3>\n<\/div><\/div><\/div><div class=\"fusion-clearfix\"><\/div><\/div><\/div><\/div><\/div>\n","protected":false},"excerpt":{"rendered":"","protected":false},"author":1,"featured_media":0,"parent":0,"menu_order":0,"comment_status":"closed","ping_status":"closed","template":"","meta":{"footnotes":""},"class_list":["post-1162","page","type-page","status-publish","hentry"],"publishpress_future_action":{"enabled":false,"date":"2026-05-06 21:28:01","action":"change-status","newStatus":"draft","terms":[],"taxonomy":"","extraData":[]},"publishpress_future_workflow_manual_trigger":{"enabledWorkflows":[]},"_links":{"self":[{"href":"https:\/\/muehlingen.de\/index.php?rest_route=\/wp\/v2\/pages\/1162","targetHints":{"allow":["GET"]}}],"collection":[{"href":"https:\/\/muehlingen.de\/index.php?rest_route=\/wp\/v2\/pages"}],"about":[{"href":"https:\/\/muehlingen.de\/index.php?rest_route=\/wp\/v2\/types\/page"}],"author":[{"embeddable":true,"href":"https:\/\/muehlingen.de\/index.php?rest_route=\/wp\/v2\/users\/1"}],"replies":[{"embeddable":true,"href":"https:\/\/muehlingen.de\/index.php?rest_route=%2Fwp%2Fv2%2Fcomments&post=1162"}],"version-history":[{"count":49,"href":"https:\/\/muehlingen.de\/index.php?rest_route=\/wp\/v2\/pages\/1162\/revisions"}],"predecessor-version":[{"id":7293,"href":"https:\/\/muehlingen.de\/index.php?rest_route=\/wp\/v2\/pages\/1162\/revisions\/7293"}],"wp:attachment":[{"href":"https:\/\/muehlingen.de\/index.php?rest_route=%2Fwp%2Fv2%2Fmedia&parent=1162"}],"curies":[{"name":"wp","href":"https:\/\/api.w.org\/{rel}","templated":true}]}}