{"id":1567,"date":"2018-11-14T19:48:14","date_gmt":"2018-11-14T18:48:14","guid":{"rendered":"https:\/\/muehlingen.de\/wordpress_01\/?page_id=1567"},"modified":"2018-11-19T19:35:02","modified_gmt":"2018-11-19T18:35:02","slug":"wanderwege","status":"publish","type":"page","link":"https:\/\/muehlingen.de\/?page_id=1567","title":{"rendered":"Wanderwege"},"content":{"rendered":"<p><div class=\"fusion-fullwidth fullwidth-box fusion-builder-row-1 nonhundred-percent-fullwidth non-hundred-percent-height-scrolling fusion-equal-height-columns\" style=\"--awb-border-radius-top-left:0px;--awb-border-radius-top-right:0px;--awb-border-radius-bottom-right:0px;--awb-border-radius-bottom-left:0px;--awb-flex-wrap:wrap;\" ><div class=\"fusion-builder-row fusion-row\"><div class=\"fusion-layout-column fusion_builder_column fusion-builder-column-0 fusion_builder_column_1_3 1_3 fusion-one-third fusion-column-first\" style=\"--awb-padding-top:25px;--awb-padding-right:25px;--awb-padding-bottom:25px;--awb-padding-left:25px;--awb-bg-color:#f6f6f6;--awb-bg-color-hover:#f6f6f6;--awb-bg-size:cover;--awb-border-color:#d6d6d6;--awb-border-top:1px;--awb-border-right:1px;--awb-border-bottom:1px;--awb-border-left:1px;--awb-border-style:solid;width:33.333333333333%;width:calc(33.333333333333% - ( ( 4% ) * 0.33333333333333 ) );margin-right: 4%;\"><div class=\"fusion-column-wrapper fusion-flex-column-wrapper-legacy\"><div class=\"fusion-title title fusion-title-1 fusion-title-text fusion-title-size-two\" style=\"--awb-text-color:#333333;--awb-margin-top-small:0px;--awb-margin-right-small:0px;--awb-margin-bottom-small:20px;--awb-margin-left-small:0px;--awb-sep-color:#333333;--awb-font-size:32px;\"><h2 class=\"fusion-title-heading title-heading-left fusion-responsive-typography-calculated\" style=\"margin:0;font-size:1em;--fontSize:32;line-height:1.5;\">Touristische F\u00fchrungen<\/h2><span class=\"awb-title-spacer\"><\/span><div class=\"title-sep-container\"><div class=\"title-sep sep-single sep-solid\" style=\"border-color:#333333;\"><\/div><\/div><\/div><div class=\"fusion-text fusion-text-1\"><div>Sie machen in unserer Region Urlaub oder wollen Ihren privaten G\u00e4sten etwas Besonderes bieten.<\/div>\n<div class=\"reading-box-description fusion-reading-box-additional\">Ob Schwackenreuter Seenplatte oder andere Strecken in unserer Region Bodenseeland, zertifizierte Bodenseeguides k\u00f6nnen Sie f\u00fchren.<\/div>\n<div class=\"reading-box-description fusion-reading-box-additional\">Vereinbaren Sie das Weitere mit unseren Guides.<\/div>\n<\/div><div class=\"fusion-title title fusion-title-2 fusion-sep-none fusion-title-text fusion-title-size-three\" style=\"--awb-text-color:#333333;--awb-margin-top:10%;--awb-margin-top-small:0px;--awb-margin-right-small:0px;--awb-margin-bottom-small:20px;--awb-margin-left-small:0px;--awb-sep-color:#333333;--awb-font-size:24px;\"><h3 class=\"fusion-title-heading title-heading-left fusion-responsive-typography-calculated\" style=\"margin:0;font-size:1em;--fontSize:24;line-height:1.5;\">Bodenseeguides<\/h3><\/div><div class=\"fusion-content-boxes content-boxes columns row fusion-columns-1 fusion-columns-total-2 fusion-content-boxes-1 content-boxes-icon-with-title content-left\" style=\"--awb-iconcolor:#67c100;--awb-margin-top:5%;--awb-hover-accent-color:#f6f6f6;--awb-circle-hover-accent-color:#f6f6f6;--awb-item-margin-bottom:40px;\" data-animationOffset=\"top-into-view\"><div style=\"--awb-backgroundcolor:transparent;--awb-iconcolor:#67c100;\" class=\"fusion-column content-box-column content-box-column content-box-column-1 col-lg-12 col-md-12 col-sm-12 fusion-content-box-hover content-box-column-last-in-row\"><div class=\"col content-box-wrapper content-wrapper link-area-link-icon icon-hover-animation-fade\" data-animationOffset=\"top-into-view\"><div class=\"heading heading-with-icon icon-left\"><div aria-hidden=\"true\" class=\"image\"><img decoding=\"async\" src=\"https:\/\/muehlingen.de\/wordpress_01\/wp-content\/uploads\/Steinmann-Klaus.jpg\" width=\"150\" height=\"112.5\" alt=\"\" \/><\/div><h4 class=\"content-box-heading fusion-responsive-typography-calculated\" style=\"--h4_typography-font-size:16px;--fontSize:16;line-height:1.5;\">Klaus Steinmann<\/h4><\/div><div class=\"fusion-clearfix\"><\/div><div class=\"content-container\">\n<p>Tel. 07775 538<br \/>\n<a href=\"mailto:steinmann-k@t-online.de\">steinmann-k@t-online.de<\/a><\/p>\n<\/div><\/div><\/div><div style=\"--awb-backgroundcolor:transparent;--awb-iconcolor:#67c100;\" class=\"fusion-column content-box-column content-box-column content-box-column-2 col-lg-12 col-md-12 col-sm-12 fusion-content-box-hover content-box-column-last content-box-column-last-in-row\"><div class=\"col content-box-wrapper content-wrapper link-area-link-icon icon-hover-animation-fade\" data-animationOffset=\"top-into-view\"><div class=\"heading heading-with-icon icon-left\"><div class=\"icon\"><i style=\"border-color:#333333;border-width:0px;background-color:#f6f6f6;box-sizing:content-box;height:160px;width:160px;line-height:160px;border-radius:50%;font-size:80px;\" aria-hidden=\"true\" class=\"fontawesome-icon fa-hiking fas circle-yes fa-flip-horizontal fa-rotate-180\"><\/i><\/div><h4 class=\"content-box-heading fusion-responsive-typography-calculated\" style=\"--h4_typography-font-size:16px;--fontSize:16;line-height:1.5;\">Heide Walle<\/h4><\/div><div class=\"fusion-clearfix\"><\/div><div class=\"content-container\">\n<p>mobil 0176 23112530<\/p>\n<\/div><\/div><\/div><div class=\"fusion-clearfix\"><\/div><\/div><div class=\"fusion-clearfix\"><\/div><\/div><\/div><div class=\"fusion-layout-column fusion_builder_column fusion-builder-column-1 fusion_builder_column_2_3 2_3 fusion-two-third fusion-column-last\" style=\"--awb-padding-top:25px;--awb-padding-right:25px;--awb-padding-bottom:25px;--awb-padding-left:25px;--awb-bg-color:#f6f6f6;--awb-bg-color-hover:#f6f6f6;--awb-bg-size:cover;--awb-border-color:#d6d6d6;--awb-border-top:1px;--awb-border-right:1px;--awb-border-bottom:1px;--awb-border-left:1px;--awb-border-style:solid;width:66.666666666667%;width:calc(66.666666666667% - ( ( 4% ) * 0.66666666666667 ) );\"><div class=\"fusion-column-wrapper fusion-flex-column-wrapper-legacy\"><div class=\"fusion-image-carousel fusion-image-carousel-fixed fusion-image-carousel-1 fusion-no-small-visibility lightbox-enabled fusion-carousel-border\"><div class=\"awb-carousel awb-swiper awb-swiper-carousel awb-carousel--carousel awb-swiper-dots-position-bottom\" data-layout=\"carousel\" data-autoplay=\"yes\" data-autoplayspeed=\"2500\" data-autoplaypause=\"no\" data-loop=\"yes\" data-columns=\"6\" data-columnsmedium=\"1\" data-columnssmall=\"1\" data-itemmargin=\"10\" data-itemwidth=\"180\" data-touchscroll=\"no\" data-freemode=\"no\" data-imagesize=\"fixed\" data-scrollitems=\"0\" data-centeredslides=\"no\" data-rotationangle=\"50\" data-depth=\"100\" data-speed=\"500\" data-shadow=\"no\" data-pagination=\"bullets\" style=\"--awb-columns:6;--awb-column-spacing:10px;--awb-border-width:1px;--awb-border-color:#e9eaee;\"><div class=\"swiper-wrapper awb-image-carousel-wrapper fusion-flex-align-items-center\"><div class=\"swiper-slide\"><div class=\"fusion-carousel-item-wrapper\"><div class=\"fusion-image-wrapper hover-type-liftup\"><a data-rel=\"iLightbox[image_carousel_1]\" data-title=\"Hausen im Donautal\" aria-label=\"Hausen im Donautal\" href=\"https:\/\/muehlingen.de\/wordpress_01\/wp-content\/uploads\/Hausen-im-Donautal_800x600.jpg\" target=\"_self\"><img decoding=\"async\" width=\"320\" height=\"202\" src=\"https:\/\/muehlingen.de\/wordpress_01\/wp-content\/uploads\/Hausen-im-Donautal_800x600-320x202.jpg\" class=\"attachment-blog-medium size-blog-medium\" alt=\"\" \/><\/a><\/div><\/div><\/div><div class=\"swiper-slide\"><div class=\"fusion-carousel-item-wrapper\"><div class=\"fusion-image-wrapper hover-type-liftup\"><a data-rel=\"iLightbox[image_carousel_1]\" data-title=\"Seenplatte\" aria-label=\"Seenplatte\" href=\"https:\/\/muehlingen.de\/wordpress_01\/wp-content\/uploads\/Seenplatte_800x600.png\" target=\"_self\"><img decoding=\"async\" width=\"320\" height=\"202\" src=\"https:\/\/muehlingen.de\/wordpress_01\/wp-content\/uploads\/Seenplatte_800x600-320x202.png\" class=\"attachment-blog-medium size-blog-medium\" alt=\"\" \/><\/a><\/div><\/div><\/div><div class=\"swiper-slide\"><div class=\"fusion-carousel-item-wrapper\"><div class=\"fusion-image-wrapper hover-type-liftup\"><a data-rel=\"iLightbox[image_carousel_1]\" data-caption=\"Heidenh\u00f6hlen Zizenhausen\" data-title=\"Heidenh\u00f6hlen\" aria-label=\"Heidenh\u00f6hlen\" href=\"https:\/\/muehlingen.de\/wordpress_01\/wp-content\/uploads\/Heidenhoehlen_800x600.jpg\" target=\"_self\"><img decoding=\"async\" width=\"320\" height=\"202\" src=\"https:\/\/muehlingen.de\/wordpress_01\/wp-content\/uploads\/Heidenhoehlen_800x600-320x202.jpg\" class=\"attachment-blog-medium size-blog-medium\" alt=\"\" \/><\/a><\/div><\/div><\/div><\/div><div class=\"awb-swiper-button awb-swiper-button-prev\"><i class=\"awb-icon-angle-left\" aria-hidden=\"true\"><\/i><\/div><div class=\"awb-swiper-button awb-swiper-button-next\"><i class=\"awb-icon-angle-right\" aria-hidden=\"true\"><\/i><\/div><\/div><\/div><div class=\"fusion-title title fusion-title-3 fusion-title-text fusion-title-size-two\" style=\"--awb-text-color:#333333;--awb-margin-top-small:0px;--awb-margin-right-small:0px;--awb-margin-bottom-small:20px;--awb-margin-left-small:0px;--awb-sep-color:#333333;--awb-font-size:32px;\"><h2 class=\"fusion-title-heading title-heading-left fusion-responsive-typography-calculated\" style=\"margin:0;font-size:1em;--fontSize:32;line-height:1.5;\">Rundwege M\u00fchlingen<\/h2><span class=\"awb-title-spacer\"><\/span><div class=\"title-sep-container\"><div class=\"title-sep sep-single sep-solid\" style=\"border-color:#333333;\"><\/div><\/div><\/div><div class=\"fusion-text fusion-text-2\"><p><a href=\"https:\/\/muehlingen.de\/wordpress_01\/wp-content\/uploads\/ww_muhlingen.pdf\" target=\"_blank\" rel=\"noopener\"><img decoding=\"async\" class=\"wp-image-1586 size-thumbnail alignnone\" src=\"https:\/\/muehlingen.de\/wordpress_01\/wp-content\/uploads\/ww_muhlingen-150x150.png\" alt=\"\" width=\"150\" height=\"150\" srcset=\"https:\/\/muehlingen.de\/wordpress_01\/wp-content\/uploads\/ww_muhlingen-66x66.png 66w, https:\/\/muehlingen.de\/wordpress_01\/wp-content\/uploads\/ww_muhlingen-150x150.png 150w\" sizes=\"(max-width: 150px) 100vw, 150px\" \/><\/a><\/p>\n<p style=\"text-align: left;\">alle Rundwanderwege auf einen Blick <a href=\"https:\/\/muehlingen.de\/wordpress_01\/wp-content\/uploads\/ww_muhlingen.pdf\" target=\"_blank\" rel=\"noopener\">[&#8230;]<\/a><\/p>\n<p>Hinweis: Die Markierung <strong>P<\/strong> ist ein Parkvorschlag ohne Ausschilderung<\/p>\n<\/div><div class=\"accordian fusion-accordian\" style=\"--awb-border-size:1px;--awb-icon-size:13px;--awb-content-font-size:12px;--awb-icon-alignment:left;--awb-hover-color:#f9f9f9;--awb-border-color:#d6d6d6;--awb-background-color:#ffffff;--awb-divider-color:#e0dede;--awb-divider-hover-color:#e0dede;--awb-icon-color:#ffffff;--awb-title-color:#000000;--awb-content-color:#000000;--awb-icon-box-color:#333333;--awb-toggle-hover-accent-color:#f44336;--awb-title-font-family:Arial, Helvetica, sans-serif;--awb-title-font-weight:700;--awb-title-font-style:normal;--awb-title-font-size:13px;--awb-content-font-family:Arial, Helvetica, sans-serif;--awb-content-font-style:normal;--awb-content-font-weight:400;\"><div class=\"panel-group fusion-toggle-icon-boxed\" id=\"accordion-1567-1\"><div class=\"fusion-panel panel-default panel-6b79235110e6e484e fusion-toggle-no-divider fusion-toggle-boxed-mode\"><div class=\"panel-heading\"><h4 class=\"panel-title toggle\" id=\"toggle_6b79235110e6e484e\"><a aria-expanded=\"false\" aria-controls=\"6b79235110e6e484e\" role=\"button\" data-toggle=\"collapse\" data-target=\"#6b79235110e6e484e\" href=\"#6b79235110e6e484e\"><span class=\"fusion-toggle-icon-wrapper\" aria-hidden=\"true\"><i class=\"fa-fusion-box active-icon awb-icon-minus\" aria-hidden=\"true\"><\/i><i class=\"fa-fusion-box inactive-icon awb-icon-plus\" aria-hidden=\"true\"><\/i><\/span><span class=\"fusion-toggle-heading\">(1) Schindelwaldrundweg<\/span><\/a><\/h4><\/div><div id=\"6b79235110e6e484e\" class=\"panel-collapse collapse \" aria-labelledby=\"toggle_6b79235110e6e484e\"><div class=\"panel-body toggle-content fusion-clearfix\">\n<p><b><\/b>Gehzeit ca. 2 Std., Routenl\u00e4nge ca. 7 km.<\/p>\n<p>Der Schindelwaldrundweg befindet sich in einem der gr\u00f6\u00dften zusammenh\u00e4ngenden Waldgebiete der Region. Sie erleben Waldbotanik in vielf\u00e4ltiger Weise. Man kann sich im Schindelwald mal schnell verlaufen.\u00a0 Also bitte die Orientierung nie verlieren.<\/p>\n<p>Vorschlag zum Einstieg: Parken auf dem Friedhofsparkplatz Gallmannsweil<\/p>\n<p>Von dort aus haben Sie bereits einen hervorragenden Rundumblick. Sie wenden sich Richtung Kreisstra\u00dfe, dann links auf die Kreisstra\u00dfe abbiegen. Nach einem kurzen St\u00fcck an der Kreisstra\u00dfe biegen Sie den erstm\u00f6glichen Weg nach rechts ab. Am Geb\u00e4ude der Pumpstation Gerhardsbrunnen gehen Sie weiter gerade aus, knappe 2,5 Kilometer, und Sie stehen vor der Schindelwaldh\u00fctte inmitten einer gr\u00f6\u00dferen Lichtung bei einer Wegkreuzung.<br \/>\nSie biegen vor der Schindelwaldh\u00fctte nach rechts ab und folgen dem Hauptweg knappe 1,5 Kilometer bis zur gro\u00dfen Waldwegkreuzung. Dort gehen Sie rechts weiter, immer dem Hauptweg entlang, bis zur Kreisstra\u00dfe. Sie queren die Kreisstra\u00dfe und erreichen \u00fcber die Bergkuppe wieder Gallmannsweil. Im Ort ankommen biegen Sie rechts ab und gehen die Waldga\u00df hoch wieder bis zum Friedhofsparkplatz.<\/p>\n<p>Wanderkarte Rundweg (1) Schindelwald <a href=\"https:\/\/muehlingen.de\/wordpress_01\/wp-content\/uploads\/ww_schindelwald.pdf\" target=\"_blank\" rel=\"noopener\">[&#8230;]<\/a><\/p>\n<\/div><\/div><\/div><div class=\"fusion-panel panel-default panel-7a83522e88f7b5cd0 fusion-toggle-no-divider fusion-toggle-boxed-mode\"><div class=\"panel-heading\"><h4 class=\"panel-title toggle\" id=\"toggle_7a83522e88f7b5cd0\"><a aria-expanded=\"false\" aria-controls=\"7a83522e88f7b5cd0\" role=\"button\" data-toggle=\"collapse\" data-target=\"#7a83522e88f7b5cd0\" href=\"#7a83522e88f7b5cd0\"><span class=\"fusion-toggle-icon-wrapper\" aria-hidden=\"true\"><i class=\"fa-fusion-box active-icon awb-icon-minus\" aria-hidden=\"true\"><\/i><i class=\"fa-fusion-box inactive-icon awb-icon-plus\" aria-hidden=\"true\"><\/i><\/span><span class=\"fusion-toggle-heading\">(2) Rundweg um den Gerhardsbrunnen<\/span><\/a><\/h4><\/div><div id=\"7a83522e88f7b5cd0\" class=\"panel-collapse collapse \" aria-labelledby=\"toggle_7a83522e88f7b5cd0\"><div class=\"panel-body toggle-content fusion-clearfix\">\n<p><b><\/b>Gehzeit ca. 1 Std., Routenl\u00e4nge ca. 4,7 km.<\/p>\n<p>Auf dem Gerhardsbrunnenrundweg bewegen Sie sich meist im Wasserschutzgebiet eines Brunnes. Sein Reiz besteht im schnellen Wechsel von Wald- und Feldfl\u00e4chen.<\/p>\n<p>Vorschlag zum Einstieg: Parken auf dem Friedhofsparkplatz Gallmannsweil<\/p>\n<p>Von dort aus haben Sie bereits einen hervorragenden Rundumblick. Sie gehen Richtung Kreisstra\u00dfe, dann links in die Kreisstra\u00dfe abbiegen. Nach einer kurzen Strecke auf der Kreisstra\u00dfe in den erstm\u00f6glichen Weg nach rechts abbiegen. Bei der Weggabelung an der Pumpstation Gerhardsbrunnen nach links abbiegen und immer geradeaus weitergehen. An der ersten Wegkreuzung nach links. Nach der Hochspannungsleitung an der n\u00e4chsten Wegkreuzung links und nach einem kurzen St\u00fcck wieder links. Nach ca. 200 Meter kommen Sie aus dem Wald heraus und gehen weiter am Waldrand bis zur Kreisstra\u00dfe. Diese queren und gleich darauf rechts ab. An der n\u00e4chsten Kreisstra\u00dfe entlang gehen Sie weiter nach Gallmannsweil bis zum Gasthaus Krone. Dort biegen Sie links ab in die Waldga\u00df und gehen auf dieser Stra\u00dfe weiter bis zum Friedhofsparkplatz.zur\u00fcck zum Ausgangspunkt.<\/p>\n<p>Wanderkarte Rundweg (2) Gerhardsbrunnen <a href=\"https:\/\/muehlingen.de\/wordpress_01\/wp-content\/uploads\/ww_gerhardsbrunnen.pdf\" target=\"_blank\" rel=\"noopener\">[&#8230;]<\/a><\/p>\n<\/div><\/div><\/div><div class=\"fusion-panel panel-default panel-1808fc938ead3acaa fusion-toggle-no-divider fusion-toggle-boxed-mode\"><div class=\"panel-heading\"><h4 class=\"panel-title toggle\" id=\"toggle_1808fc938ead3acaa\"><a aria-expanded=\"false\" aria-controls=\"1808fc938ead3acaa\" role=\"button\" data-toggle=\"collapse\" data-target=\"#1808fc938ead3acaa\" href=\"#1808fc938ead3acaa\"><span class=\"fusion-toggle-icon-wrapper\" aria-hidden=\"true\"><i class=\"fa-fusion-box active-icon awb-icon-minus\" aria-hidden=\"true\"><\/i><i class=\"fa-fusion-box inactive-icon awb-icon-plus\" aria-hidden=\"true\"><\/i><\/span><span class=\"fusion-toggle-heading\">(3) Rundweg Hecheln und Hechler Wald<\/span><\/a><\/h4><\/div><div id=\"1808fc938ead3acaa\" class=\"panel-collapse collapse \" aria-labelledby=\"toggle_1808fc938ead3acaa\"><div class=\"panel-body toggle-content fusion-clearfix\">\n<p><b><\/b>Gehzeit ca. 2,5 Std., Routenl\u00e4nge ca. 9,5 km.<\/p>\n<p>Der Weg bietet an vielen Stellen weite Ausblicke in die Landschaft. Bei F\u00f6hnwetter sieht man das Alpenpanorama. Hier kann viel freie Naturfl\u00e4che und landwirtschaftlich gepr\u00e4gte Kulturlandschaft genossen werden.<\/p>\n<p>Vorschlag zum Einstieg: Parken im Gartenweg in Gallmannsweil<\/p>\n<p>Sie gehen auf dem Gehweg Richtung Ortsausgang ein kurzes St\u00fcck an der Kreisstra\u00dfe entlang<br \/>\nund biegen am Schild Hecheln links ab. Gerade aus Richtung Wald halten und dann am Unterweitfelderhof vorbei durch den Glash\u00fcttenhof. Sie bleiben die ganze Zeit auf dem Hauptweg.<br \/>\nWenn Sie im Hechler Wald auf die gro\u00dfe freie Lichtungsfl\u00e4che gelangen, spazieren Sie weiter auf der Gemeindeverbindungsstra\u00dfe bis zur n\u00e4chsten Abzweigung und richten sich nach dem Schild \u201eGeh\u00f6ftstra\u00dfe\u201c.\u00a0 Sie gehen auf der Geh\u00f6ftstra\u00dfe weiter bis oberhalb Bushof. Dort biegen Sie rechts ab und kommen weiter durch das \u00c4u\u00dfere Hecheln. An der Kapelle vorbei Richtung Gallmannsweil zur\u00fcck zum Ausgangspunkt.<\/p>\n<p>Wanderkarte Rundweg (3) Hecheln <a href=\"https:\/\/muehlingen.de\/wordpress_01\/wp-content\/uploads\/ww_hecheln.pdf\" target=\"_blank\" rel=\"noopener\">[&#8230;]<\/a><\/p>\n<\/div><\/div><\/div><div class=\"fusion-panel panel-default panel-a3f64f6cef5203d9a fusion-toggle-no-divider fusion-toggle-boxed-mode\"><div class=\"panel-heading\"><h4 class=\"panel-title toggle\" id=\"toggle_a3f64f6cef5203d9a\"><a aria-expanded=\"false\" aria-controls=\"a3f64f6cef5203d9a\" role=\"button\" data-toggle=\"collapse\" data-target=\"#a3f64f6cef5203d9a\" href=\"#a3f64f6cef5203d9a\"><span class=\"fusion-toggle-icon-wrapper\" aria-hidden=\"true\"><i class=\"fa-fusion-box active-icon awb-icon-minus\" aria-hidden=\"true\"><\/i><i class=\"fa-fusion-box inactive-icon awb-icon-plus\" aria-hidden=\"true\"><\/i><\/span><span class=\"fusion-toggle-heading\">(4) Rundweg Drei Lerchen - Reichlinshardt - Haldenhof<\/span><\/a><\/h4><\/div><div id=\"a3f64f6cef5203d9a\" class=\"panel-collapse collapse \" aria-labelledby=\"toggle_a3f64f6cef5203d9a\"><div class=\"panel-body toggle-content fusion-clearfix\">\n<p><b><\/b>Gehzeit ca. 0,75 Std., Routenl\u00e4nge ca. 3 km.<\/p>\n<p>Der Weg bietet aus verschiedenen Richtungen Blicke auf das Dorf M\u00fchlingen.<\/p>\n<p>Vorschlag zum Einstieg: Parken hinter der Schlo\u00dfb\u00fchlhalle an der Stra\u00dfe Drei-Lerchen.<\/p>\n<p>Sie wandern entlang des Wirtschaftsweges. Nach 500 Metern biegen Sie links ab und gehen weiter bis zum Wald, dort halten Sie sich rechts und gehen um den Waldsaum, blicken nach links auf das Geh\u00f6ft Reichlinshardt und wandern weiter bis Sie in den Wald kommen. Es geht weiter bis zur Trafostation, biegen Sie dort nach links ab, spazieren den Weg talw\u00e4rts rund 150 Meter, biegen wieder nach links ab und gehen durch das Anwesen Haldenhof. Im Wald nehmen Sie den ersten Weg nach links und wandern weiter gerade auf den Waldwanderweg und weiter gerade aus bis zum Waldeck Salach. Dort sehen Sie wieder das Dorf M\u00fchlingen und gehen den asphaltierten Wirtschaftsweg bis ins Tal. Kurz nach dem Ortseingang sehen Sie wieder die Schlo\u00dfb\u00fchlhalle auf der linken Seite.<\/p>\n<p>Wanderkarte Rundweg (4) Reichlinshardt <a href=\"https:\/\/muehlingen.de\/wordpress_01\/wp-content\/uploads\/ww_reichlinshardt.pdf\" target=\"_blank\" rel=\"noopener\">[&#8230;]<\/a><\/p>\n<\/div><\/div><\/div><div class=\"fusion-panel panel-default panel-afd65fe477166d85e fusion-toggle-no-divider fusion-toggle-boxed-mode\"><div class=\"panel-heading\"><h4 class=\"panel-title toggle\" id=\"toggle_afd65fe477166d85e\"><a aria-expanded=\"false\" aria-controls=\"afd65fe477166d85e\" role=\"button\" data-toggle=\"collapse\" data-target=\"#afd65fe477166d85e\" href=\"#afd65fe477166d85e\"><span class=\"fusion-toggle-icon-wrapper\" aria-hidden=\"true\"><i class=\"fa-fusion-box active-icon awb-icon-minus\" aria-hidden=\"true\"><\/i><i class=\"fa-fusion-box inactive-icon awb-icon-plus\" aria-hidden=\"true\"><\/i><\/span><span class=\"fusion-toggle-heading\">(5) Gro\u00dfe Wanderroute M\u00fchlingen \u2013 Bremerberg- Notzenbergerhof<\/span><\/a><\/h4><\/div><div id=\"afd65fe477166d85e\" class=\"panel-collapse collapse \" aria-labelledby=\"toggle_afd65fe477166d85e\"><div class=\"panel-body toggle-content fusion-clearfix\">\n<p><b><\/b>Gehzeit ca. 2,5 Std. Routenl\u00e4nge 9,6 km<\/p>\n<p>Die leicht unterhalb des Bremerbergs beginnende Wanderroute hat ihren eigenen Reiz. Wald- und freie Feldfl\u00e4chen wechseln sich ab.<br \/>\nSie parken an der Gemeindeverbindungsstra\u00dfe am W\u00e4ldchen Aspen oberhalb des Friedhofs M\u00fchlingen.<\/p>\n<p>Sie biegen links in den Wald ab und gehen alles gerade aus bis sie, aus dem Wald kommend, wieder einen geteerten Wirtschaftsweg erreichen. Dort rechts auf dem Wirtschaftsweg ca. 500 Meter weiter und dann dem links abbiegenden Feldweg folgend in den Wald. Dort weiter bis zur Senke, dann links abbiegen. Nach ca. 100 Meter sehen Sie rechts 2 rote Markierungen an B\u00e4umen. Dort biegen Sie nach rechts in den Waldtrampelpfad ab. Sie kommen nach ca. 100 Metern an das Talb\u00e4chlein im Wald, \u00fcberqueren die Betonbr\u00fcckenplatten und folgen dem nun steil ansteigendem Pfad bis zum Waldrand. Am Waldrand angekommen, biegen Sie nach links ab und gehen auf dem angetriebenen Wiesenwaldrandweg weiter. Nach ca. 500 Metern folgt dieser scharf links dem Waldrand. Sie am Waldrand weiter bis zum Feldkreuz \u201eAntichrist\u201c an der Kreisstra\u00dfe. Sie biegen sofort nach links in den bitumin\u00f6s befestigten Wirtschaftsweg ab und schon nach rund 100 Metern gleich wieder nach links. Sie gehen \u00fcber die Senke und biegen die erstm\u00f6gliche nach links ab, am Waldrand vorbei und steil aufsteigend bis zum n\u00e4chsten Feldhauptweg. Dort wieder links bis in den Wald Gruben, am ehem. Grubenhof vorbei, und folgen dem steil aufsteigenden Waldweg bis zum Waldrand. Dort auf der Anh\u00f6he ankommend nach links in den bitumin\u00f6s befestigten Wirtschaftsweg. Nach ca. 200 Metern wieder rechts in den Wald Aspen zum Ausgangspunkt zur\u00fcck.<\/p>\n<p>Wanderkarte Rundweg (5) Bremerberg <a href=\"https:\/\/muehlingen.de\/wordpress_01\/wp-content\/uploads\/ww_bremerberg.pdf\" target=\"_blank\" rel=\"noopener\">[&#8230;]<\/a><\/p>\n<\/div><\/div><\/div><div class=\"fusion-panel panel-default panel-b091f75da3422409b fusion-toggle-no-divider fusion-toggle-boxed-mode\"><div class=\"panel-heading\"><h4 class=\"panel-title toggle\" id=\"toggle_b091f75da3422409b\"><a aria-expanded=\"false\" aria-controls=\"b091f75da3422409b\" role=\"button\" data-toggle=\"collapse\" data-target=\"#b091f75da3422409b\" href=\"#b091f75da3422409b\"><span class=\"fusion-toggle-icon-wrapper\" aria-hidden=\"true\"><i class=\"fa-fusion-box active-icon awb-icon-minus\" aria-hidden=\"true\"><\/i><i class=\"fa-fusion-box inactive-icon awb-icon-plus\" aria-hidden=\"true\"><\/i><\/span><span class=\"fusion-toggle-heading\">(6) Kleine Wanderroute M\u00fchlingen \u2013 Bremerberg<\/span><\/a><\/h4><\/div><div id=\"b091f75da3422409b\" class=\"panel-collapse collapse \" aria-labelledby=\"toggle_b091f75da3422409b\"><div class=\"panel-body toggle-content fusion-clearfix\">\n<p><b><\/b>Gehzeit ca. 1 Stunde, Routenl\u00e4nge ca. 4,6 km<\/p>\n<p>Der Bremer Berg ist als Aussichtspunkt ein Highlight der Gemeinde.<br \/>\nSie starten entweder auf dem Friedhofsparkplatz und von dort in den Ort bis zur Bergstra\u00dfe oder parken im Str\u00e4\u00dfchen Grubenweg. Der Bergstra\u00dfe folgend biegen Sie nach ca. 200 Metern lang links ab und wandern auf dem parallel zum Hang verlaufenden Feldweg weiter. Wenn Sie einen geteerten Wirtschaftsweg erreichen, biegen Sie links ab, folgen diesem Weg bis zur Gemeindeverbindungsstra\u00dfe. Dort biegen Sie rechts ab und folgen ein kurzes St\u00fcck bis zum W\u00e4ldchen Aspen, biegen dort links in den Wald ab und dann immer geradeaus bis Sie aus dem Wald kommend wieder einen geteerten Wirtschaftsweg erreichen. Dort halten Sie sich rechts und nach ca. 50 Meter gleich wieder links. Sie folgen dem geteerten Weg, erreichen den Hochpunkt mit einem umwerfenden Rundumblick. Sie gehen den Steilhang bergab und biegen am n\u00e4chsten geteerten Wirtschaftsweg links ab und wandern weiter bis zur Kreisstra\u00dfe. Sie \u00fcberqueren die Kreissta\u00dfe, bleiben auf dem Geh- und Radweg bis in den Ort und biegen den erstm\u00f6glichen Weg nach links ab Richtung S\u00e4gm\u00fchle. Nach der Steigung rechts in den Grubenweg, dann gleich wieder links zum Friedhof hoch.<\/p>\n<p>Es lohnt von dort aus der Abstecher auf den Bremer Berg hinaus. Sie folgen in der Verl\u00e4ngerung des Grubenwegs dem ersten geteerten Weg nach links und befinden sich nach ca. 200 Metern auf dem Grillplatz und der Schutzh\u00fctte Bremer Berg.<\/p>\n<p>Wanderkarte Rundweg (6) Bremerberg <a href=\"https:\/\/muehlingen.de\/wordpress_01\/wp-content\/uploads\/ww_bremerberg.pdf\" target=\"_blank\" rel=\"noopener\">[&#8230;]<\/a><\/p>\n<\/div><\/div><\/div><div class=\"fusion-panel panel-default panel-11c2395d3c49a1f5d fusion-toggle-no-divider fusion-toggle-boxed-mode\"><div class=\"panel-heading\"><h4 class=\"panel-title toggle\" id=\"toggle_11c2395d3c49a1f5d\"><a aria-expanded=\"false\" aria-controls=\"11c2395d3c49a1f5d\" role=\"button\" data-toggle=\"collapse\" data-target=\"#11c2395d3c49a1f5d\" href=\"#11c2395d3c49a1f5d\"><span class=\"fusion-toggle-icon-wrapper\" aria-hidden=\"true\"><i class=\"fa-fusion-box active-icon awb-icon-minus\" aria-hidden=\"true\"><\/i><i class=\"fa-fusion-box inactive-icon awb-icon-plus\" aria-hidden=\"true\"><\/i><\/span><span class=\"fusion-toggle-heading\">(7) Rundweg Berenberg - Wolfholz<\/span><\/a><\/h4><\/div><div id=\"11c2395d3c49a1f5d\" class=\"panel-collapse collapse \" aria-labelledby=\"toggle_11c2395d3c49a1f5d\"><div class=\"panel-body toggle-content fusion-clearfix\">\n<p><b><\/b>Gehzeit ca. 0,75 Std., Routenl\u00e4nge ca. 2,8 km.<\/p>\n<p>Wochenends erwartet Sie eine herrlich l\u00e4ndliche ruhige Landschaft.<br \/>\nEs empfiehlt sich die sich die Route an einem Wochenende vorzunehmen, Werktags wird die Schotterstrecke von Kieslastern stark befahren.<\/p>\n<p>Sie starten vor dem Berenberg links am Waldrand, dort k\u00f6nnen sie auch Ihren PKW abstellen. Die Wanderroute f\u00fchrt Sie gut 1 km. auf einem Schotterweg entlang des Waldrandes bis Sie zu einer Weggabelung gelangen bei der Sie scharf rechts abbiegen. Nicht weit danach erreichen Sie den Wolfholzerhof. Sie gehen weiter bis zum Berenberg. Nach dem Ortsende halten Sie sich rechts, an der Bushaltestelle vorbei und werden auch schon gleich den Ausgangspunkt wieder entdecken.<\/p>\n<p>Wanderkarte Rundweg (7) Berenberg <a href=\"https:\/\/muehlingen.de\/wordpress_01\/wp-content\/uploads\/ww_berenberg.pdf\" target=\"_blank\" rel=\"noopener\">[&#8230;]<\/a><\/p>\n<\/div><\/div><\/div><div class=\"fusion-panel panel-default panel-7fb35ff37bcad0471 fusion-toggle-no-divider fusion-toggle-boxed-mode\"><div class=\"panel-heading\"><h4 class=\"panel-title toggle\" id=\"toggle_7fb35ff37bcad0471\"><a aria-expanded=\"false\" aria-controls=\"7fb35ff37bcad0471\" role=\"button\" data-toggle=\"collapse\" data-target=\"#7fb35ff37bcad0471\" href=\"#7fb35ff37bcad0471\"><span class=\"fusion-toggle-icon-wrapper\" aria-hidden=\"true\"><i class=\"fa-fusion-box active-icon awb-icon-minus\" aria-hidden=\"true\"><\/i><i class=\"fa-fusion-box inactive-icon awb-icon-plus\" aria-hidden=\"true\"><\/i><\/span><span class=\"fusion-toggle-heading\">(8) Rundwanderung Sauldorfer Seen<\/span><\/a><\/h4><\/div><div id=\"7fb35ff37bcad0471\" class=\"panel-collapse collapse \" aria-labelledby=\"toggle_7fb35ff37bcad0471\"><div class=\"panel-body toggle-content fusion-clearfix\">\n<p><b><\/b>Gehzeit: ca. 1,5 Stunden, Routenl\u00e4nge ca. 6 km<\/p>\n<p>Die Auskiesung der Sauldorfer Seen wurde von rund 25 Jahren abgeschlossen. Nichts erinnert mehr an den Eingriff. Die Natur hat sich nicht nur erholt, sondern eine einzigartige Seenkette mit reicher Flora und Fauna geschaffen.<\/p>\n<p>Sie parken am besten oberhalb der fr\u00fcheren Bahnlinie Schwackenreute \u2013 Pfullendorf an der Gemeindeverbindungsstra\u00dfe Schwackenreute \u2013 Sauldorf-Roth, die lediglich als Schotterstra\u00dfe ausgebaut ist. Die in Form einer Wegverbreiterung verf\u00fcgbare Parkfl\u00e4che liegt gleich nach der Ablachbr\u00fccke.<\/p>\n<p>Sie beginnen ihre Wanderung und nehmen den Weg, der s\u00fcdlich von einem Graben begleitet wird bis zum Wald und biegen dort gleich nach links ab.\u00a0 Sie gehen den Hauptweg zwei Wegbiegungen weiter. An einer Gabelung ankommend biegen Sie nochmal nach links ab, wandern eine weitere Strecke auf dem Hauptweg weiter und kommen an den Waldrand zu einem bitumin\u00f6s befestigten Wirtschaftsweg, dort wieder links halten. Gleich nach dem \u00dcberqueren der Bahnlinie folgen Sie ca. 1 km dem gerade verlaufenden bitumin\u00f6s befestigten Wirtschaftsweg bis zum Bahnw\u00e4rterh\u00e4uschen. Dort biegen Sie wieder links ab, folgen dem Hauptweg bis zur Ablach, biegen dann rechts ab, \u00fcberqueren die Ablach und gehen weiter an den Waldrand. Dort folgen Sie dem Waldrandweg, der meist nur als angetriebener Wiesenweg sichtbar ist, folgen dem Waldhauptweg bis zur Waldwegkreuzung mit gro\u00dfer Lichtungsfl\u00e4che. Sie biegen links ab. Am Waldrandweg kommen Sie vorbei an einer Waldh\u00fctte, rechts abbiegend folgend Sie dem Hauptweg und sehen bald die Bahnlinie. Sie \u00fcberqueren den Bahn\u00fcbergang, folgen dem Weg bis zur Ablachbr\u00fccke und befinden sich bald wieder auf Ihrem Parkplatz.<\/p>\n<p>Wanderkarte Rundweg (8) Sauldorfer Seen <a href=\"https:\/\/muehlingen.de\/wordpress_01\/wp-content\/uploads\/ww_sauldorferseen.pdf\" target=\"_blank\" rel=\"noopener\">[&#8230;]<\/a><\/p>\n<\/div><\/div><\/div><div class=\"fusion-panel panel-default panel-8a98b903b97da1ae9 fusion-toggle-no-divider fusion-toggle-boxed-mode\"><div class=\"panel-heading\"><h4 class=\"panel-title toggle\" id=\"toggle_8a98b903b97da1ae9\"><a aria-expanded=\"false\" aria-controls=\"8a98b903b97da1ae9\" role=\"button\" data-toggle=\"collapse\" data-target=\"#8a98b903b97da1ae9\" href=\"#8a98b903b97da1ae9\"><span class=\"fusion-toggle-icon-wrapper\" aria-hidden=\"true\"><i class=\"fa-fusion-box active-icon awb-icon-minus\" aria-hidden=\"true\"><\/i><i class=\"fa-fusion-box inactive-icon awb-icon-plus\" aria-hidden=\"true\"><\/i><\/span><span class=\"fusion-toggle-heading\">(9) Rundwanderweg Schwackenreuter Baggerseen \u2013 S\u00fcd<\/span><\/a><\/h4><\/div><div id=\"8a98b903b97da1ae9\" class=\"panel-collapse collapse \" aria-labelledby=\"toggle_8a98b903b97da1ae9\"><div class=\"panel-body toggle-content fusion-clearfix\">\n<p>Gehzeit ca. 1 Std. , Routenl\u00e4nge ca. 4,7 km.<\/p>\n<p>Die Schwackenreuter Seen sind Natur pur. Wildes Leben zeugt von der Kraft der Natur. Dort hat sich eine vielf\u00e4ltige Flora und Fauna aus dem herausgebildet, was der Kiesabbau wunderbare modelliert und uns \u00fcberlassen hat.<br \/>\nDies ist ein Ort zum Verweilen. Hier kann man die Seele baumeln lassen.<\/p>\n<p>Sie parken Ihr Auto auf dem ausgeschilderten Parkplatz.<\/p>\n<p>Die Wanderung geht entlang der Schwackenreuter Seenplatte. Besteigen Sie gleich den ersten Aussichtsturm und genie\u00dfen Sie die phantastische Sicht von oben \u00fcber die Seen. Wenn Sie die Route rechts um die Seen einschlagen, kommt gleich hinter der Abschrankung der \u201eAnglersee\u201c. Am Ufer entlang gehend entdecken Sie mehrere Buchten, die einen besonderen Blick auf den See erlauben. Sie gelangen zur Wasserscheide und sehen auch gleich die Wasser-Skulptur des K\u00fcnstlers Peter Klink. \u00dcber eine kurze Br\u00fccke geht es einen Pfad zwischen zwei Seen weiter und Sie gelangen auf die hintere Seite der Seenplatte. Sie halten sich links und nach wenigen Metern biegen Sie rechts in das Waltere Moor (Forstwald bzw. Eichwald) ein. Nach gut 300 Meter am Ende des Waldweges biegen Sie rechts ab f\u00fcr ca. 250 Meter. An der Weggabelung angelangt, biegen Sie links ab wieder auf einen Waldweg. Nun folgen Sie diesem Weg f\u00fcr ca. 800 Meter bis zur n\u00e4chsten Weggabelung. Sie wandern links weg f\u00fcr weitere 400 Meter bis sie den Schotterweg erreichen. Auf diesem Weg bleiben Sie f\u00fcr ca. 900 Meter. Nun geht es wieder links ab auf den Waldweg. Nach ca. 350 Metern erreichen Sie wieder einen Schotterweg und halten sich links. Nun sind Sie wieder auf der Vorderseite der Seenplatten angelangt. Sie stehen an See 6, dem freigegebenen Badesee. Sie folgen weiter dem Schotterweg f\u00fcr ca. 900 Meter und sie kommen wieder zur\u00fcck zum Ausgangspunkt.<\/p>\n<p>Tipp: Die Wegstrecken im \u201eWaltere Moor (Forst Wald) machen eine Orientierung sehr schwierig. Sehr schnell hat man das Gef\u00fchl, von der Route abgekommen zu sein. Wir empfehlen streng nach Karte zu laufen.<\/p>\n<p>Wanderkarte Rundweg (9) Schwackenreuter Baggerseen <a href=\"https:\/\/muehlingen.de\/wordpress_01\/wp-content\/uploads\/ww_schwackenreuterseen.pdf\" target=\"_blank\" rel=\"noopener\">[&#8230;]<\/a><\/p>\n<\/div><\/div><\/div><div class=\"fusion-panel panel-default panel-3871817d811b38a58 fusion-toggle-no-divider fusion-toggle-boxed-mode\"><div class=\"panel-heading\"><h4 class=\"panel-title toggle\" id=\"toggle_3871817d811b38a58\"><a aria-expanded=\"false\" aria-controls=\"3871817d811b38a58\" role=\"button\" data-toggle=\"collapse\" data-target=\"#3871817d811b38a58\" href=\"#3871817d811b38a58\"><span class=\"fusion-toggle-icon-wrapper\" aria-hidden=\"true\"><i class=\"fa-fusion-box active-icon awb-icon-minus\" aria-hidden=\"true\"><\/i><i class=\"fa-fusion-box inactive-icon awb-icon-plus\" aria-hidden=\"true\"><\/i><\/span><span class=\"fusion-toggle-heading\">(10) Rundwanderweg Zoznegg \u2013 Mindersdorf \u2013 Schachen<\/span><\/a><\/h4><\/div><div id=\"3871817d811b38a58\" class=\"panel-collapse collapse \" aria-labelledby=\"toggle_3871817d811b38a58\"><div class=\"panel-body toggle-content fusion-clearfix\">\n<p><b><\/b>Gehzeit, ca. 1,5 Std., Routenl\u00e4nge ca. 6,5 km.<\/p>\n<p>Herrliche Wanderstrecke inmitten landwirtschaftlich genutzter Fl\u00e4chen mit einem Abstecher an die Schwackenreuter Seenplatte.<\/p>\n<p>Sie starten die Route an der Holzsammelstelle im Schachenwald an der Sie auch Ihr Auto abstellen k\u00f6nnen. Gehen Sie Richtung Zoznegg und biegen Sie nach dem Ortseingang links ab in die Mindersdorfer Stra\u00dfe. Folgen Sie der Stra\u00dfe knappe 2 km und folgen nach den Neuh\u00f6fen ein kurzes St\u00fcck dem Schotterweg. Danach \u00fcberqueren Sie die Kreisstra\u00dfe, und folgen Sie dem abzweigenden Weg bis zum Wald. Die vorhandene Bank l\u00e4dt zu einer kleinen Pause ein, bei der Sie die herrliche Landschaft genie\u00dfen k\u00f6nnen. Nehmen Sie nun den Weg\u00a0 links am Waldrand entlang. Sie kommen nach ca. 600 m zu einer kleinen Weggabelung. Wandern Sie gerade aus weiter und entdecken Sie schon bald den ersten See. Nach dem ersten kleinen See f\u00fchrt sie ein Pfad zur anderen Seite der Seenplatte. Sie halten sich weiter rechts und kommen an der Wasserscheide vorbei, die durch eine Skulptur aufmerksam auf sich macht. Es geht noch ein St\u00fcck geradeaus zum \u201eAnglersee\u201c weiter bis Sie an eine Schranke gelangen, nach der Sie links und gleich nochmal links abbiegen und das erste St\u00fcck am Waldesrand entlang wandern, dann durch den Wald bis zur Kreuzung. Es geht dann nochmals weiter gerade aus durch den Wald zur\u00fcck an die Ausgangsstelle.<\/p>\n<p>Wanderkarte Rundweg (10) Zoznegg <a href=\"https:\/\/muehlingen.de\/wordpress_01\/wp-content\/uploads\/ww_zoznegg.pdf\" target=\"_blank\" rel=\"noopener\">[&#8230;]<\/a><\/p>\n<\/div><\/div><\/div><div class=\"fusion-panel panel-default panel-bf4f96796192f1a75 fusion-toggle-no-divider fusion-toggle-boxed-mode\"><div class=\"panel-heading\"><h4 class=\"panel-title toggle\" id=\"toggle_bf4f96796192f1a75\"><a aria-expanded=\"false\" aria-controls=\"bf4f96796192f1a75\" role=\"button\" data-toggle=\"collapse\" data-target=\"#bf4f96796192f1a75\" href=\"#bf4f96796192f1a75\"><span class=\"fusion-toggle-icon-wrapper\" aria-hidden=\"true\"><i class=\"fa-fusion-box active-icon awb-icon-minus\" aria-hidden=\"true\"><\/i><i class=\"fa-fusion-box inactive-icon awb-icon-plus\" aria-hidden=\"true\"><\/i><\/span><span class=\"fusion-toggle-heading\">(11) Bergholzrundweg<\/span><\/a><\/h4><\/div><div id=\"bf4f96796192f1a75\" class=\"panel-collapse collapse \" aria-labelledby=\"toggle_bf4f96796192f1a75\"><div class=\"panel-body toggle-content fusion-clearfix\">\n<p>Gehzeit, ca.\u00a0 1 Std., Routenl\u00e4nge ca. 4,7 km.<\/p>\n<p>Der Bergholzrundweg ist eine beliebte Strecke f\u00fcr Wanderer, Walker und Jogger. Sie sind fast nie allein und finden meist immer jemanden, den Sie befragen k\u00f6nnen. Auf an Anh\u00f6he im Wald stand einst die Schneckenburg des legend\u00e4ren Grafen Zozo.<\/p>\n<p>Vorschlag zum Einstieg: Parkplatz an der Kreisstra\u00dfe bei der Abzweigung Geigesh\u00f6f.<br \/>\nDer Bergholzrundweg erkl\u00e4rt sich selbst. Sie folgen je nach gew\u00e4hlter Richtung immer dem eindeutig sichtbaren Hauptweg.<\/p>\n<p>Wanderkarte Rundweg (11) Bergholz <a href=\"https:\/\/muehlingen.de\/wordpress_01\/wp-content\/uploads\/ww_bergholz.pdf\" target=\"_blank\" rel=\"noopener\">[&#8230;]<\/a><\/p>\n<\/div><\/div><\/div><\/div><\/div><div class=\"fusion-clearfix\"><\/div><\/div><\/div><\/div><\/div><div class=\"fusion-fullwidth fullwidth-box fusion-builder-row-2 nonhundred-percent-fullwidth non-hundred-percent-height-scrolling fusion-equal-height-columns\" style=\"--awb-border-radius-top-left:0px;--awb-border-radius-top-right:0px;--awb-border-radius-bottom-right:0px;--awb-border-radius-bottom-left:0px;--awb-flex-wrap:wrap;\" ><div class=\"fusion-builder-row fusion-row\"><div class=\"fusion-layout-column fusion_builder_column fusion-builder-column-2 fusion_builder_column_1_3 1_3 fusion-one-third fusion-column-first\" style=\"--awb-bg-size:cover;width:33.333333333333%;width:calc(33.333333333333% - ( ( 4% ) * 0.33333333333333 ) );margin-right: 4%;\"><div class=\"fusion-column-wrapper fusion-flex-column-wrapper-legacy\"><div class=\"fusion-clearfix\"><\/div><\/div><\/div><div class=\"fusion-layout-column fusion_builder_column fusion-builder-column-3 fusion_builder_column_2_3 2_3 fusion-two-third fusion-column-last\" style=\"--awb-padding-top:25px;--awb-padding-right:25px;--awb-padding-bottom:25px;--awb-padding-left:25px;--awb-bg-color:#f6f6f6;--awb-bg-color-hover:#f6f6f6;--awb-bg-size:cover;--awb-border-color:#d6d6d6;--awb-border-top:1px;--awb-border-right:1px;--awb-border-bottom:1px;--awb-border-left:1px;--awb-border-style:solid;width:66.666666666667%;width:calc(66.666666666667% - ( ( 4% ) * 0.66666666666667 ) );\"><div class=\"fusion-column-wrapper fusion-flex-column-wrapper-legacy\"><div class=\"fusion-image-carousel fusion-image-carousel-fixed fusion-image-carousel-2 fusion-no-small-visibility lightbox-enabled fusion-carousel-border\"><div class=\"awb-carousel awb-swiper awb-swiper-carousel awb-carousel--carousel awb-swiper-dots-position-bottom\" data-layout=\"carousel\" data-autoplay=\"yes\" data-autoplayspeed=\"2500\" data-autoplaypause=\"no\" data-loop=\"yes\" data-columns=\"6\" data-columnsmedium=\"1\" data-columnssmall=\"1\" data-itemmargin=\"10\" data-itemwidth=\"180\" data-touchscroll=\"no\" data-freemode=\"no\" data-imagesize=\"fixed\" data-scrollitems=\"0\" data-centeredslides=\"no\" data-rotationangle=\"50\" data-depth=\"100\" data-speed=\"500\" data-shadow=\"no\" data-pagination=\"bullets\" style=\"--awb-columns:6;--awb-column-spacing:10px;--awb-border-width:1px;--awb-border-color:#e9eaee;\"><div class=\"swiper-wrapper awb-image-carousel-wrapper fusion-flex-align-items-center\"><div class=\"swiper-slide\"><div class=\"fusion-carousel-item-wrapper\"><div class=\"fusion-image-wrapper hover-type-liftup\"><a data-rel=\"iLightbox[image_carousel_2]\" data-title=\"Hausen im Donautal\" aria-label=\"Hausen im Donautal\" href=\"https:\/\/muehlingen.de\/wordpress_01\/wp-content\/uploads\/Hausen-im-Donautal_800x600.jpg\" target=\"_self\"><img decoding=\"async\" width=\"320\" height=\"202\" src=\"https:\/\/muehlingen.de\/wordpress_01\/wp-content\/uploads\/Hausen-im-Donautal_800x600-320x202.jpg\" class=\"attachment-blog-medium size-blog-medium\" alt=\"\" \/><\/a><\/div><\/div><\/div><div class=\"swiper-slide\"><div class=\"fusion-carousel-item-wrapper\"><div class=\"fusion-image-wrapper hover-type-liftup\"><a data-rel=\"iLightbox[image_carousel_2]\" data-title=\"Seenplatte\" aria-label=\"Seenplatte\" href=\"https:\/\/muehlingen.de\/wordpress_01\/wp-content\/uploads\/Seenplatte_800x600.png\" target=\"_self\"><img decoding=\"async\" width=\"320\" height=\"202\" src=\"https:\/\/muehlingen.de\/wordpress_01\/wp-content\/uploads\/Seenplatte_800x600-320x202.png\" class=\"attachment-blog-medium size-blog-medium\" alt=\"\" \/><\/a><\/div><\/div><\/div><div class=\"swiper-slide\"><div class=\"fusion-carousel-item-wrapper\"><div class=\"fusion-image-wrapper hover-type-liftup\"><a data-rel=\"iLightbox[image_carousel_2]\" data-caption=\"Heidenh\u00f6hlen Zizenhausen\" data-title=\"Heidenh\u00f6hlen\" aria-label=\"Heidenh\u00f6hlen\" href=\"https:\/\/muehlingen.de\/wordpress_01\/wp-content\/uploads\/Heidenhoehlen_800x600.jpg\" target=\"_self\"><img decoding=\"async\" width=\"320\" height=\"202\" src=\"https:\/\/muehlingen.de\/wordpress_01\/wp-content\/uploads\/Heidenhoehlen_800x600-320x202.jpg\" class=\"attachment-blog-medium size-blog-medium\" alt=\"\" \/><\/a><\/div><\/div><\/div><\/div><div class=\"awb-swiper-button awb-swiper-button-prev\"><i class=\"awb-icon-angle-left\" aria-hidden=\"true\"><\/i><\/div><div class=\"awb-swiper-button awb-swiper-button-next\"><i class=\"awb-icon-angle-right\" aria-hidden=\"true\"><\/i><\/div><\/div><\/div><div class=\"fusion-title title fusion-title-4 fusion-title-text fusion-title-size-two\" style=\"--awb-text-color:#333333;--awb-margin-top-small:0px;--awb-margin-right-small:0px;--awb-margin-bottom-small:20px;--awb-margin-left-small:0px;--awb-sep-color:#333333;--awb-font-size:32px;\"><h2 class=\"fusion-title-heading title-heading-left fusion-responsive-typography-calculated\" style=\"margin:0;font-size:1em;--fontSize:32;line-height:1.5;\">Wanderwege M\u00fchlingen Umland<\/h2><span class=\"awb-title-spacer\"><\/span><div class=\"title-sep-container\"><div class=\"title-sep sep-single sep-solid\" style=\"border-color:#333333;\"><\/div><\/div><\/div><div class=\"accordian fusion-accordian\" style=\"--awb-border-size:1px;--awb-icon-size:13px;--awb-content-font-size:12px;--awb-icon-alignment:left;--awb-hover-color:#f9f9f9;--awb-border-color:#d6d6d6;--awb-background-color:#ffffff;--awb-divider-color:#e0dede;--awb-divider-hover-color:#e0dede;--awb-icon-color:#ffffff;--awb-title-color:#000000;--awb-content-color:#000000;--awb-icon-box-color:#333333;--awb-toggle-hover-accent-color:#f44336;--awb-title-font-family:Arial, Helvetica, sans-serif;--awb-title-font-weight:700;--awb-title-font-style:normal;--awb-title-font-size:13px;--awb-content-font-family:Arial, Helvetica, sans-serif;--awb-content-font-style:normal;--awb-content-font-weight:400;\"><div class=\"panel-group fusion-toggle-icon-boxed\" id=\"accordion-1567-2\"><div class=\"fusion-panel panel-default panel-fc0a396c3471c4a16 fusion-toggle-no-divider fusion-toggle-boxed-mode\"><div class=\"panel-heading\"><h4 class=\"panel-title toggle\" id=\"toggle_fc0a396c3471c4a16\"><a aria-expanded=\"false\" aria-controls=\"fc0a396c3471c4a16\" role=\"button\" data-toggle=\"collapse\" data-target=\"#fc0a396c3471c4a16\" href=\"#fc0a396c3471c4a16\"><span class=\"fusion-toggle-icon-wrapper\" aria-hidden=\"true\"><i class=\"fa-fusion-box active-icon awb-icon-minus\" aria-hidden=\"true\"><\/i><i class=\"fa-fusion-box inactive-icon awb-icon-plus\" aria-hidden=\"true\"><\/i><\/span><span class=\"fusion-toggle-heading\">Ablachtal von den Sauldorfer Baggerseen bis Me\u00dfkirch<\/span><\/a><\/h4><\/div><div id=\"fc0a396c3471c4a16\" class=\"panel-collapse collapse \" aria-labelledby=\"toggle_fc0a396c3471c4a16\"><div class=\"panel-body toggle-content fusion-clearfix\">\n<p><b><\/b>Wandern l\u00e4sst\u00a0 es sich im Ablachtal ohne nennenswerte Steigungen. Die Ablach ist ein s\u00fcdlicher (rechter) Nebenfluss der Donau und entspringt an der Europ\u00e4ischen Hauptwasserscheide, aus der Mindersdorfer Aach und wird \u00fcberdies aus dem benachbarten Moorgebiet der Waltere, der Gemarkung Hohenfels im Landkreis Konstanz, gespeist. Ihre L\u00e4nge betr\u00e4gt rund 36 Kilometer; von den Quellb\u00e4chen bei Hohenfels angerechnet sind es rund 38 Kilometer.<\/p>\n<p>In diesem Gebiet kann man nicht nur herrlich Wandern, sondern auch bequem mit dem Fahrrad die Natur genie\u00dfen. Dieses liebliche Tal ist moderat flach gewellt.<\/p>\n<p>Als Einstieg empfiehlt sich die Gemeindeverbindungsstra\u00dfe Schwackenreute \u2013 Sauldorf\u00a0 in H\u00f6he der Baggerseen.<\/p>\n<\/div><\/div><\/div><div class=\"fusion-panel panel-default panel-d15f374b35299cfcb fusion-toggle-no-divider fusion-toggle-boxed-mode\"><div class=\"panel-heading\"><h4 class=\"panel-title toggle\" id=\"toggle_d15f374b35299cfcb\"><a aria-expanded=\"false\" aria-controls=\"d15f374b35299cfcb\" role=\"button\" data-toggle=\"collapse\" data-target=\"#d15f374b35299cfcb\" href=\"#d15f374b35299cfcb\"><span class=\"fusion-toggle-icon-wrapper\" aria-hidden=\"true\"><i class=\"fa-fusion-box active-icon awb-icon-minus\" aria-hidden=\"true\"><\/i><i class=\"fa-fusion-box inactive-icon awb-icon-plus\" aria-hidden=\"true\"><\/i><\/span><span class=\"fusion-toggle-heading\">Heidenh\u00f6hlen Zizenhausen<\/span><\/a><\/h4><\/div><div id=\"d15f374b35299cfcb\" class=\"panel-collapse collapse \" aria-labelledby=\"toggle_d15f374b35299cfcb\"><div class=\"panel-body toggle-content fusion-clearfix\">\n<p><b><\/b>Dieses Ausflugsziel oberhalb des Stockacher Ortsteils Zizenhausen ist nicht nur ein malerisches Naturschauspiel, es bietet auch eine grandiose Aussicht auf Zizenhausen und das gegen\u00fcberliegende Windegg. Die H\u00f6hlen bestehen aus einer Molasse Schicht, die aus h\u00e4rteren Meeres- und weicheren S\u00fc\u00dfwasserablagerungen der Rheingletscher entstanden ist.<\/p>\n<p>Die Anfahrt erfolgt von Stockach \u00fcber die Kreisstra\u00dfe Richtung Zoznegg. Bei der Berlingersiedlung an der Kreisstra\u00dfe zwischen Stockach und Zoznegg biegt man links ab und f\u00e4hrt hinauf zu einem Parkplatz. Dort beginnt ein Rundweg zu den Heidenh\u00f6hlen.<\/p>\n<\/div><\/div><\/div><div class=\"fusion-panel panel-default panel-41201cd7fd6366482 fusion-toggle-no-divider fusion-toggle-boxed-mode\"><div class=\"panel-heading\"><h4 class=\"panel-title toggle\" id=\"toggle_41201cd7fd6366482\"><a aria-expanded=\"false\" aria-controls=\"41201cd7fd6366482\" role=\"button\" data-toggle=\"collapse\" data-target=\"#41201cd7fd6366482\" href=\"#41201cd7fd6366482\"><span class=\"fusion-toggle-icon-wrapper\" aria-hidden=\"true\"><i class=\"fa-fusion-box active-icon awb-icon-minus\" aria-hidden=\"true\"><\/i><i class=\"fa-fusion-box inactive-icon awb-icon-plus\" aria-hidden=\"true\"><\/i><\/span><span class=\"fusion-toggle-heading\">Heudorfer Ried<\/span><\/a><\/h4><\/div><div id=\"41201cd7fd6366482\" class=\"panel-collapse collapse \" aria-labelledby=\"toggle_41201cd7fd6366482\"><div class=\"panel-body toggle-content fusion-clearfix\">\n<p><b><\/b>Erleben Sie den Landschaftswandel rund um das ehemalige Niedermoor &#8222;Heudorfer Ried&#8220; auf einer 6-7 km langen Wanderung.<\/p>\n<p>Von der letzten Eiszeit bis heute k\u00f6nnen Sie den Landschaftswandel vom Fischweiher zum Natura 2000-Gebiet auf vier Informationstafeln erleben und erfahren alles \u00fcber die Landschaftsentstehung, die jahrhundertelange Weihernutzung und die m\u00fchselige &#8222;Urbarmachung&#8220; des Niedermoors. Der Weg folgt in weiten Teilen gut ausgebauten landwirtschaftlichen Wegen. Der Flurbereinigung ist eine gute Symbiose zwischen Landnutzung und Naturschutz gelungen.<\/p>\n<p>Gutes Schuhwerk ist aufgrund des teilweise feuchten Untergrundes trotzdem dringend zu empfehlen.<\/p>\n<p>Ausgangspunkt: Parkplatz an der L440, s\u00fcdlicher Ortsrand von Eigeltingen-Heudorf (Landkreis Konstanz)<\/p>\n<p>Mit dem Auto reisen Sie am besten \u00fcber die Landesstra\u00dfe L440 Eigeltingen-Tuttlingen an.<br \/>\nAuch mit \u00f6ffentlichen Verkehrsmittel kommen Sie an: mit der Buslinie Eigeltingen-Tuttlingen bzw. Stockach-Tuttlingen, Haltestelle: Heudorf-Bohlhof<\/p>\n<\/div><\/div><\/div><div class=\"fusion-panel panel-default panel-631e20f34605b86d4 fusion-toggle-no-divider fusion-toggle-boxed-mode\"><div class=\"panel-heading\"><h4 class=\"panel-title toggle\" id=\"toggle_631e20f34605b86d4\"><a aria-expanded=\"false\" aria-controls=\"631e20f34605b86d4\" role=\"button\" data-toggle=\"collapse\" data-target=\"#631e20f34605b86d4\" href=\"#631e20f34605b86d4\"><span class=\"fusion-toggle-icon-wrapper\" aria-hidden=\"true\"><i class=\"fa-fusion-box active-icon awb-icon-minus\" aria-hidden=\"true\"><\/i><i class=\"fa-fusion-box inactive-icon awb-icon-plus\" aria-hidden=\"true\"><\/i><\/span><span class=\"fusion-toggle-heading\">Keltenh\u00fcgel<\/span><\/a><\/h4><\/div><div id=\"631e20f34605b86d4\" class=\"panel-collapse collapse \" aria-labelledby=\"toggle_631e20f34605b86d4\"><div class=\"panel-body toggle-content fusion-clearfix\">\n<p><b><\/b>In unserem Raum befinden sich oft sehr unauff\u00e4llig \u00dcberreste der keltischen Bev\u00f6lkerung, von deren Kultur viel im Dunkel der Geschichte liegt.\u00a0 Urspr\u00fcnge sollen bis ins 5. Bis 5. Jahrhundert vor Christi reichen.<\/p>\n<p>Zwischen Danningen und Neuhausen o. E., n\u00f6rdlich der Bundesstra\u00dfe und noch s\u00fcdlich des Weilers Breitenfeld kann man eine erhabene Formation von 10 leichten H\u00fcgel erkennen.\u00a0 Ein kurzer Abstecher durch den Ort Danningen lohnt sich schon wegen der enormen Sicht in weite Landschaft.\u00a0 Wandern zu Fu\u00df oder per Rad in dieses Weiten geben ein tiefes Naturerlebnis.<\/p>\n<\/div><\/div><\/div><\/div><\/div><div class=\"fusion-text fusion-text-3\"><p style=\"text-align: right;\"><a href=\"http:\/\/www.hegau.de\/Aktivitaeten.215.html\" target=\"_blank\" rel=\"noopener\"><img decoding=\"async\" class=\"alignright wp-image-752 size-200\" src=\"https:\/\/muehlingen.de\/wordpress_01\/wp-content\/uploads\/Logo-HegauTourismus-200x111.jpg\" alt=\"\" width=\"200\" height=\"111\" srcset=\"https:\/\/muehlingen.de\/wordpress_01\/wp-content\/uploads\/Logo-HegauTourismus-200x111.jpg 200w, https:\/\/muehlingen.de\/wordpress_01\/wp-content\/uploads\/Logo-HegauTourismus.jpg 270w\" sizes=\"(max-width: 200px) 100vw, 200px\" \/><\/a><\/p>\n<p style=\"text-align: right;\">weitere Wander- und Radtouren\u00a0<b><\/b><b><\/b>im Gebiet in und um die\u00a0Gemeinde M\u00fchlingen\u00a0<a href=\"http:\/\/www.hegau.de\/Aktivitaeten.215.html\" target=\"_blank\" rel=\"noopener\">[&#8230;]<\/a><\/p>\n<\/div><div class=\"fusion-clearfix\"><\/div><\/div><\/div><\/div><\/div><div class=\"fusion-fullwidth fullwidth-box fusion-builder-row-3 nonhundred-percent-fullwidth non-hundred-percent-height-scrolling fusion-equal-height-columns\" style=\"--awb-border-radius-top-left:0px;--awb-border-radius-top-right:0px;--awb-border-radius-bottom-right:0px;--awb-border-radius-bottom-left:0px;--awb-flex-wrap:wrap;\" ><div class=\"fusion-builder-row fusion-row\"><div class=\"fusion-layout-column fusion_builder_column fusion-builder-column-4 fusion_builder_column_1_3 1_3 fusion-one-third fusion-column-first\" style=\"--awb-bg-size:cover;width:33.333333333333%;width:calc(33.333333333333% - ( ( 4% ) * 0.33333333333333 ) );margin-right: 4%;\"><div class=\"fusion-column-wrapper fusion-flex-column-wrapper-legacy\"><div class=\"fusion-clearfix\"><\/div><\/div><\/div><div class=\"fusion-layout-column fusion_builder_column fusion-builder-column-5 fusion_builder_column_2_3 2_3 fusion-two-third fusion-column-last\" style=\"--awb-padding-top:25px;--awb-padding-right:25px;--awb-padding-bottom:25px;--awb-padding-left:25px;--awb-bg-color:#f6f6f6;--awb-bg-color-hover:#f6f6f6;--awb-bg-size:cover;--awb-border-color:#d6d6d6;--awb-border-top:1px;--awb-border-right:1px;--awb-border-bottom:1px;--awb-border-left:1px;--awb-border-style:solid;width:66.666666666667%;width:calc(66.666666666667% - ( ( 4% ) * 0.66666666666667 ) );\"><div class=\"fusion-column-wrapper fusion-flex-column-wrapper-legacy\"><div class=\"fusion-image-carousel fusion-image-carousel-fixed fusion-image-carousel-3 fusion-no-small-visibility lightbox-enabled fusion-carousel-border\"><div class=\"awb-carousel awb-swiper awb-swiper-carousel awb-carousel--carousel awb-swiper-dots-position-bottom\" data-layout=\"carousel\" data-autoplay=\"yes\" data-autoplayspeed=\"2500\" data-autoplaypause=\"no\" data-loop=\"yes\" data-columns=\"6\" data-columnsmedium=\"1\" data-columnssmall=\"1\" data-itemmargin=\"10\" data-itemwidth=\"180\" data-touchscroll=\"no\" data-freemode=\"no\" data-imagesize=\"fixed\" data-scrollitems=\"0\" data-centeredslides=\"no\" data-rotationangle=\"50\" data-depth=\"100\" data-speed=\"500\" data-shadow=\"no\" data-pagination=\"bullets\" style=\"--awb-columns:6;--awb-column-spacing:10px;--awb-border-width:1px;--awb-border-color:#e9eaee;\"><div class=\"swiper-wrapper awb-image-carousel-wrapper fusion-flex-align-items-center\"><div class=\"swiper-slide\"><div class=\"fusion-carousel-item-wrapper\"><div class=\"fusion-image-wrapper hover-type-liftup\"><a data-rel=\"iLightbox[image_carousel_3]\" data-title=\"Hausen im Donautal\" aria-label=\"Hausen im Donautal\" href=\"https:\/\/muehlingen.de\/wordpress_01\/wp-content\/uploads\/Hausen-im-Donautal_800x600.jpg\" target=\"_self\"><img decoding=\"async\" width=\"320\" height=\"202\" src=\"https:\/\/muehlingen.de\/wordpress_01\/wp-content\/uploads\/Hausen-im-Donautal_800x600-320x202.jpg\" class=\"attachment-blog-medium size-blog-medium\" alt=\"\" \/><\/a><\/div><\/div><\/div><div class=\"swiper-slide\"><div class=\"fusion-carousel-item-wrapper\"><div class=\"fusion-image-wrapper hover-type-liftup\"><a data-rel=\"iLightbox[image_carousel_3]\" data-title=\"Seenplatte\" aria-label=\"Seenplatte\" href=\"https:\/\/muehlingen.de\/wordpress_01\/wp-content\/uploads\/Seenplatte_800x600.png\" target=\"_self\"><img decoding=\"async\" width=\"320\" height=\"202\" src=\"https:\/\/muehlingen.de\/wordpress_01\/wp-content\/uploads\/Seenplatte_800x600-320x202.png\" class=\"attachment-blog-medium size-blog-medium\" alt=\"\" \/><\/a><\/div><\/div><\/div><div class=\"swiper-slide\"><div class=\"fusion-carousel-item-wrapper\"><div class=\"fusion-image-wrapper hover-type-liftup\"><a data-rel=\"iLightbox[image_carousel_3]\" data-caption=\"Heidenh\u00f6hlen Zizenhausen\" data-title=\"Heidenh\u00f6hlen\" aria-label=\"Heidenh\u00f6hlen\" href=\"https:\/\/muehlingen.de\/wordpress_01\/wp-content\/uploads\/Heidenhoehlen_800x600.jpg\" target=\"_self\"><img decoding=\"async\" width=\"320\" height=\"202\" src=\"https:\/\/muehlingen.de\/wordpress_01\/wp-content\/uploads\/Heidenhoehlen_800x600-320x202.jpg\" class=\"attachment-blog-medium size-blog-medium\" alt=\"\" \/><\/a><\/div><\/div><\/div><\/div><div class=\"awb-swiper-button awb-swiper-button-prev\"><i class=\"awb-icon-angle-left\" aria-hidden=\"true\"><\/i><\/div><div class=\"awb-swiper-button awb-swiper-button-next\"><i class=\"awb-icon-angle-right\" aria-hidden=\"true\"><\/i><\/div><\/div><\/div><div class=\"fusion-title title fusion-title-5 fusion-title-text fusion-title-size-two\" style=\"--awb-text-color:#333333;--awb-margin-top-small:0px;--awb-margin-right-small:0px;--awb-margin-bottom-small:20px;--awb-margin-left-small:0px;--awb-sep-color:#333333;--awb-font-size:32px;\"><h2 class=\"fusion-title-heading title-heading-left fusion-responsive-typography-calculated\" style=\"margin:0;font-size:1em;--fontSize:32;line-height:1.5;\">Wanderwege Donautal und Schw\u00e4bische Alb<\/h2><span class=\"awb-title-spacer\"><\/span><div class=\"title-sep-container\"><div class=\"title-sep sep-single sep-solid\" style=\"border-color:#333333;\"><\/div><\/div><\/div><div class=\"fusion-reading-box-container reading-box-container-1\" style=\"--awb-title-color:#333333;--awb-margin-top:0px;--awb-margin-bottom:20px;\"><div class=\"reading-box\" style=\"background-color:#ffffff;border-width:1px;border-color:#d6d6d6;border-style:solid;\"><h2>Donaubergland<\/h2><div class=\"reading-box-additional fusion-reading-box-additional\">\n<p>Die h\u00f6chsten Berge der Schw\u00e4bischen Alb, die tiefsten T\u00e4ler, Ruinen, H\u00f6hlen, Burgen und Schl\u00f6sser \u2013 alles das und noch viel mehr k\u00f6nnen Wanderer im Donaubergtal \u2013 nur eine halbe Autostunde vom Bodensee entfernt \u2013 in einer faszinierenden Vielfalt erleben. Mehrtageswanderungen auf eine der drei Qualit\u00e4tswanderwege in der Region \u2013 dem Donauberglandweg, Donau-Zollernalb-Weg und Schw\u00e4bische Alb Nordrandweg oder aber Tages- oder Halbtageswanderungen in einer der sch\u00f6nsten Landschaften des S\u00fcdwestens.<\/p>\n<p>Das Donautal bietet\u00a0 unz\u00e4hlige erstklassige Wanderm\u00f6glichkeiten.<\/p>\n<p>Eine Perle ist die Klosteranlage Beuron <a href=\"http:\/\/www.erzabtei-beuron.de\/\">[&#8230;]<\/a> mit seiner barocken\u00a0 Abteikirche der Benediktiner. Parkm\u00f6glichkeiten gibt es ausreichend unterhalb des Klosters.<\/p>\n<\/div><div class=\"fusion-clearfix\"><\/div><\/div><\/div><div class=\"fusion-text fusion-text-4\"><p style=\"text-align: right;\">Weitere Informationen: Donaubergland\u00a0<a href=\"http:\/\/www.donaubergland.de\/\" target=\"_blank\" rel=\"noopener\">[&#8230;]<\/a><\/p>\n<\/div><div class=\"fusion-clearfix\"><\/div><\/div><\/div><\/div><\/div><\/p>\n","protected":false},"excerpt":{"rendered":"","protected":false},"author":1,"featured_media":0,"parent":0,"menu_order":0,"comment_status":"closed","ping_status":"closed","template":"","meta":{"footnotes":""},"class_list":["post-1567","page","type-page","status-publish","hentry"],"publishpress_future_action":{"enabled":false,"date":"2026-05-07 04:43:19","action":"change-status","newStatus":"draft","terms":[],"taxonomy":"","extraData":[]},"publishpress_future_workflow_manual_trigger":{"enabledWorkflows":[]},"_links":{"self":[{"href":"https:\/\/muehlingen.de\/index.php?rest_route=\/wp\/v2\/pages\/1567","targetHints":{"allow":["GET"]}}],"collection":[{"href":"https:\/\/muehlingen.de\/index.php?rest_route=\/wp\/v2\/pages"}],"about":[{"href":"https:\/\/muehlingen.de\/index.php?rest_route=\/wp\/v2\/types\/page"}],"author":[{"embeddable":true,"href":"https:\/\/muehlingen.de\/index.php?rest_route=\/wp\/v2\/users\/1"}],"replies":[{"embeddable":true,"href":"https:\/\/muehlingen.de\/index.php?rest_route=%2Fwp%2Fv2%2Fcomments&post=1567"}],"version-history":[{"count":25,"href":"https:\/\/muehlingen.de\/index.php?rest_route=\/wp\/v2\/pages\/1567\/revisions"}],"predecessor-version":[{"id":1612,"href":"https:\/\/muehlingen.de\/index.php?rest_route=\/wp\/v2\/pages\/1567\/revisions\/1612"}],"wp:attachment":[{"href":"https:\/\/muehlingen.de\/index.php?rest_route=%2Fwp%2Fv2%2Fmedia&parent=1567"}],"curies":[{"name":"wp","href":"https:\/\/api.w.org\/{rel}","templated":true}]}}