{"id":253,"date":"2018-04-10T11:40:20","date_gmt":"2018-04-10T09:40:20","guid":{"rendered":"http:\/\/muehlingen.de\/wordpress_01\/?page_id=253"},"modified":"2018-11-14T19:09:38","modified_gmt":"2018-11-14T18:09:38","slug":"ausflugsziele","status":"publish","type":"page","link":"https:\/\/muehlingen.de\/?page_id=253","title":{"rendered":"Ausflugsziele"},"content":{"rendered":"<p><div class=\"fusion-fullwidth fullwidth-box fusion-builder-row-1 nonhundred-percent-fullwidth non-hundred-percent-height-scrolling\" style=\"--awb-border-radius-top-left:0px;--awb-border-radius-top-right:0px;--awb-border-radius-bottom-right:0px;--awb-border-radius-bottom-left:0px;--awb-flex-wrap:wrap;\" ><div class=\"fusion-builder-row fusion-row\"><div class=\"fusion-layout-column fusion_builder_column fusion-builder-column-0 fusion_builder_column_1_1 1_1 fusion-one-full fusion-column-first fusion-column-last\" style=\"--awb-bg-size:cover;\"><div class=\"fusion-column-wrapper fusion-flex-column-wrapper-legacy\"><div class=\"fusion-section-separator section-separator bigtriangle fusion-section-separator-1\" style=\"--awb-spacer-height:99px;--awb-svg-margin-left:0;--awb-svg-margin-right:0;--awb-divider-height:99px;--awb-spacer-padding-top:inherit;--awb-sep-padding:0;--awb-svg-padding:0;\"><div class=\"fusion-section-separator-svg\"><svg class=\"fusion-big-triangle-candy\" xmlns=\"http:\/\/www.w3.org\/2000\/svg\" version=\"1.1\" width=\"100%\" height=\"100\" viewBox=\"0 0 100 100\" preserveAspectRatio=\"none\" fill=\"rgba(204,204,204,1)\"><path d=\"M-1 -1 L50 99 L101 -1 Z\"><\/path><\/svg><\/div><div class=\"fusion-section-separator-spacer\"><div class=\"fusion-section-separator-spacer-height\"><\/div><\/div><\/div><div class=\"fusion-clearfix\"><\/div><\/div><\/div><\/div><\/div><div class=\"fusion-fullwidth fullwidth-box fusion-builder-row-2 nonhundred-percent-fullwidth non-hundred-percent-height-scrolling\" style=\"--awb-border-radius-top-left:0px;--awb-border-radius-top-right:0px;--awb-border-radius-bottom-right:0px;--awb-border-radius-bottom-left:0px;--awb-margin-top:-115px;--awb-flex-wrap:wrap;\" ><div class=\"fusion-builder-row fusion-row\"><div class=\"fusion-layout-column fusion_builder_column fusion-builder-column-1 fusion_builder_column_1_1 1_1 fusion-one-full fusion-column-first fusion-column-last\" style=\"--awb-bg-size:cover;\"><div class=\"fusion-column-wrapper fusion-flex-column-wrapper-legacy\"><div class=\"fusion-text fusion-text-1\"><p style=\"text-align: center;\"><strong>M\u00fchlingen ist idealer Ausgangspunkt f\u00fcr Ausfl\u00fcge.<\/strong><br \/>\nDonautal und Schw\u00e4bische Alb mit vielen Schl\u00f6ssern und Burgen sind ebenso schnell erreichbar wie die Bodenseeregion und die angrenzende Schweiz.<br \/>\nAber auch direkt um M\u00fchlingen gibt es lohnende Ausflugsziele.<\/p>\n<\/div><div class=\"fusion-clearfix\"><\/div><\/div><\/div><\/div><\/div><div class=\"fusion-fullwidth fullwidth-box fusion-builder-row-3 nonhundred-percent-fullwidth non-hundred-percent-height-scrolling\" style=\"--awb-border-radius-top-left:0px;--awb-border-radius-top-right:0px;--awb-border-radius-bottom-right:0px;--awb-border-radius-bottom-left:0px;--awb-flex-wrap:wrap;\" ><div class=\"fusion-builder-row fusion-row\"><div class=\"fusion-layout-column fusion_builder_column fusion-builder-column-2 fusion_builder_column_1_1 1_1 fusion-one-full fusion-column-first fusion-column-last\" style=\"--awb-bg-size:cover;\"><div class=\"fusion-column-wrapper fusion-flex-column-wrapper-legacy\"><div class=\"fusion-title title fusion-title-1 fusion-sep-none fusion-title-center fusion-title-text fusion-title-size-two\" style=\"--awb-margin-top:50px;--awb-margin-top-small:0px;--awb-margin-right-small:0px;--awb-margin-bottom-small:20px;--awb-margin-left-small:0px;--awb-font-size:28px;\"><h2 class=\"fusion-title-heading title-heading-center fusion-responsive-typography-calculated\" style=\"margin:0;font-size:1em;--fontSize:28;line-height:1.5;\">Ausflugsziele &#8230;<\/h2><\/div><div class=\"fusion-clearfix\"><\/div><\/div><\/div><\/div><\/div><div class=\"fusion-fullwidth fullwidth-box fusion-builder-row-4 nonhundred-percent-fullwidth non-hundred-percent-height-scrolling\" style=\"--awb-border-radius-top-left:0px;--awb-border-radius-top-right:0px;--awb-border-radius-bottom-right:0px;--awb-border-radius-bottom-left:0px;--awb-flex-wrap:wrap;\" ><div class=\"fusion-builder-row fusion-row\"><div class=\"fusion-layout-column fusion_builder_column fusion-builder-column-3 fusion_builder_column_1_3 1_3 fusion-one-third fusion-column-first\" style=\"--awb-bg-size:cover;width:33.333333333333%;width:calc(33.333333333333% - ( ( 4% + 4% ) * 0.33333333333333 ) );margin-right: 4%;\"><div class=\"fusion-column-wrapper fusion-flex-column-wrapper-legacy\"><div class=\"fusion-image-element fusion-image-align-center fusion-no-small-visibility fusion-no-medium-visibility in-legacy-container\" style=\"text-align:center;--awb-liftup-border-radius:0px;--awb-caption-title-font-family:var(--h2_typography-font-family);--awb-caption-title-font-weight:var(--h2_typography-font-weight);--awb-caption-title-font-style:var(--h2_typography-font-style);--awb-caption-title-size:var(--h2_typography-font-size);--awb-caption-title-transform:var(--h2_typography-text-transform);--awb-caption-title-line-height:var(--h2_typography-line-height);--awb-caption-title-letter-spacing:var(--h2_typography-letter-spacing);\"><div class=\"imageframe-align-center\"><div class=\"awb-image-frame awb-image-frame-1 imageframe-liftup fusion-no-small-visibility fusion-no-medium-visibility\"><span class=\" fusion-imageframe imageframe-dropshadow imageframe-1\" style=\"border:1px solid #f6f6f6;-webkit-box-shadow: 3px 3px 7px rgba(0,0,0,0.3);box-shadow: 3px 3px 7px rgba(0,0,0,0.3);\"><img decoding=\"async\" width=\"800\" height=\"600\" alt=\"Schwackenreuter Seen\" title=\"Seenplatte\" src=\"https:\/\/muehlingen.de\/wordpress_01\/wp-content\/uploads\/Seenplatte_800x600.png\" class=\"img-responsive wp-image-1564\" srcset=\"https:\/\/muehlingen.de\/wordpress_01\/wp-content\/uploads\/Seenplatte_800x600-200x150.png 200w, https:\/\/muehlingen.de\/wordpress_01\/wp-content\/uploads\/Seenplatte_800x600-400x300.png 400w, https:\/\/muehlingen.de\/wordpress_01\/wp-content\/uploads\/Seenplatte_800x600-600x450.png 600w, https:\/\/muehlingen.de\/wordpress_01\/wp-content\/uploads\/Seenplatte_800x600.png 800w\" sizes=\"(max-width: 800px) 100vw, 600px\" \/><\/span><\/div><\/div><\/div><div class=\"fusion-clearfix\"><\/div><\/div><\/div><div class=\"fusion-layout-column fusion_builder_column fusion-builder-column-4 fusion_builder_column_1_3 1_3 fusion-one-third\" style=\"--awb-bg-size:cover;width:33.333333333333%;width:calc(33.333333333333% - ( ( 4% + 4% ) * 0.33333333333333 ) );margin-right: 4%;\"><div class=\"fusion-column-wrapper fusion-flex-column-wrapper-legacy\"><div class=\"fusion-image-element fusion-image-align-center fusion-no-small-visibility fusion-no-medium-visibility in-legacy-container\" style=\"text-align:center;--awb-liftup-border-radius:0px;--awb-caption-title-font-family:var(--h2_typography-font-family);--awb-caption-title-font-weight:var(--h2_typography-font-weight);--awb-caption-title-font-style:var(--h2_typography-font-style);--awb-caption-title-size:var(--h2_typography-font-size);--awb-caption-title-transform:var(--h2_typography-text-transform);--awb-caption-title-line-height:var(--h2_typography-line-height);--awb-caption-title-letter-spacing:var(--h2_typography-letter-spacing);\"><div class=\"imageframe-align-center\"><div class=\"awb-image-frame awb-image-frame-2 imageframe-liftup fusion-no-small-visibility fusion-no-medium-visibility\"><span class=\" fusion-imageframe imageframe-dropshadow imageframe-2\" style=\"border:1px solid #f6f6f6;-webkit-box-shadow: 3px 3px 7px rgba(0,0,0,0.3);box-shadow: 3px 3px 7px rgba(0,0,0,0.3);\"><img decoding=\"async\" width=\"800\" height=\"600\" alt=\"Insel Mainau\" title=\"Insel Mainau\" src=\"https:\/\/muehlingen.de\/wordpress_01\/wp-content\/uploads\/Insel-Mainau_800x600.jpg\" class=\"img-responsive wp-image-1563\" srcset=\"https:\/\/muehlingen.de\/wordpress_01\/wp-content\/uploads\/Insel-Mainau_800x600-200x150.jpg 200w, https:\/\/muehlingen.de\/wordpress_01\/wp-content\/uploads\/Insel-Mainau_800x600-400x300.jpg 400w, https:\/\/muehlingen.de\/wordpress_01\/wp-content\/uploads\/Insel-Mainau_800x600-600x450.jpg 600w, https:\/\/muehlingen.de\/wordpress_01\/wp-content\/uploads\/Insel-Mainau_800x600.jpg 800w\" sizes=\"(max-width: 800px) 100vw, 600px\" \/><\/span><\/div><\/div><\/div><div class=\"fusion-clearfix\"><\/div><\/div><\/div><div class=\"fusion-layout-column fusion_builder_column fusion-builder-column-5 fusion_builder_column_1_3 1_3 fusion-one-third fusion-column-last\" style=\"--awb-bg-size:cover;width:33.333333333333%;width:calc(33.333333333333% - ( ( 4% + 4% ) * 0.33333333333333 ) );\"><div class=\"fusion-column-wrapper fusion-flex-column-wrapper-legacy\"><div class=\"fusion-image-element fusion-image-align-center fusion-no-small-visibility fusion-no-medium-visibility in-legacy-container\" style=\"text-align:center;--awb-liftup-border-radius:0px;--awb-caption-title-font-family:var(--h2_typography-font-family);--awb-caption-title-font-weight:var(--h2_typography-font-weight);--awb-caption-title-font-style:var(--h2_typography-font-style);--awb-caption-title-size:var(--h2_typography-font-size);--awb-caption-title-transform:var(--h2_typography-text-transform);--awb-caption-title-line-height:var(--h2_typography-line-height);--awb-caption-title-letter-spacing:var(--h2_typography-letter-spacing);\"><div class=\"imageframe-align-center\"><div class=\"awb-image-frame awb-image-frame-3 imageframe-liftup fusion-no-small-visibility fusion-no-medium-visibility\"><span class=\" fusion-imageframe imageframe-dropshadow imageframe-3\" style=\"border:1px solid #f6f6f6;-webkit-box-shadow: 3px 3px 7px rgba(0,0,0,0.3);box-shadow: 3px 3px 7px rgba(0,0,0,0.3);\"><img decoding=\"async\" width=\"800\" height=\"600\" alt=\"Hausen im Donautal\" title=\"Hausen im Donautal\" src=\"https:\/\/muehlingen.de\/wordpress_01\/wp-content\/uploads\/Hausen-im-Donautal_800x600.jpg\" class=\"img-responsive wp-image-1562\" srcset=\"https:\/\/muehlingen.de\/wordpress_01\/wp-content\/uploads\/Hausen-im-Donautal_800x600-200x150.jpg 200w, https:\/\/muehlingen.de\/wordpress_01\/wp-content\/uploads\/Hausen-im-Donautal_800x600-400x300.jpg 400w, https:\/\/muehlingen.de\/wordpress_01\/wp-content\/uploads\/Hausen-im-Donautal_800x600-600x450.jpg 600w, https:\/\/muehlingen.de\/wordpress_01\/wp-content\/uploads\/Hausen-im-Donautal_800x600.jpg 800w\" sizes=\"(max-width: 800px) 100vw, 600px\" \/><\/span><\/div><\/div><\/div><div class=\"fusion-clearfix\"><\/div><\/div><\/div><\/div><\/div><div class=\"fusion-fullwidth fullwidth-box fusion-builder-row-5 nonhundred-percent-fullwidth non-hundred-percent-height-scrolling\" style=\"--awb-border-radius-top-left:0px;--awb-border-radius-top-right:0px;--awb-border-radius-bottom-right:0px;--awb-border-radius-bottom-left:0px;--awb-margin-top:30px;--awb-flex-wrap:wrap;\" ><div class=\"fusion-builder-row fusion-row\"><div class=\"fusion-layout-column fusion_builder_column fusion-builder-column-6 fusion_builder_column_1_3 1_3 fusion-one-third fusion-column-first\" style=\"--awb-bg-size:cover;width:33.333333333333%;width:calc(33.333333333333% - ( ( 4% + 4% ) * 0.33333333333333 ) );margin-right: 4%;\"><div class=\"fusion-column-wrapper fusion-flex-column-wrapper-legacy\"><div class=\"fusion-title title fusion-title-2 fusion-sep-none fusion-title-center fusion-title-text fusion-title-size-two\" style=\"--awb-text-color:#333333;--awb-margin-top-small:0px;--awb-margin-right-small:0px;--awb-margin-bottom-small:20px;--awb-margin-left-small:0px;--awb-sep-color:#333333;--awb-font-size:28px;\"><h2 class=\"fusion-title-heading title-heading-center fusion-responsive-typography-calculated\" style=\"margin:0;font-size:1em;--fontSize:28;line-height:1.5;\">&#8230; um M\u00fchlingen<\/h2><\/div><div class=\"accordian fusion-accordian\" style=\"--awb-border-size:1px;--awb-icon-size:13px;--awb-content-font-size:12px;--awb-icon-alignment:left;--awb-hover-color:#f9f9f9;--awb-border-color:#cccccc;--awb-background-color:#ffffff;--awb-divider-color:#e0dede;--awb-divider-hover-color:#e0dede;--awb-icon-color:#ffffff;--awb-title-color:#000000;--awb-content-color:#000000;--awb-icon-box-color:#333333;--awb-toggle-hover-accent-color:#f44336;--awb-title-font-family:Arial, Helvetica, sans-serif;--awb-title-font-weight:700;--awb-title-font-style:normal;--awb-title-font-size:13px;--awb-content-font-family:Arial, Helvetica, sans-serif;--awb-content-font-style:normal;--awb-content-font-weight:400;\"><div class=\"panel-group fusion-toggle-icon-boxed\" id=\"accordion-253-1\"><div class=\"fusion-panel panel-default panel-aa11cfb8cfa2af46e fusion-toggle-no-divider fusion-toggle-boxed-mode\"><div class=\"panel-heading\"><h4 class=\"panel-title toggle\" id=\"toggle_aa11cfb8cfa2af46e\"><a aria-expanded=\"false\" aria-controls=\"aa11cfb8cfa2af46e\" role=\"button\" data-toggle=\"collapse\" data-target=\"#aa11cfb8cfa2af46e\" href=\"#aa11cfb8cfa2af46e\"><span class=\"fusion-toggle-icon-wrapper\" aria-hidden=\"true\"><i class=\"fa-fusion-box active-icon awb-icon-minus\" aria-hidden=\"true\"><\/i><i class=\"fa-fusion-box inactive-icon awb-icon-plus\" aria-hidden=\"true\"><\/i><\/span><span class=\"fusion-toggle-heading\">Aachquelle<\/span><\/a><\/h4><\/div><div id=\"aa11cfb8cfa2af46e\" class=\"panel-collapse collapse \" aria-labelledby=\"toggle_aa11cfb8cfa2af46e\"><div class=\"panel-body toggle-content fusion-clearfix\">\n<p>F\u00fcr dieses Naturwunder kommen G\u00e4ste von weither. In Aach im Kreis Konstanz ist Deutschlands gr\u00f6\u00dfte Quelle, und ihr Wasser hat einen spektakul\u00e4ren Weg hinter sich, Es stammt gr\u00f6\u00dftenteils aus der Donau, versickert bei Immendingen \u2013 und flie\u00dft dann nicht ins Schwarze Meer, sondern \u00fcber Bodensee und Rhein in die Nordsee. Wer das erleben will, sollte dem Besuch am schattigen Aachtopf eine kleine Wanderung zur Donauversickerung vorschieben und im Auto oder auf dem Fahrrad den unterirdischen Weg des Wassers nachf\u00fchlen.<\/p>\n<p>Beide Stellen sind st\u00e4ndig kostenlos zug\u00e4nglich.<\/p>\n<p>weitere Informationen\u00a0<a href=\"http:\/\/aachquelle.de\/\" target=\"_blank\" rel=\"noopener\">[&#8230;]<\/a><\/p>\n<\/div><\/div><\/div><div class=\"fusion-panel panel-default panel-52cec2f3e3fd10c7e fusion-toggle-no-divider fusion-toggle-boxed-mode\"><div class=\"panel-heading\"><h4 class=\"panel-title toggle\" id=\"toggle_52cec2f3e3fd10c7e\"><a aria-expanded=\"false\" aria-controls=\"52cec2f3e3fd10c7e\" role=\"button\" data-toggle=\"collapse\" data-target=\"#52cec2f3e3fd10c7e\" href=\"#52cec2f3e3fd10c7e\"><span class=\"fusion-toggle-icon-wrapper\" aria-hidden=\"true\"><i class=\"fa-fusion-box active-icon awb-icon-minus\" aria-hidden=\"true\"><\/i><i class=\"fa-fusion-box inactive-icon awb-icon-plus\" aria-hidden=\"true\"><\/i><\/span><span class=\"fusion-toggle-heading\">Campus Galli - Karolingische Klosterstadt Me\u00dfkirch<\/span><\/a><\/h4><\/div><div id=\"52cec2f3e3fd10c7e\" class=\"panel-collapse collapse \" aria-labelledby=\"toggle_52cec2f3e3fd10c7e\"><div class=\"panel-body toggle-content fusion-clearfix\">\n<p><b>Betreten der Baustelle erlaubt!<\/b><\/p>\n<p><b><\/b>Vor \u00fcber 1200 Jahren zeichneten M\u00f6nche auf der Insel Reichenau den Idealplan eines Klosters. Neben einer gro\u00dfen Kirche enthielt der Plan auch Handwerkerh\u00e4user, Stallungen und G\u00e4rten, um das Kloster eigenst\u00e4ndig zu machen. Viele Jahrhunderte schlummerte dieser Plan im Archiv der Stiftsbibliothek St.Gallen. Dieser weltber\u00fchmte Klosterplan wird nun bei Me\u00dfkirch in die Tat umgesetzt.<\/p>\n<p>Mehrere Jahrzehnte wird es dauern, bis alle Geb\u00e4ude des Klosterplans fertig sind. In der Zwischenzeit haben Besucher die M\u00f6glichkeit, den Handwerkern t\u00e4glich bei der Arbeit zuzusehen und auf Wunsch sogar selbst t\u00e4tig zu werden.<\/p>\n<p>Weitere Informationen\u00a0<a href=\"http:\/\/www.campus-galli.de\/\" target=\"_blank\" rel=\"noopener\">[&#8230;]<\/a><\/p>\n<\/div><\/div><\/div><div class=\"fusion-panel panel-default panel-13f4b5971d47da981 fusion-toggle-no-divider fusion-toggle-boxed-mode\"><div class=\"panel-heading\"><h4 class=\"panel-title toggle\" id=\"toggle_13f4b5971d47da981\"><a aria-expanded=\"false\" aria-controls=\"13f4b5971d47da981\" role=\"button\" data-toggle=\"collapse\" data-target=\"#13f4b5971d47da981\" href=\"#13f4b5971d47da981\"><span class=\"fusion-toggle-icon-wrapper\" aria-hidden=\"true\"><i class=\"fa-fusion-box active-icon awb-icon-minus\" aria-hidden=\"true\"><\/i><i class=\"fa-fusion-box inactive-icon awb-icon-plus\" aria-hidden=\"true\"><\/i><\/span><span class=\"fusion-toggle-heading\">Freilichtmuseum Neuhausen ob Eck<\/span><\/a><\/h4><\/div><div id=\"13f4b5971d47da981\" class=\"panel-collapse collapse \" aria-labelledby=\"toggle_13f4b5971d47da981\"><div class=\"panel-body toggle-content fusion-clearfix\">\n<p>Ein idyllisches historisches D\u00f6rflein wurde hier mit Originalgeb\u00e4uden aus der Region wieder aufgebaut \u2013 mit allem, was dazugeh\u00f6rt: Kirche, Schul- und Rathaus, Bauernh\u00e4user, Schmiede, Hafnerei, Seilerei, Weberhaus und Vieles mehr, Viele Tiere, t\u00e4gliche Handwerkervorf\u00fchrungen und ein umfangreiches Programm lassen das Museum lebendig werden.<\/p>\n<p>Besondere Attraktionen: das \u201eKaufhaus Pfeiffer\u201c aus der Stadt Stetten a.k.M. mit historischem Laden und modernem Museumsladen mit regionalen Produkten. Im Museumsgasthaus \u201eOchsen\u201c l\u00e4sst sich gut einkehren.<\/p>\n<p>Die Eintrittspreise sind sehr familienfreundlich. Im Dorf kann man gut und gerne einen ganzen Tag verweilen. Ab Ortsmitte ist das Freilichtmuseum gut ausgeschildert.<\/p>\n<p><b><\/b>weitere Informationen\u00a0<a href=\"http:\/\/www.freilichtmuseum-neuhausen.de\/\" target=\"_blank\" rel=\"noopener\">[&#8230;]<\/a><\/p>\n<\/div><\/div><\/div><div class=\"fusion-panel panel-default panel-2905f6e6d1e96e36c fusion-toggle-no-divider fusion-toggle-boxed-mode\"><div class=\"panel-heading\"><h4 class=\"panel-title toggle\" id=\"toggle_2905f6e6d1e96e36c\"><a aria-expanded=\"false\" aria-controls=\"2905f6e6d1e96e36c\" role=\"button\" data-toggle=\"collapse\" data-target=\"#2905f6e6d1e96e36c\" href=\"#2905f6e6d1e96e36c\"><span class=\"fusion-toggle-icon-wrapper\" aria-hidden=\"true\"><i class=\"fa-fusion-box active-icon awb-icon-minus\" aria-hidden=\"true\"><\/i><i class=\"fa-fusion-box inactive-icon awb-icon-plus\" aria-hidden=\"true\"><\/i><\/span><span class=\"fusion-toggle-heading\">Lochm\u00fchle Eigeltingen<\/span><\/a><\/h4><\/div><div id=\"2905f6e6d1e96e36c\" class=\"panel-collapse collapse \" aria-labelledby=\"toggle_2905f6e6d1e96e36c\"><div class=\"panel-body toggle-content fusion-clearfix\">\n<p>Einen Feiertag, wie er herrlicher nicht sein kann, k\u00f6nnen Familien mit Kindern in der Lochm\u00fchle erleben, einem original alten Bauernhof aus dem 15. Jahrhundert. Abseits \u2013 im wundersch\u00f6nen Krebsbachtal \u2013 locken Attraktionen wie ein Tierpark mit Streichelzoo, Ponyreiten, Minitraktoren, Vierradmotorr\u00e4der, aber auch Eisenb\u00e4hnle fahren. Und der Clou: Der Eintritt ist frei, nur f\u00fcr die Fahr- und Reitattraktionen wird ein kleines Entgelt erhoben.<\/p>\n<p>Erwachsene kommen bei idyllischen Gespann-Ausfahrten auf ihre Kosten (Post-, Hochzeitskutschen, Gesellschaftswagen) oder seilen sich beim \u201eAbenteuer im Steinbruch\u201c 40 m an der Felswand ab, \u00fcberwinden eine Schlucht \u00fcber eine Seilh\u00e4ngebr\u00fccke oder rutschen auf Deutschlands gr\u00f6\u00dfter Seilbahnanlage. Nach so viel Adrenalin Schub kann man sich im Lochm\u00fchle- Restaurant aufs beste verk\u00f6stigen lassen.<\/p>\n<p>Am leichtesten zu erreichen ist der der kleine Freizeitpark \u00fcber die Landstra\u00dfe zwischen Eigeltingen und Heudorf.<\/p>\n<p>weitere Informationen\u00a0<a href=\"http:\/\/www.erlebnisgastronomie.de\/\" target=\"_blank\" rel=\"noopener\">[&#8230;]<\/a><\/p>\n<\/div><\/div><\/div><div class=\"fusion-panel panel-default panel-24d64cd3444732671 fusion-toggle-no-divider fusion-toggle-boxed-mode\"><div class=\"panel-heading\"><h4 class=\"panel-title toggle\" id=\"toggle_24d64cd3444732671\"><a aria-expanded=\"false\" aria-controls=\"24d64cd3444732671\" role=\"button\" data-toggle=\"collapse\" data-target=\"#24d64cd3444732671\" href=\"#24d64cd3444732671\"><span class=\"fusion-toggle-icon-wrapper\" aria-hidden=\"true\"><i class=\"fa-fusion-box active-icon awb-icon-minus\" aria-hidden=\"true\"><\/i><i class=\"fa-fusion-box inactive-icon awb-icon-plus\" aria-hidden=\"true\"><\/i><\/span><span class=\"fusion-toggle-heading\">Schloss und Schlosspark Me\u00dfkirch<\/span><\/a><\/h4><\/div><div id=\"24d64cd3444732671\" class=\"panel-collapse collapse \" aria-labelledby=\"toggle_24d64cd3444732671\"><div class=\"panel-body toggle-content fusion-clearfix\">\n<p>Das Schloss Me\u00dfkirch wurde von den Grafen von Zimmern um 1557 im Stil der Renaissance erbaut. In den letzten Jahren aufw\u00e4ndig renoviert, wird es heute das ganze Jahr \u00fcber durch Veranstaltungen der unterschiedlichsten Art mit Leben gef\u00fcllt. Besonders Museumsliebhaber kommen im Schloss Me\u00dfkirch voll auf ihre Kosten. Freunde von alten Automobilen kommen im Oldtimermuseum in der Remise des Schlosses ins Staunen. Die Kreisgalerie im S\u00fcdfl\u00fcgel zeigt die beeindruckende Kunstsammlung das Landkreises Sigmaringen und im Ostfl\u00fcgel informiert ein weiteres Museum \u00fcber Leben und Werk des bedeutenden Philosophen Martin Heidegger.<\/p>\n<p>Der Hofgarten wurde 1740 als Schlosspark im franz\u00f6sischen Stil mit 300 Lindenb\u00e4umen angelegt. Er l\u00e4dt zum Spazieren und Verweilen ein. Schon allein der vielf\u00e4ltige alte Baumbestand ist sehenswert.\u00a0 Der Sassenagegarten erinnert an die St\u00e4dtepartnerschaft mit Sassenage bei Grenoble und wurde im Fr\u00fchjahr 2008 zum 25j\u00e4hrigen Jubil\u00e4um der Partnerschaft neu gestaltet.\u00a0 Eintrittsgeld wird nicht verlangt.<\/p>\n<p><b><\/b>weitere Informationen\u00a0<a href=\"http:\/\/www.schloss-messkirch.de\/\" target=\"_blank\" rel=\"noopener\">[&#8230;]<\/a><\/p>\n<\/div><\/div><\/div><div class=\"fusion-panel panel-default panel-1d7332d5f745d4ce0 fusion-toggle-no-divider fusion-toggle-boxed-mode\"><div class=\"panel-heading\"><h4 class=\"panel-title toggle\" id=\"toggle_1d7332d5f745d4ce0\"><a aria-expanded=\"false\" aria-controls=\"1d7332d5f745d4ce0\" role=\"button\" data-toggle=\"collapse\" data-target=\"#1d7332d5f745d4ce0\" href=\"#1d7332d5f745d4ce0\"><span class=\"fusion-toggle-icon-wrapper\" aria-hidden=\"true\"><i class=\"fa-fusion-box active-icon awb-icon-minus\" aria-hidden=\"true\"><\/i><i class=\"fa-fusion-box inactive-icon awb-icon-plus\" aria-hidden=\"true\"><\/i><\/span><span class=\"fusion-toggle-heading\">Schwackenreuter Baggerseen -Badesee 6<\/span><\/a><\/h4><\/div><div id=\"1d7332d5f745d4ce0\" class=\"panel-collapse collapse \" aria-labelledby=\"toggle_1d7332d5f745d4ce0\"><div class=\"panel-body toggle-content fusion-clearfix\">\n<p><b><\/b>In unsere Gemeinde wurden durch Kiesabbau wunderbare Seen geschaffen. Inmitten eines Naturschutzgebietes,\u00a0 gibt es einen Badesee. Der Zugang ist offen, das Baden\u00a0 kostenfrei, aber auf eigene Gefahr. Genie\u00dfen Sie das Bad in einem naturbelassenen See.<\/p>\n<p>Zahlreiche Wasserv\u00f6gel haben sich an die Gegenwart von Menschen gew\u00f6hnt. Es empfiehlt sich allerdings immer einen geb\u00fchrenden Abstand zu halten.\u00a0 Ein Ausflug an unsere Schwackenreute Seenplatte lohnt sich immer, also auch ganzj\u00e4hrig.<\/p>\n<p>Am besten Sie folgen ab Bahn\u00fcbergang Schwackenreute den Hinweisschildern.<\/p>\n<\/div><\/div><\/div><div class=\"fusion-panel panel-default panel-555cff5623dd3b60d fusion-toggle-no-divider fusion-toggle-boxed-mode\"><div class=\"panel-heading\"><h4 class=\"panel-title toggle\" id=\"toggle_555cff5623dd3b60d\"><a aria-expanded=\"false\" aria-controls=\"555cff5623dd3b60d\" role=\"button\" data-toggle=\"collapse\" data-target=\"#555cff5623dd3b60d\" href=\"#555cff5623dd3b60d\"><span class=\"fusion-toggle-icon-wrapper\" aria-hidden=\"true\"><i class=\"fa-fusion-box active-icon awb-icon-minus\" aria-hidden=\"true\"><\/i><i class=\"fa-fusion-box inactive-icon awb-icon-plus\" aria-hidden=\"true\"><\/i><\/span><span class=\"fusion-toggle-heading\">Tipihof \u2013 Indianer und Wildwestwelt<\/span><\/a><\/h4><\/div><div id=\"555cff5623dd3b60d\" class=\"panel-collapse collapse \" aria-labelledby=\"toggle_555cff5623dd3b60d\"><div class=\"panel-body toggle-content fusion-clearfix\">\n<p>Kinder kommen in dieser Welt auf ihre Kosten. Westlich von Sauldorf an der Kreisstra\u00dfe gelegen.<\/p>\n<p><b><\/b>weitere Informationen\u00a0<a href=\"http:\/\/www.tipihof.de\/\" target=\"_blank\" rel=\"noopener\">[&#8230;]<\/a><\/p>\n<\/div><\/div><\/div><\/div><\/div><div class=\"fusion-clearfix\"><\/div><\/div><\/div><div class=\"fusion-layout-column fusion_builder_column fusion-builder-column-7 fusion_builder_column_1_3 1_3 fusion-one-third\" style=\"--awb-bg-size:cover;width:33.333333333333%;width:calc(33.333333333333% - ( ( 4% + 4% ) * 0.33333333333333 ) );margin-right: 4%;\"><div class=\"fusion-column-wrapper fusion-flex-column-wrapper-legacy\"><div class=\"fusion-title title fusion-title-3 fusion-sep-none fusion-title-center fusion-title-text fusion-title-size-two\" style=\"--awb-text-color:#333333;--awb-margin-top-small:0px;--awb-margin-right-small:0px;--awb-margin-bottom-small:20px;--awb-margin-left-small:0px;--awb-sep-color:#333333;--awb-font-size:28px;\"><h2 class=\"fusion-title-heading title-heading-center fusion-responsive-typography-calculated\" style=\"margin:0;font-size:1em;--fontSize:28;line-height:1.5;\">&#8230; am Bodensee<\/h2><\/div><div class=\"accordian fusion-accordian\" style=\"--awb-border-size:1px;--awb-icon-size:13px;--awb-content-font-size:12px;--awb-icon-alignment:left;--awb-hover-color:#f9f9f9;--awb-border-color:#cccccc;--awb-background-color:#ffffff;--awb-divider-color:#e0dede;--awb-divider-hover-color:#e0dede;--awb-icon-color:#ffffff;--awb-title-color:#000000;--awb-content-color:#000000;--awb-icon-box-color:#333333;--awb-toggle-hover-accent-color:#00bcd4;--awb-title-font-family:Arial, Helvetica, sans-serif;--awb-title-font-weight:700;--awb-title-font-style:normal;--awb-title-font-size:13px;--awb-content-font-family:Arial, Helvetica, sans-serif;--awb-content-font-style:normal;--awb-content-font-weight:400;\"><div class=\"panel-group fusion-toggle-icon-boxed\" id=\"accordion-253-2\"><div class=\"fusion-panel panel-default panel-e45e57b7f2aa3384e fusion-toggle-no-divider fusion-toggle-boxed-mode\"><div class=\"panel-heading\"><h4 class=\"panel-title toggle\" id=\"toggle_e45e57b7f2aa3384e\"><a aria-expanded=\"false\" aria-controls=\"e45e57b7f2aa3384e\" role=\"button\" data-toggle=\"collapse\" data-target=\"#e45e57b7f2aa3384e\" href=\"#e45e57b7f2aa3384e\"><span class=\"fusion-toggle-icon-wrapper\" aria-hidden=\"true\"><i class=\"fa-fusion-box active-icon awb-icon-minus\" aria-hidden=\"true\"><\/i><i class=\"fa-fusion-box inactive-icon awb-icon-plus\" aria-hidden=\"true\"><\/i><\/span><span class=\"fusion-toggle-heading\">Affenberg- Salem<\/span><\/a><\/h4><\/div><div id=\"e45e57b7f2aa3384e\" class=\"panel-collapse collapse \" aria-labelledby=\"toggle_e45e57b7f2aa3384e\"><div class=\"panel-body toggle-content fusion-clearfix\">\n<p><b><\/b>In Salem am Bodensee tummeln sich in einem 20 Hektar gro\u00dfen Waldst\u00fcck rund 200 putzmuntere Berberaffen. Die urspr\u00fcnglich aus Gebirgsregionen Marokko und Algerien stammenden Affen k\u00f6nnen hier dank des sehr \u00e4hnlichen Klimas das ganze Jahr \u00fcber im Freien leben. Das idyllische Areal rund um den, von zahlreichen Wasserv\u00f6geln und Karpfen bev\u00f6lkerten Weiher, teilen sich die Berberaffen mit einer imposanten, frei fliegenden Brutkolonie von Wei\u00dfst\u00f6rchen und einer anmutigen Damwildherde. Statt vieler Tierarten auf kleinem Raum zeigt der Affenberg Salem nur einige wenige, diese aber unter optimalen Haltungsbedingungen.<\/p>\n<p>Besucher k\u00f6nnen die Tiere ohne trennende Gitter und Gr\u00e4ben hautnah erleben und die Affen gratis mit ausgeteiltem, speziell zubereitetem Popcorn selbst f\u00fcttern. Das abwechslungsreiche Informationsangebot mit zahlreichen Schautafeln, moderierten Tierf\u00fctterungen und der Filmvorf\u00fchrung ist um die Affen- Rundschau erweitert worden. Die tierische Zeitung informiert mit vielen unterhaltsamen Artikeln \u00fcber das Leben der Berberaffen, die interaktiven Elemente sind besonders f\u00fcr junge Besucher interessant. Der Tierpark ist eintrittspflichtig.<\/p>\n<p>Das Tiergehege befindet sich an der K 7765 beim Weiler Mendlishausen, der westlich von Salem-Mimmenhausen zu finden ist.<\/p>\n<p>weitere Informationen\u00a0<a href=\"http:\/\/www.affenberg-salem.de\/\" target=\"_blank\" rel=\"noopener\">[&#8230;]<\/a><\/p>\n<\/div><\/div><\/div><div class=\"fusion-panel panel-default panel-f568420335e9038c4 fusion-toggle-no-divider fusion-toggle-boxed-mode\"><div class=\"panel-heading\"><h4 class=\"panel-title toggle\" id=\"toggle_f568420335e9038c4\"><a aria-expanded=\"false\" aria-controls=\"f568420335e9038c4\" role=\"button\" data-toggle=\"collapse\" data-target=\"#f568420335e9038c4\" href=\"#f568420335e9038c4\"><span class=\"fusion-toggle-icon-wrapper\" aria-hidden=\"true\"><i class=\"fa-fusion-box active-icon awb-icon-minus\" aria-hidden=\"true\"><\/i><i class=\"fa-fusion-box inactive-icon awb-icon-plus\" aria-hidden=\"true\"><\/i><\/span><span class=\"fusion-toggle-heading\">Insel Mainau<\/span><\/a><\/h4><\/div><div id=\"f568420335e9038c4\" class=\"panel-collapse collapse \" aria-labelledby=\"toggle_f568420335e9038c4\"><div class=\"panel-body toggle-content fusion-clearfix\">\n<p>Bedingt durch das g\u00fcnstige\u00a0Bodenseeklima\u00a0wachsen auf dem tropfenf\u00f6rmigen Eiland Palmen und andere\u00a0mediterrane\u00a0Pflanzen im Schlosspark. Wegen ihrer reichen\u00a0subtropischen, teilweise auch\u00a0tropischen\u00a0Vegetation\u00a0wird die Mainau auch als \u201eBlumeninsel im Bodensee\u201c bezeichnet. (Quelle: wikipedia)<\/p>\n<p><b><\/b>weitere Informationen <a href=\"https:\/\/www.mainau.de\/de\/\" target=\"_blank\" rel=\"noopener\">[&#8230;]<\/a><\/p>\n<\/div><\/div><\/div><div class=\"fusion-panel panel-default panel-ad59e7ae38b184c11 fusion-toggle-no-divider fusion-toggle-boxed-mode\"><div class=\"panel-heading\"><h4 class=\"panel-title toggle\" id=\"toggle_ad59e7ae38b184c11\"><a aria-expanded=\"false\" aria-controls=\"ad59e7ae38b184c11\" role=\"button\" data-toggle=\"collapse\" data-target=\"#ad59e7ae38b184c11\" href=\"#ad59e7ae38b184c11\"><span class=\"fusion-toggle-icon-wrapper\" aria-hidden=\"true\"><i class=\"fa-fusion-box active-icon awb-icon-minus\" aria-hidden=\"true\"><\/i><i class=\"fa-fusion-box inactive-icon awb-icon-plus\" aria-hidden=\"true\"><\/i><\/span><span class=\"fusion-toggle-heading\">Pfahlbaumuseum Unteruhldingen<\/span><\/a><\/h4><\/div><div id=\"ad59e7ae38b184c11\" class=\"panel-collapse collapse \" aria-labelledby=\"toggle_ad59e7ae38b184c11\"><div class=\"panel-body toggle-content fusion-clearfix\">\n<p><b><\/b>Das von einem Verein getragene\u00a0 Pfahlbaumuseum Unteruhldingen ist mit 23 rekonstruierten H\u00e4usern aus der Stein- und Bronzezeit das gr\u00f6\u00dfte\u00a0 arch\u00e4ologische Freilichtmuseum Deutschlands. Im Sommer 2011 wurden die \u201ePfahlbauten rund um die Alpen\u201c zum Weltkulturerbe der UNESCO erkl\u00e4rt. Im Pfahlbaumuseum wird die Welt dieser Menschen anhand von Rekonstruktionen in sechs D\u00f6rfern sichtbar gemacht.<\/p>\n<p>Unteruhldingen liegt an der Bundestra\u00dfe \u00dcberlingen \u2013 Meersburg. Parken sollten Sie an dem Parkplatz direkt an der Bundesstra\u00dfe.<\/p>\n<p>weitere Informationen <a href=\"http:\/\/www.pfahlbauten.de\/\" target=\"_blank\" rel=\"noopener\">[&#8230;]<\/a><\/p>\n<\/div><\/div><\/div><div class=\"fusion-panel panel-default panel-885fbc3cfc0c64009 fusion-toggle-no-divider fusion-toggle-boxed-mode\"><div class=\"panel-heading\"><h4 class=\"panel-title toggle\" id=\"toggle_885fbc3cfc0c64009\"><a aria-expanded=\"false\" aria-controls=\"885fbc3cfc0c64009\" role=\"button\" data-toggle=\"collapse\" data-target=\"#885fbc3cfc0c64009\" href=\"#885fbc3cfc0c64009\"><span class=\"fusion-toggle-icon-wrapper\" aria-hidden=\"true\"><i class=\"fa-fusion-box active-icon awb-icon-minus\" aria-hidden=\"true\"><\/i><i class=\"fa-fusion-box inactive-icon awb-icon-plus\" aria-hidden=\"true\"><\/i><\/span><span class=\"fusion-toggle-heading\">Reutem\u00fchle bei Bambergen (\u00dcberlingen)<\/span><\/a><\/h4><\/div><div id=\"885fbc3cfc0c64009\" class=\"panel-collapse collapse \" aria-labelledby=\"toggle_885fbc3cfc0c64009\"><div class=\"panel-body toggle-content fusion-clearfix\">\n<p>Deutschlands idyllischer und artenreichster Erlebnis- Bauernhof, das familienfreundliche Ausflugsziel, bietet in eindrucksvoller und l\u00e4ndlicher Atmosph\u00e4re den unmittelbaren Kontakt zu einer unglaublichen Anzahl (220 Tierarten) von Haustierrassen und Exoten. Besonders f\u00fcr Kinder werden das F\u00fcttern der Tiere oder das Rumtoben auf dem Spielplatz zu einem unvergesslichen Erlebnis. Das preiswerte Essen in unserem Restaurant Kellerschenke sorgt f\u00fcr Ihr leibliches Wohl.<\/p>\n<p>Noch vor der Abzweigung Bambergen liegt die Reuthem\u00fchle\u00a0 etwas abseits\u00a0 an der Landstra\u00dfe zwischen \u00dcberlingen Richtung Denkingen.\u00a0 Der Zugang kostet Eintrittsgeld.<\/p>\n<p><b><\/b>weitere Informationen <a href=\"http:\/\/www.haustierhof-reutemuehle.de\/\" target=\"_blank\" rel=\"noopener\">[&#8230;]<\/a><\/p>\n<\/div><\/div><\/div><\/div><\/div><div class=\"fusion-flip-boxes flip-boxes row fusion-columns-1 flip-effect-classic\"><div class=\"fusion-flip-box-wrapper fusion-column col-lg-12 col-md-12 col-sm-12\"><div class=\"fusion-flip-box flip-right\" tabindex=\"0\"><div class=\"flip-box-inner-wrapper\"><div class=\"flip-box-front\" style=\"--awb-icon-color:#00bcd4;--awb-circle-color:rgba(255,255,255,0.9);--awb-circle-border-color:#00bcd4;--awb-background-color-front:#ffffff;\"><div class=\"flip-box-front-inner\"><div class=\"flip-box-grafix flip-box-circle\"><i aria-hidden=\"true\" class=\"fa-lightbulb far\"><\/i><\/div><h2 class=\"flip-box-heading without-text\">Ausflugsziele \/ Sehensw\u00fcrdigkeiten Bodensee<\/h2><\/div><\/div><div class=\"flip-box-back\" style=\"--awb-icon-color:#00bcd4;--awb-circle-color:rgba(255,255,255,0.9);--awb-circle-border-color:#00bcd4;--awb-background-color-back:#00bcd4;\"><div class=\"flip-box-back-inner\"><h3 class=\"flip-box-heading-back\">noch mehr<\/h3>\n<p><strong>Ausflugsziele und Sehensw\u00fcrdigkeiten am Bodensee finden Sie hier <a style=\"color: #ffffff;\" href=\"https:\/\/www.bodenseeferien.de\/freizeit\/ausflugsziele\/\" target=\"_blank\" rel=\"noopener\">[\u2026]<\/a><\/strong><\/p>\n<\/div><\/div><\/div><\/div><\/div><\/div><div class=\"clearfix\"><\/div><div class=\"fusion-clearfix\"><\/div><\/div><\/div><div class=\"fusion-layout-column fusion_builder_column fusion-builder-column-8 fusion_builder_column_1_3 1_3 fusion-one-third fusion-column-last\" style=\"--awb-bg-size:cover;width:33.333333333333%;width:calc(33.333333333333% - ( ( 4% + 4% ) * 0.33333333333333 ) );\"><div class=\"fusion-column-wrapper fusion-flex-column-wrapper-legacy\"><div class=\"fusion-title title fusion-title-4 fusion-sep-none fusion-title-center fusion-title-text fusion-title-size-two\" style=\"--awb-text-color:#333333;--awb-margin-top-small:0px;--awb-margin-right-small:0px;--awb-margin-bottom-small:20px;--awb-margin-left-small:0px;--awb-sep-color:#333333;--awb-font-size:28px;\"><h2 class=\"fusion-title-heading title-heading-center fusion-responsive-typography-calculated\" style=\"margin:0;font-size:1em;--fontSize:28;line-height:1.5;\">&#8230; im Donautal<\/h2><\/div><div class=\"accordian fusion-accordian\" style=\"--awb-border-size:1px;--awb-icon-size:13px;--awb-content-font-size:12px;--awb-icon-alignment:left;--awb-hover-color:#f9f9f9;--awb-border-color:#cccccc;--awb-background-color:#ffffff;--awb-divider-color:#e0dede;--awb-divider-hover-color:#e0dede;--awb-icon-color:#ffffff;--awb-title-color:#000000;--awb-content-color:#000000;--awb-icon-box-color:#333333;--awb-toggle-hover-accent-color:#8bc34a;--awb-title-font-family:Arial, Helvetica, sans-serif;--awb-title-font-weight:700;--awb-title-font-style:normal;--awb-title-font-size:13px;--awb-content-font-family:Arial, Helvetica, sans-serif;--awb-content-font-style:normal;--awb-content-font-weight:400;\"><div class=\"panel-group fusion-toggle-icon-boxed\" id=\"accordion-253-3\"><div class=\"fusion-panel panel-default panel-8e4328d43708d4349 fusion-toggle-no-divider fusion-toggle-boxed-mode\"><div class=\"panel-heading\"><h4 class=\"panel-title toggle\" id=\"toggle_8e4328d43708d4349\"><a aria-expanded=\"false\" aria-controls=\"8e4328d43708d4349\" role=\"button\" data-toggle=\"collapse\" data-target=\"#8e4328d43708d4349\" href=\"#8e4328d43708d4349\"><span class=\"fusion-toggle-icon-wrapper\" aria-hidden=\"true\"><i class=\"fa-fusion-box active-icon awb-icon-minus\" aria-hidden=\"true\"><\/i><i class=\"fa-fusion-box inactive-icon awb-icon-plus\" aria-hidden=\"true\"><\/i><\/span><span class=\"fusion-toggle-heading\">Buchheim \u2013 Aussichtsturm Buchemer Hans<\/span><\/a><\/h4><\/div><div id=\"8e4328d43708d4349\" class=\"panel-collapse collapse \" aria-labelledby=\"toggle_8e4328d43708d4349\"><div class=\"panel-body toggle-content fusion-clearfix\">\n<p>Von der \u00e4ltesten Kirche in Buchheim ist heute noch der Turm vorhanden und als Aussichtsturm hergerichtet. Urkundlich l\u00e4\u00dft sich die Erstellung nicht mehr nachweisen; jedoch sind im Turm noch gotische Fenster und Verzierungen zu erkennen, die eine Bauzeit zwischen 1200 und 1250, jedenfalls nicht vor 1200, annehmen lassen. Der Eingang lag auf der Westseite, und der Turm umschlo\u00df den Chor. Als gesch\u00fctzte Baudenkmale lie\u00df das Bezirksamt Me\u00dfkirch 1927 den alten Kirchturm auf dem Friedhof, R\u00f6merturm oder &#8222;Buchheimer Hans&#8220; genannt, dessen Bauzeit zwischen 1400 und 1500 liegen soll, und die Pfarrkirche mit Turm, erbaut 1741-1742, in das Denkmalbuch eintragen.<\/p>\n<p>1897 lie\u00dfen der Schw\u00e4bische Albverein und die Gemeinde Buchheim gemeinschaftlich den alten Turm instandsetzen und 1938 erneut ausbessern. Dabei wurde er begehbar gemacht, das Satteldach war abgetragen, die Aussichtplattform durch Eisenbr\u00fcstung gesichert. Eine vollst\u00e4ndige Renovation war f\u00fcr 1978 vorgesehen. Die grundlegende Renovierung des Turmes, der zu verfallen drohte, begann dann erst aber 1980. Der F\u00f6rderverein &#8222;Buchheimer Hans&#8220; war dabei federf\u00fchrend und fand bei der Bev\u00f6lkerung beispielhafte Mithilfe.<br \/>\nDie Erneuerung umfasste folgende Einzelma\u00dfnahmen:<br \/>\nVerstebungen machten den Turm stabil.<br \/>\nNeuer Putz und neuer Anstrich waren erforderlich.<br \/>\nEin Walmdach wurde aufgesetzt.<br \/>\nEin guter Treppenaufgang wurde eingebracht.<\/p>\n<p>Der Buchheimer Hans ist wie in alten Zeiten wichtiger Orientierungspunkt in unserer Landschaft und das Buchheimer Wahrzeichen.<\/p>\n<p>Der Turm steht an der Kreisstra\u00dfe aus Richtung Worndorf noch vor dem Ortseingang Buchheim neben dem Friedhof.<\/p>\n<p><b><\/b>weitere Informationen\u00a0<a href=\"http:\/\/www.gemeinde-buchheim.eu\/servlet\/PB\/menu\/1315336_l1\/index.html\" target=\"_blank\" rel=\"noopener\">[&#8230;]<\/a><\/p>\n<\/div><\/div><\/div><div class=\"fusion-panel panel-default panel-77590533b07b5117a fusion-toggle-no-divider fusion-toggle-boxed-mode\"><div class=\"panel-heading\"><h4 class=\"panel-title toggle\" id=\"toggle_77590533b07b5117a\"><a aria-expanded=\"false\" aria-controls=\"77590533b07b5117a\" role=\"button\" data-toggle=\"collapse\" data-target=\"#77590533b07b5117a\" href=\"#77590533b07b5117a\"><span class=\"fusion-toggle-icon-wrapper\" aria-hidden=\"true\"><i class=\"fa-fusion-box active-icon awb-icon-minus\" aria-hidden=\"true\"><\/i><i class=\"fa-fusion-box inactive-icon awb-icon-plus\" aria-hidden=\"true\"><\/i><\/span><span class=\"fusion-toggle-heading\">Burg Wildenstein \u2013 Leibertingen<\/span><\/a><\/h4><\/div><div id=\"77590533b07b5117a\" class=\"panel-collapse collapse \" aria-labelledby=\"toggle_77590533b07b5117a\"><div class=\"panel-body toggle-content fusion-clearfix\">\n<p>Eine der besterhaltenen Burganlagen Deutschlands und zugleich eine Jugendherberge. Besucher k\u00f6nnen die Anlage erkunden, einen Walderlebnispfad besuchen, sich auf einem Grillplatz st\u00e4rken. Am Rand des Donautals gelegen, l\u00e4sst sich von hier schnell das Kloster Beuron erreichen. Natur pur k\u00f6nnen die Besucher zudem bei Wanderungen rund um die Burg aus dem 13. Jahrhundert mit herrlichem Ausblick ins Donautal erleben. Die Anreise nach Leibertingen erfolgt \u00fcber Stockach oder Tuttlingen.<\/p>\n<p><b><\/b>weitere Informationen\u00a0<a href=\"http:\/\/leibertingen-wildenstein.jugendherberge-bw.de\/\" target=\"_blank\" rel=\"noopener\">[&#8230;]<\/a><\/p>\n<\/div><\/div><\/div><div class=\"fusion-panel panel-default panel-4b0f10a78c35a738b fusion-toggle-no-divider fusion-toggle-boxed-mode\"><div class=\"panel-heading\"><h4 class=\"panel-title toggle\" id=\"toggle_4b0f10a78c35a738b\"><a aria-expanded=\"false\" aria-controls=\"4b0f10a78c35a738b\" role=\"button\" data-toggle=\"collapse\" data-target=\"#4b0f10a78c35a738b\" href=\"#4b0f10a78c35a738b\"><span class=\"fusion-toggle-icon-wrapper\" aria-hidden=\"true\"><i class=\"fa-fusion-box active-icon awb-icon-minus\" aria-hidden=\"true\"><\/i><i class=\"fa-fusion-box inactive-icon awb-icon-plus\" aria-hidden=\"true\"><\/i><\/span><span class=\"fusion-toggle-heading\">Kloster Beuron<\/span><\/a><\/h4><\/div><div id=\"4b0f10a78c35a738b\" class=\"panel-collapse collapse \" aria-labelledby=\"toggle_4b0f10a78c35a738b\"><div class=\"panel-body toggle-content fusion-clearfix\">\n<p><b><\/b>Eine Perle ist die Klosteranlage Beuron mit seiner barocken\u00a0 Abteikirche der Benediktiner. Parkm\u00f6glichkeiten gibt es ausreichend unterhalb des Klosters.<\/p>\n<p>weitere Informationen\u00a0<a href=\"http:\/\/www.erzabtei-beuron.de\/\" target=\"_blank\" rel=\"noopener\">[&#8230;]<\/a><\/p>\n<\/div><\/div><\/div><\/div><\/div><div class=\"fusion-flip-boxes flip-boxes row fusion-columns-1 flip-effect-classic\"><div class=\"fusion-flip-box-wrapper fusion-column col-lg-12 col-md-12 col-sm-12\"><div class=\"fusion-flip-box flip-right\" tabindex=\"0\"><div class=\"flip-box-inner-wrapper\"><div class=\"flip-box-front\" style=\"--awb-icon-color:#8bc34a;--awb-circle-color:rgba(255,255,255,0.9);--awb-circle-border-color:#8bc34a;--awb-background-color-front:#ffffff;\"><div class=\"flip-box-front-inner\"><div class=\"flip-box-grafix flip-box-circle\"><i aria-hidden=\"true\" class=\"fa-lightbulb far\"><\/i><\/div><h2 class=\"flip-box-heading without-text\">Ausflugsziele \/ Sehensw\u00fcrdigkeiten Donautal<\/h2><\/div><\/div><div class=\"flip-box-back\" style=\"--awb-icon-color:#8bc34a;--awb-circle-color:rgba(255,255,255,0.9);--awb-circle-border-color:#8bc34a;--awb-background-color-back:#8bc34a;\"><div class=\"flip-box-back-inner\"><h3 class=\"flip-box-heading-back\">noch mehr<\/h3>\n<p><strong>Ausflugsziele und Sehensw\u00fcrdigkeiten im Donautal finden Sie hier <a style=\"color: #ffffff;\" href=\"http:\/\/www.donautalurlaub.de\/de\/sehenswuerdigkeiten.php\" target=\"_blank\" rel=\"noopener\">[\u2026]<\/a><\/strong><\/p>\n<\/div><\/div><\/div><\/div><\/div><\/div><div class=\"clearfix\"><\/div><div class=\"fusion-clearfix\"><\/div><\/div><\/div><\/div><\/div><div class=\"fusion-fullwidth fullwidth-box fusion-builder-row-6 nonhundred-percent-fullwidth non-hundred-percent-height-scrolling\" style=\"--awb-border-radius-top-left:0px;--awb-border-radius-top-right:0px;--awb-border-radius-bottom-right:0px;--awb-border-radius-bottom-left:0px;--awb-flex-wrap:wrap;\" ><div class=\"fusion-builder-row fusion-row\"><div class=\"fusion-layout-column fusion_builder_column fusion-builder-column-9 fusion_builder_column_1_1 1_1 fusion-one-full fusion-column-first fusion-column-last\" style=\"--awb-bg-size:cover;\"><div class=\"fusion-column-wrapper fusion-flex-column-wrapper-legacy\"><div class=\"fusion-clearfix\"><\/div><\/div><\/div><\/div><\/div><\/p>\n","protected":false},"excerpt":{"rendered":"","protected":false},"author":1,"featured_media":0,"parent":0,"menu_order":0,"comment_status":"closed","ping_status":"closed","template":"","meta":{"footnotes":""},"class_list":["post-253","page","type-page","status-publish","hentry"],"publishpress_future_action":{"enabled":false,"date":"2026-05-08 11:54:33","action":"change-status","newStatus":"draft","terms":[],"taxonomy":"","extraData":[]},"publishpress_future_workflow_manual_trigger":{"enabledWorkflows":[]},"_links":{"self":[{"href":"https:\/\/muehlingen.de\/index.php?rest_route=\/wp\/v2\/pages\/253","targetHints":{"allow":["GET"]}}],"collection":[{"href":"https:\/\/muehlingen.de\/index.php?rest_route=\/wp\/v2\/pages"}],"about":[{"href":"https:\/\/muehlingen.de\/index.php?rest_route=\/wp\/v2\/types\/page"}],"author":[{"embeddable":true,"href":"https:\/\/muehlingen.de\/index.php?rest_route=\/wp\/v2\/users\/1"}],"replies":[{"embeddable":true,"href":"https:\/\/muehlingen.de\/index.php?rest_route=%2Fwp%2Fv2%2Fcomments&post=253"}],"version-history":[{"count":8,"href":"https:\/\/muehlingen.de\/index.php?rest_route=\/wp\/v2\/pages\/253\/revisions"}],"predecessor-version":[{"id":1565,"href":"https:\/\/muehlingen.de\/index.php?rest_route=\/wp\/v2\/pages\/253\/revisions\/1565"}],"wp:attachment":[{"href":"https:\/\/muehlingen.de\/index.php?rest_route=%2Fwp%2Fv2%2Fmedia&parent=253"}],"curies":[{"name":"wp","href":"https:\/\/api.w.org\/{rel}","templated":true}]}}