{"id":265,"date":"2018-04-10T11:42:42","date_gmt":"2018-04-10T09:42:42","guid":{"rendered":"http:\/\/muehlingen.de\/wordpress_01\/?page_id=265"},"modified":"2025-02-18T10:28:35","modified_gmt":"2025-02-18T09:28:35","slug":"datenschutz","status":"publish","type":"page","link":"https:\/\/muehlingen.de\/?page_id=265","title":{"rendered":"Datenschutz"},"content":{"rendered":"<p><div class=\"fusion-fullwidth fullwidth-box fusion-builder-row-1 nonhundred-percent-fullwidth non-hundred-percent-height-scrolling\" style=\"--awb-border-radius-top-left:0px;--awb-border-radius-top-right:0px;--awb-border-radius-bottom-right:0px;--awb-border-radius-bottom-left:0px;--awb-flex-wrap:wrap;\" ><div class=\"fusion-builder-row fusion-row\"><div class=\"fusion-layout-column fusion_builder_column fusion-builder-column-0 fusion_builder_column_1_1 1_1 fusion-one-full fusion-column-first fusion-column-last\" style=\"--awb-bg-size:cover;--awb-margin-top:24px;--awb-margin-bottom:0px;\"><div class=\"fusion-column-wrapper fusion-flex-column-wrapper-legacy\"><div class=\"fusion-text fusion-text-1\"><p><span style=\"color: #ffffff;\"><strong>Wir, die Gemeinde M\u00fchlingen vertreten durch Herrn B\u00fcrgermeister Thorsten Scigliano (im Folgenden \u201cwir\/unser(e)&#8220;), nehmen den Schutz Ihrer pers\u00f6nlichen Daten sehr ernst und halten uns streng an alle geltenden Gesetze und Vorschriften zum Datenschutz, insbesondere an die Datenschutzgrundverordnung, (DSGVO), das Bundesdatenschutzgesetz (BDSG), das Landesdatenschutzgesetz (LDSG) und das Telemediengesetz (TMG). Die folgenden Erl\u00e4uterungen geben Ihnen einen \u00dcberblick dar\u00fcber, wie wir diesen Schutz sicherstellen und welche Daten wir zu welchem Zweck verarbeiten.<\/strong><\/span><\/p>\n<\/div><div class=\"fusion-clearfix\"><\/div><\/div><\/div><\/div><\/div><div class=\"fusion-fullwidth fullwidth-box fusion-builder-row-2 nonhundred-percent-fullwidth non-hundred-percent-height-scrolling\" style=\"--awb-border-radius-top-left:0px;--awb-border-radius-top-right:0px;--awb-border-radius-bottom-right:0px;--awb-border-radius-bottom-left:0px;--awb-flex-wrap:wrap;\" ><div class=\"fusion-builder-row fusion-row\"><div class=\"fusion-layout-column fusion_builder_column fusion-builder-column-1 fusion_builder_column_1_1 1_1 fusion-one-full fusion-column-first fusion-column-last\" style=\"--awb-bg-size:cover;--awb-margin-bottom:0px;\"><div class=\"fusion-column-wrapper fusion-flex-column-wrapper-legacy\"><div class=\"fusion-text fusion-text-2\"><h2 class=\"\" style=\"--fontsize: 24; line-height: 1.5;\" data-fontsize=\"24\" data-lineheight=\"36px\"><span style=\"color: #ffffff;\"><strong>Datenschutzerkl\u00e4rung<\/strong><\/span><\/h2>\n<hr>\n<p><span style=\"color: #ffffff;\"><strong>Stand 03\/2021<\/strong><\/span><\/p>\n<p><span style=\"color: #ffffff;\"><strong>Personenbezogene Daten (nachfolgend zumeist nur \u201dDaten\u201d genannt) werden von uns nur im Rahmen der Erforderlichkeit sowie zum Zwecke der Bereitstellung eines funktionsf\u00e4higen und nutzerfreundlichen Internetauftritts, inklusive seiner Inhalte und der dort angebotenen Leistungen, verarbeitet.<\/strong><\/span><\/p>\n<p><span style=\"color: #ffffff;\"><strong>Gem\u00e4\u00df Art. 4 Ziffer 1. der Verordnung (EU) 2016\/679, also der Datenschutz-Grundverordnung (nachfolgend nur \u201cDSGVO\u201d genannt), gilt als \u201cVerarbeitung\u201d jeder mit oder ohne Hilfe automatisierter Verfahren ausgef\u00fchrter Vorgang oder jede solche Vorgangsreihe im Zusammenhang mit personenbezogenen Daten, wie das Erheben, das Erfassen, die Organisation, das Ordnen, die Speicherung, die Anpassung oder Ver\u00e4nderung, das Auslesen, das Abfragen, die Verwendung, die Offenlegung durch \u00dcbermittlung, Verbreitung oder eine andere Form der Bereitstellung, den Abgleich oder die Verkn\u00fcpfung, die Einschr\u00e4nkung, das L\u00f6schen oder die Vernichtung.<\/strong><\/span><\/p>\n<p><span style=\"color: #ffffff;\"><strong>Mit der nachfolgenden Datenschutzerkl\u00e4rung informieren wir Sie insbesondere \u00fcber Art, Umfang, Zweck, Dauer und Rechtsgrundlage der Verarbeitung personenbezogener Daten, soweit wir entweder allein oder gemeinsam mit anderen \u00fcber die Zwecke und Mittel der Verarbeitung entscheiden. Zudem informieren wir Sie nachfolgend \u00fcber die von uns zu Optimierungszwecken sowie zur Steigerung der Nutzungsqualit\u00e4t eingesetzten Fremdkomponenten, soweit hierdurch Dritte Daten in wiederum eigener Verantwortung verarbeiten.<\/strong><\/span><\/p>\n<\/div><div class=\"fusion-clearfix\"><\/div><\/div><\/div><\/div><\/div><div class=\"fusion-fullwidth fullwidth-box fusion-builder-row-3 nonhundred-percent-fullwidth non-hundred-percent-height-scrolling\" style=\"--awb-border-radius-top-left:0px;--awb-border-radius-top-right:0px;--awb-border-radius-bottom-right:0px;--awb-border-radius-bottom-left:0px;--awb-flex-wrap:wrap;\" ><div class=\"fusion-builder-row fusion-row\"><div class=\"fusion-layout-column fusion_builder_column fusion-builder-column-2 fusion_builder_column_1_1 1_1 fusion-one-full fusion-column-first fusion-column-last\" style=\"--awb-bg-size:cover;--awb-margin-bottom:0px;\"><div class=\"fusion-column-wrapper fusion-flex-column-wrapper-legacy\"><div class=\"fusion-text fusion-text-3\"><h3 class=\"fusion-responsive-typography-calculated\" style=\"--fontsize: 20; line-height: 1.5; --minfontsize: 20; font-size: 16px; --fontSize: 16; --minFontSize: 16;\" data-fontsize=\"16\" data-lineheight=\"24px\" data-fusion-font=\"true\"><span style=\"color: #ffffff;\"><strong>Informationen \u00fcber uns als Verantwortliche<\/strong><\/span><\/h3>\n<hr>\n<h4 class=\"fusion-responsive-typography-calculated\" style=\"--fontsize: 16; line-height: 1.5; --minfontsize: 16; --fontSize: 16; --minFontSize: 16;\" data-fontsize=\"16\" data-lineheight=\"24px\"><span style=\"color: #ffffff;\"><strong>Kontaktdaten des Verantwortlichen<\/strong><\/span><\/h4>\n<p><span style=\"color: #ffffff;\"><strong>Verantwortlicher i.S.d. Art. 4 Nr. 7 DSGVO ist die nat\u00fcrliche oder juristische Person, die allein oder gemeinsam mit anderen \u00fcber die Zwecke und Mittel der Verarbeitung von personbezogenen Daten (z.B. Namen, E-Mail-Adressen o.\u00c4.) entscheidet.<\/strong><\/span><\/p>\n<p><span style=\"color: #ffffff;\"><strong>Gemeindeverwaltung M\u00fchlingen<\/strong><\/span><br \/><span style=\"color: #ffffff;\"><strong>B\u00fcrgermeister Thorsten Scigliano<\/strong><\/span><br \/><span style=\"color: #ffffff;\"><strong>Im G\u00f6hren 2<\/strong><\/span><br \/><span style=\"color: #ffffff;\"><strong>78357 M\u00fchlingen<\/strong><\/span><\/p>\n<p><span style=\"color: #ffffff;\"><strong>Telefon: 07775 9303 0<\/strong><\/span><br \/><span style=\"color: #ffffff;\"><strong>Fax: 07775 9303 19<\/strong><\/span><br \/><span style=\"color: #ffffff;\"><strong>Mail:<\/strong> <strong><a style=\"color: #ffffff;\" href=\"mailto:buergermeister@muehlingen.de\">buergermeister@muehlingen.de<\/a><\/strong><\/span><\/p>\n<h4 class=\"fusion-responsive-typography-calculated\" style=\"--fontsize: 16; line-height: 1.5; --minfontsize: 16; --fontSize: 16; --minFontSize: 16;\" data-fontsize=\"16\" data-lineheight=\"24px\"><strong><span style=\"color: #ffffff;\">Kontaktdaten des Datenschutzbeauftragten<\/span><\/strong><\/h4>\n<p><strong><span style=\"color: #ffffff;\">Den beh\u00f6rdlichen Datenschutzbeauftragten der Gemeinde M\u00fchlingen erreichen Sie unter:<\/span><\/strong><\/p>\n<p><b><span style=\"font-family: var(--awb-text-font-family); font-size: var(--awb-font-size); font-style: var(--awb-text-font-style); letter-spacing: var(--awb-letter-spacing); text-align: var(--awb-content-alignment); text-transform: var(--awb-text-transform); background-color: var(--awb-bg-color); color: var(--awb-color1);\">Komm.ONE A\u00f6R<\/span><br \/><span style=\"font-family: var(--awb-text-font-family); font-size: var(--awb-font-size); font-style: var(--awb-text-font-style); letter-spacing: var(--awb-letter-spacing); text-align: var(--awb-content-alignment); text-transform: var(--awb-text-transform); background-color: var(--awb-bg-color); color: var(--awb-color1);\">Weissacher Str. 15<\/span><br \/><span style=\"font-family: var(--awb-text-font-family); font-size: var(--awb-font-size); font-style: var(--awb-text-font-style); letter-spacing: var(--awb-letter-spacing); text-align: var(--awb-content-alignment); text-transform: var(--awb-text-transform); background-color: var(--awb-bg-color); color: var(--awb-color1);\">70499 Stuttgart<\/span><br \/><span style=\"background-color: var(--awb-bg-color-hover); font-family: var(--awb-text-font-family); font-size: var(--awb-font-size); font-style: var(--awb-text-font-style); letter-spacing: var(--awb-letter-spacing); text-align: var(--awb-content-alignment); text-transform: var(--awb-text-transform); color: var(--awb-color1);\">Mail: datenschutzbeauftragte@komm.one<\/span><\/b><\/p>\n<\/div><div class=\"fusion-clearfix\"><\/div><\/div><\/div><\/div><\/div><div class=\"fusion-fullwidth fullwidth-box fusion-builder-row-4 nonhundred-percent-fullwidth non-hundred-percent-height-scrolling\" style=\"--awb-border-radius-top-left:0px;--awb-border-radius-top-right:0px;--awb-border-radius-bottom-right:0px;--awb-border-radius-bottom-left:0px;--awb-flex-wrap:wrap;\" ><div class=\"fusion-builder-row fusion-row\"><div class=\"fusion-layout-column fusion_builder_column fusion-builder-column-3 fusion_builder_column_1_1 1_1 fusion-one-full fusion-column-first fusion-column-last\" style=\"--awb-bg-size:cover;--awb-margin-bottom:0px;\"><div class=\"fusion-column-wrapper fusion-flex-column-wrapper-legacy\"><div class=\"fusion-text fusion-text-4\"><h3 class=\"fusion-responsive-typography-calculated\" style=\"--fontsize: 20; line-height: 1.5; --minfontsize: 20; font-size: 16px;\" data-fontsize=\"20\" data-lineheight=\"30px\" data-fusion-font=\"true\"><span style=\"color: #ffffff;\">Rechte der Nutzer und Betroffenen<\/span><\/h3>\n<ol>\n<li><span style=\"color: #ffffff;\"><strong>Auskunftsrecht<\/strong> Art. 15 DSGVO<\/span><br \/>\n<span style=\"color: #ffffff;\">Sie haben das Recht, von uns eine Best\u00e4tigung dar\u00fcber zu verlangen, ob wir Sie betreffende personenbezogene Daten verarbeiten.<\/span><br \/>\n<span style=\"color: #ffffff;\">Senden Sie hierf\u00fcr bitte einfach eine eMail an <a style=\"color: #ffffff;\" href=\"mailto:rathaus@muehlingen.de\" target=\"_blank\" rel=\"noopener noreferrer\"><b>rathaus@muehlingen.de<\/b><\/a>.<\/span><\/li>\n<li><span style=\"color: #ffffff;\"><strong>Berichtigungsrecht<\/strong> Art. 16 DSGVO<\/span><br \/>\n<span style=\"color: #ffffff;\">Sie haben das Recht, dass Sie betreffende unrichtige personenbezogene Daten unverz\u00fcglich berichtigt werden (Recht auf Berichtigung).<\/span><br \/>\n<span style=\"color: #ffffff;\">Senden Sie hierf\u00fcr bitte einfach eine eMail an <a style=\"color: #ffffff;\" href=\"mailto:rathaus@muehlingen.de\" target=\"_blank\" rel=\"noopener noreferrer\"><b>rathaus@muehlingen.de<\/b><\/a>.<\/span><\/li>\n<li><span style=\"color: #ffffff;\"><strong>Recht auf L\u00f6schung<\/strong> Art. 17 DSGVO<\/span><br \/>\n<span style=\"color: #ffffff;\">Sie haben das Recht, dass Sie betreffende personenbezogene Daten unverz\u00fcglich gel\u00f6scht werden (Recht auf L\u00f6schung).<\/span><br \/>\n<span style=\"color: #ffffff;\">Senden Sie hierf\u00fcr bitte einfach eine eMail an <a style=\"color: #ffffff;\" href=\"mailto:rathaus@muehlingen.de\" target=\"_blank\" rel=\"noopener noreferrer\"><b>rathaus@muehlingen.de<\/b><\/a>.<\/span><\/li>\n<li><span style=\"color: #ffffff;\"><strong>Recht auf Einschr\u00e4nkung<\/strong> Art. 18 DSGVOSie haben das Recht, dass die Verarbeitung der Sie betreffenden personenbezogenen Daten eingeschr\u00e4nkt wird (Recht auf Einschr\u00e4nken der Verarbeitung).<\/span><br \/>\n<span style=\"color: #ffffff;\">Senden Sie hierf\u00fcr bitte einfach eine eMail an <a style=\"color: #ffffff;\" href=\"mailto:rathaus@muehlingen.de\" target=\"_blank\" rel=\"noopener noreferrer\"><b>rathaus@muehlingen.de<\/b><\/a>.<\/span><\/li>\n<li><span style=\"color: #ffffff;\"><strong>Recht auf \u00dcbertragbarkeit<\/strong> Art. 20 DSGVO<\/span><br \/>\n<span style=\"color: #ffffff;\">Sie haben das Recht, Sie betreffende personenbezogene Daten, die Sie uns bereitgestellt haben, in einem strukturierten, g\u00e4ngigen und maschinenlesbaren Format zu erhalten und diese Daten einem anderen Verantwortlichen zu \u00fcbermitteln.<\/span><br \/>\n<span style=\"color: #ffffff;\">Senden Sie hierf\u00fcr bitte einfach eine eMail an <a style=\"color: #ffffff;\" href=\"mailto:rathaus@muehlingen.de\" target=\"_blank\" rel=\"noopener noreferrer\"><b>rathaus@muehlingen.de<\/b><\/a>.<\/span><\/li>\n<li><span style=\"color: #ffffff;\"><strong>Widerruf der Einwilligung<\/strong> Art. 7 Abs.3 DSGVO<\/span><br \/>\n<span style=\"color: #ffffff;\">Sie haben das Recht, Ihre Einwilligung jederzeit zu widerrufen. Durch den Widerruf der Einwilligung wird die Rechtm\u00e4\u00dfigkeit der aufgrund der Einwilligung bis zum Widerruf erfolgten Verarbeitung nicht ber\u00fchrt.<\/span><br \/>\n<span style=\"color: #ffffff;\">Senden Sie hierf\u00fcr bitte einfach eine eMail an <a style=\"color: #ffffff;\" href=\"mailto:rathaus@muehlingen.de\" target=\"_blank\" rel=\"noopener noreferrer\"><b>rathaus@muehlingen.de<\/b><\/a>.<\/span><\/li>\n<li><span style=\"color: #ffffff;\"><strong>Widerspruchsrecht<\/strong> Art. 21 DSGVO<\/span><br \/>\n<span style=\"color: #ffffff;\">Ist die Verarbeitung Sie betreffender personenbezogenen Daten f\u00fcr die Wahrnehmung einer Aufgabe, die im \u00f6ffentlichen Interesse liegt (Art. 6 Abs. 1 lit. e) DSGVO) oder zur Wahrung unserer berechtigten Interessen (Art. 6 Abs. 1 lit. f) DSGVO) erforderlich, steht Ihnen ein Widerspruchsrecht zu.<\/span><br \/>\n<span style=\"color: #ffffff;\">Senden Sie hierf\u00fcr bitte einfach eine eMail an <a style=\"color: #ffffff;\" href=\"mailto:rathaus@muehlingen.de\" target=\"_blank\" rel=\"noopener noreferrer\"><b>rathaus@muehlingen.de<\/b><\/a>.<\/span><\/li>\n<li><span style=\"color: #ffffff;\"><strong>Beschwerderecht<\/strong> Art. 77 DSGVO<\/span><br \/>\n<span style=\"color: #ffffff;\">Sind Sie der Ansicht, dass die Verarbeitung der Sie betreffenden personenbezogenen Daten gegen die DSGVO verst\u00f6\u00dft, haben Sie unbeschadet anderweitiger Rechtsbehelfe das Recht auf Beschwerde bei einer Aufsichtsbeh\u00f6rde.<\/span><\/li>\n<\/ol>\n<p style=\"padding-left: 80px;\"><span style=\"color: #ffffff;\">Landesdatenschutzbeauftragter f\u00fcr den Datenschutz und Informationsfreiheit Baden-W\u00fcrttemberg<\/span><br \/>\n<span style=\"color: #ffffff;\">Dr. Stephan Brink<\/span><br \/>\n<span style=\"color: #ffffff;\">Hausanschrift: K\u00f6nigstr. 10a, D-70173 Stuttgart<\/span><br \/>\n<span style=\"color: #ffffff;\">Postanschrift: Postfach 10 29 32, 70025 Stuttgart<\/span><br \/>\n<span style=\"color: #ffffff;\">Telefonzentrale: +49 711\/61 55 41-0<\/span><br \/>\n<span style=\"color: #ffffff;\">E-Mail: <a style=\"color: #ffffff;\" href=\"mailto:poststelle@lfdi.bwl.de\" target=\"_blank\" rel=\"noopener noreferrer\"><b>poststelle@lfdi.bwl.de<\/b><\/a><\/span><\/p>\n<p><span style=\"color: #ffffff;\">Der Anbieter ist dazu verpflichtet, alle Empf\u00e4nger, denen gegen\u00fcber Daten durch den Anbieter offengelegt worden sind, \u00fcber jede Berichtigung oder L\u00f6schung von Daten oder die Einschr\u00e4nkung der Verarbeitung, die aufgrund der Artikel 16, 17 Abs. 1, 18 DSGVO erfolgt, zu unterrichten. Diese Verpflichtung besteht jedoch nicht, soweit diese Mitteilung unm\u00f6glich oder mit einem unverh\u00e4ltnism\u00e4\u00dfigen Aufwand verbunden ist. Der Nutzer hat das Recht auf Auskunft \u00fcber diese Empf\u00e4nger.<\/span><\/p>\n<\/div><div class=\"fusion-clearfix\"><\/div><\/div><\/div><\/div><\/div><div class=\"fusion-fullwidth fullwidth-box fusion-builder-row-5 nonhundred-percent-fullwidth non-hundred-percent-height-scrolling\" style=\"--awb-border-radius-top-left:0px;--awb-border-radius-top-right:0px;--awb-border-radius-bottom-right:0px;--awb-border-radius-bottom-left:0px;--awb-flex-wrap:wrap;\" ><div class=\"fusion-builder-row fusion-row\"><div class=\"fusion-layout-column fusion_builder_column fusion-builder-column-4 fusion_builder_column_1_1 1_1 fusion-one-full fusion-column-first fusion-column-last\" style=\"--awb-bg-size:cover;--awb-margin-bottom:0px;\"><div class=\"fusion-column-wrapper fusion-flex-column-wrapper-legacy\"><div class=\"fusion-text fusion-text-5\"><h3 class=\"\" style=\"--fontsize: 20; line-height: 1.5; --minfontsize: 20; font-size: 16px;\" data-fontsize=\"20\" data-lineheight=\"30px\" data-fusion-font=\"true\"><span style=\"color: #ffffff;\">Informationen zur Datenverarbeitung<\/span><\/h3>\n<p><span style=\"color: #ffffff;\">Ihre bei Nutzung unseres Internetauftritts verarbeiteten Daten werden gel\u00f6scht oder gesperrt, sobald der Zweck der Speicherung entf\u00e4llt, der L\u00f6schung der Daten keine gesetzlichen Aufbewahrungspflichten entgegenstehen und nachfolgend keine anderslautenden Angaben zu einzelnen Verarbeitungsverfahren gemacht werden.<\/span><\/p>\n<h4 class=\"\" style=\"--fontsize: 16; line-height: 1.5; --minfontsize: 16;\" data-fontsize=\"16\" data-lineheight=\"24px\"><span style=\"color: #ffffff;\">Serverdaten<\/span><\/h4>\n<p><span style=\"color: #ffffff;\"><strong>Art und Zweck der Verarbeitung<br \/><\/strong>Durch den Internetbrowser werden w\u00e4hrend des Besuchs der Website Daten \u00fcber Zugriffe auf die Seite an den Anbieter bzw. an seinen Webspace-Provider erhoben. Diese Daten werden als Server-Logfiles\u201c gespeichert. Folgende Daten werden so protokolliert:<\/span><\/p>\n<ul>\n<li><span style=\"color: #ffffff;\">Besuchte Website<\/span><\/li>\n<li><span style=\"color: #ffffff;\">Uhrzeit zum Zeitpunkt des Zugriffes<\/span><\/li>\n<li><span style=\"color: #ffffff;\">Menge der gesendeten Daten in Byte<\/span><\/li>\n<li><span style=\"color: #ffffff;\">Quelle\/Verweis, von welchem Sie auf die Seite gelangten<\/span><\/li>\n<li><span style=\"color: #ffffff;\">Verwendeter Browser (Browsertyp und -version)<\/span><\/li>\n<li><span style=\"color: #ffffff;\">Verwendetes Betriebssystem<\/span><\/li>\n<li><span style=\"color: #ffffff;\">Verwendete IP-Adresse des Nutzers<\/span><\/li>\n<\/ul>\n<p><span style=\"color: #ffffff;\">Die Daten werden nicht zusammen mit anderen personenbezogenen Daten des Nutzers gespeichert.<\/span><br \/><span style=\"color: #ffffff;\">Die erhobenen Daten dienen lediglich zur Verbesserung der Website. Der Anbieter beh\u00e4lt sich allerdings vor, die Server-Logfiles nachtr\u00e4glich zu \u00fcberpr\u00fcfen, sollten konkrete Anhaltspunkte auf eine rechtswidrige Nutzung hinweisen.<\/span><\/p>\n<p><span style=\"color: #ffffff;\"><strong>Rechtsgrundlage<br \/><\/strong>Diese Speicherung erfolgt auf der Rechtsgrundlage von Art. 6 Abs. 1 lit. f) DSGVO. Unser berechtigtes Interesse liegt in der Verbesserung der Stabilit\u00e4t, Funktionalit\u00e4t und Sicherheit unseres Internetauftritts.<\/span><\/p>\n<p><span style=\"color: #ffffff;\"><strong>Speicherdauer<br \/><\/strong>Die Daten werden sp\u00e4testens nach 190 Tagen wieder gel\u00f6scht. Daten, deren weitere Aufbewahrung zu Beweiszwecken erforderlich ist, sind bis zur endg\u00fcltigen Kl\u00e4rung des jeweiligen Vorfalls von der L\u00f6schung ausgenommen.<\/span><\/p>\n<h2 class=\"\" style=\"--fontsize: 24; line-height: 1.5; font-size: 16px;\" data-fontsize=\"24\" data-lineheight=\"36px\" data-fusion-font=\"true\"><span style=\"color: #ffffff;\">Cookies<\/span><\/h2>\n<p><span style=\"color: #ffffff;\">Als Cookie (engl. \u201cKeks\u201d oder \u201cPl\u00e4tzchen\u201d) wird eine Textdatei bezeichnet, welche von einer Website in den Browserverlauf der sie besuchenden Person gespeichert wird. Ruft dieser Besucher die Seite erneut auf, dann sendet der Cookie diese Information an den Server \u2013 somit kann nachvollzogen werden, wie oft und wie lange eine Seite vom gleichen Nutzer besucht wird. (Quelle: <a style=\"color: #ffffff;\" href=\"https:\/\/www.datenschutz.org\/cookies\/\">datenschutz.org<\/a>)<\/span><\/p>\n<h3 class=\"\" style=\"--fontsize: 20; line-height: 1.5; --minfontsize: 20; font-size: 16px;\" data-fontsize=\"20\" data-lineheight=\"30px\" data-fusion-font=\"true\"><span style=\"color: #ffffff;\">Session-Cookies \/ Persistente-Cookies<\/span><\/h3>\n<p><span style=\"color: #ffffff;\"><strong>Art und Zweck der Verarbeitung<br \/><\/strong>Der Anbieter verwendet auf seiner Website Session-Cookies und persistente Cookies. Durch diese Cookies werden im individuellen Umfang bestimmte Informationen von Ihnen, wie beispielsweise Browser- und Standortdaten und IP-Adresswerte verarbeitet und gespeichert.<\/span><\/p>\n<p><span style=\"color: #ffffff;\"><strong>Session Cookies <\/strong>speichern Informationen, die Onlineaktivit\u00e4ten einer einzelnen Browser-Sitzung zuordnen. In der Regel speichert ein solcher Session Cookie keinen Hinweis, der der Identifikation des Users dient, sondern lediglich einen Sitzungsbezeichner (Session-ID). Dieser dient lediglich dazu, mehrere Anfragen eines Nutzers auf einer Seite dessen Sitzung zuzuordnen. (Quelle: <a style=\"color: #ffffff;\" href=\"https:\/\/www.datenschutz.org\/session-cookie\/\">datenschutz.org<\/a>)<\/span><\/p>\n<p><span style=\"color: #ffffff;\"><strong>Persistente Cookies<\/strong> erlauben es der Website, den Nutzer \u00fcber seinen Browser bei zuk\u00fcnftigen Besuchen der Website wiederzuerkennen. Dadurch muss der Nutzer bereits get\u00e4tigte Angaben, wie die Einstellung \/ Best\u00e4tigung der Cookie-Nutzung nicht erneut durchf\u00fchren.<\/span><\/p>\n<p><span style=\"color: #ffffff;\">Durch den Einsatz von Session-Cookies und persistenter Cookies wird unser Internetauftritt benutzerfreundlicher, effektiver und sicherer.<\/span><\/p>\n<p><span style=\"color: #ffffff;\"><strong>Rechtsgrundlage<br \/><\/strong>Unser berechtigtes Interesse liegt in der Verbesserung der Funktionalit\u00e4t unseres Internetauftritts. Rechtsgrundlage ist in dann Art. 6 Abs. 1 lit. f) DSGVO.<\/span><\/p>\n<p><span style=\"color: #ffffff;\"><strong>Speicherdauer<br \/><\/strong><strong>Session-Cookies<\/strong> werden mit dem Schlie\u00dfen Ihres Internet-Browsers gel\u00f6scht.<\/span><br \/><span style=\"color: #ffffff;\"><strong>Persistente Cookies<\/strong> werden automatisiert nach einer vom Anbieter vorgegebenen Frist gel\u00f6scht. Diese Frist ist je nach Cookie unterschiedlich.<\/span><\/p>\n<h3 class=\"\" style=\"--fontsize: 20; line-height: 1.5; --minfontsize: 20; font-size: 16px;\" data-fontsize=\"20\" data-lineheight=\"30px\" data-fusion-font=\"true\"><span style=\"color: #ffffff;\">Drittanbieter-Cookies<\/span><\/h3>\n<p><span style=\"color: #ffffff;\">Third Party Cookies werden verwendet, um Drittanbietern Informationen \u00fcber das Userverhalten auf bestimmten Internetseiten bereitzustellen. (Quelle: <a style=\"color: #ffffff;\" href=\"https:\/\/www.datenschutz.org\/third-party-cookies\/\">datenschutz.org<\/a>)<\/span><\/p>\n<p><span style=\"color: #ffffff;\"><strong>Art und Zweck der Verarbeitung<br \/><\/strong>Gegebenenfalls werden mit unserem Internetauftritt auch Cookies von Partnerunternehmen, mit denen wir zum Zwecke der Funktionalit\u00e4ten unseres Internetauftritts zusammenarbeiten, verwendet. Die Einzelheiten hierzu, insbesondere zu den Zwecken und den Rechtsgrundlagen der Verarbeitung solcher Drittanbieter-Cookies, entnehmen Sie bitte den nachfolgenden Informationen.<\/span><\/p>\n<h3 class=\"\" style=\"--fontsize: 20; line-height: 1.5; --minfontsize: 20; font-size: 16px;\" data-fontsize=\"20\" data-lineheight=\"30px\" data-fusion-font=\"true\"><span style=\"color: #ffffff;\">Beseitigungsm\u00f6glichkeit<\/span><\/h3>\n<p><span style=\"color: #ffffff;\">Sie k\u00f6nnen die Installation der Cookies durch eine entsprechende Einstellung Ihres Internet-Browsers verhindern oder einschr\u00e4nken. Bereits gespeicherte Cookies k\u00f6nnen jederzeit gel\u00f6scht werden. Die Einstellungen hierzu sind von Ihrem Internet-Browser abh\u00e4ngig. Bei Flash-Cookies kann die Verarbeitung nicht \u00fcber die Einstellungen des Browsers unterbunden werden, sondern durch die entsprechende Einstellung Ihres Flash-Players.<\/span><\/p>\n<p><span style=\"color: #ffffff;\">Sollten Sie die Installation der Cookies verhindern oder einschr\u00e4nken, kann dies dazu f\u00fchren, dass nicht s\u00e4mtliche Funktionen unseres Internetauftritts vollumf\u00e4nglich nutzbar sind.<\/span><\/p>\n<p><span style=\"color: #ffffff;\">Eine \u00dcbersicht \u00fcber die von uns eingesetzten Cookies finden Sie in unserer <a style=\"color: #ffffff;\" href=\"https:\/\/muehlingen.de\/?page_id=3125\">Cookie-Erkl\u00e4rung<\/a>.<\/span><\/p>\n<h3 class=\"\" style=\"--fontsize: 24; line-height: 1.5; font-size: 16px;\" data-fontsize=\"24\" data-lineheight=\"36px\" data-fusion-font=\"true\"><span style=\"color: #ffffff;\">Kontaktm\u00f6glichkeit<\/span><\/h3>\n<p><span style=\"color: #ffffff;\"><strong>Art und Zweck der Verarbeitung<\/strong><\/span><br \/><span style=\"color: #ffffff;\">Sofern Sie per Email mit uns in Kontakt treten, werden die dabei von Ihnen angegebenen personenbezogenen Daten zur Bearbeitung Ihrer Anfrage genutzt. Ohne Bereitstellung der Daten k\u00f6nnen wir Ihre Anfrage nicht oder nur eingeschr\u00e4nkt beantworten.<\/span><\/p>\n<p><span style=\"color: #ffffff;\"><strong>Rechtsgrundlage<\/strong><\/span><br \/><span style=\"color: #ffffff;\">Rechtsgrundlage ist Art. 6 Abs. 1 lit. f DSGVO. Zielt der E-Mail-Kontakt auf den Abschluss eines Vertrages ab, so ist zus\u00e4tzliche Rechtsgrundlage f\u00fcr die Verarbeitung Art. 6 Abs. 1 lit. b DSGVO.<\/span><\/p>\n<p><span style=\"color: #ffffff;\"><strong>Speicherdauer<\/strong><\/span><br \/><span style=\"color: #ffffff;\">Wegen eventueller Anschlussfragen wird Ihre E-Mail auch nach abschlie\u00dfender Beantwortung Ihrer Anfrage nicht gel\u00f6scht. Sofern keine gesetzlichen Aufbewahrungspflichten entgegenstehen, k\u00f6nnen Sie die L\u00f6schung Ihrer Emails jederzeit veranlassen.<\/span><\/p>\n<p><span style=\"color: #ffffff;\"><strong>Widerrufsrecht<\/strong><\/span><br \/><span style=\"color: #ffffff;\">Eine erteilte Einwilligung f\u00fcr die Kontaktanfrage kann der Nutzer nach Art. 7 Abs. 3 DSGVO jederzeit durch eine Mitteilung an den Anbieter widerrufen. Die im Zusammenhang verarbeiteten Daten werden gel\u00f6scht, sobald ihre Verarbeitung nicht mehr erforderlich ist.<\/span><\/p>\n<h3 class=\"\" style=\"--fontsize: 24; line-height: 1.5; font-size: 16px;\" data-fontsize=\"24\" data-lineheight=\"36px\" data-fusion-font=\"true\"><span style=\"color: #ffffff;\">Eintrag im Gewerbeverzeichnis und Unterkunftsverzeichnis<\/span><\/h3>\n<p><span style=\"color: #ffffff;\"><strong>Art und Zweck der Verarbeitung<br \/><\/strong>Wenn Sie uns Angaben zu Ihrem Gewerbe- oder Beherbergungsbetrieb zukommen lassen, werden diese inklusive der von Ihnen dort angegebenen Kontaktdaten f\u00fcr den Eintrag auf unserer Website gespeichert. Die Verarbeitung der Daten erfolgt nur mit Ihrer Einwilligung.<\/span><\/p>\n<p><span style=\"color: #ffffff;\"><strong>Rechtsgrundlage<br \/><\/strong>Rechtsgrundlage f\u00fcr diese Verarbeitung ist Art. 6 Abs. 1 lit. a) DSGVO.<\/span><\/p>\n<p><span style=\"color: #ffffff;\"><strong>Speicherdauer<\/strong><\/span><br \/><span style=\"color: #ffffff;\">Die Daten werden gespeichert, bis Sie die Einwilligung widerrufen oder die L\u00f6schung Ihres Eintrags beantragen.<\/span><\/p>\n<p><span style=\"color: #ffffff;\"><strong>Widerrufsrecht<br \/><\/strong>Sie k\u00f6nnen Ihre Einwilligung jederzeit widerrufen oder die L\u00f6schung Ihres Eintrags im Gewerbeverzeichnis \/ Unterkunftsverzeichnis beantragen. Dazu reicht eine formlose Mitteilung per Email an <a style=\"color: #ffffff;\" href=\"mailto:rathaus@muehlingen.de\" target=\"_blank\" rel=\"noopener noreferrer\">rathaus@muehlingen.de<\/a>. Die Rechtm\u00e4\u00dfigkeit der bis zum Widerruf erfolgten Datenverarbeitungsvorg\u00e4nge bleibt vom Widerruf unber\u00fchrt.<\/span><\/p>\n<h3 class=\"\" style=\"--fontsize: 24; line-height: 1.5; font-size: 16px;\" data-fontsize=\"24\" data-lineheight=\"36px\" data-fusion-font=\"true\"><span style=\"color: #ffffff;\">WordPress Design Avada von theme fusion<\/span><\/h3>\n<p><span style=\"color: #ffffff;\">\u00dcber das Avada WordPress-Design werden keine Daten erfasst.<\/span><\/p>\n<p><span style=\"color: #ffffff;\">Das Avada-Design stellt lediglich Tools zur Verf\u00fcgung, die notwendig sind, um sicherzustellen, dass die Website GDPR-konform ist. Dabei wird das Cookie &#8222;privacy-embed&#8220; gesetzt, das den Zustimmungsstatus des Benutzers f\u00fcr Cookies auf der aktuellen Dom\u00e4ne speichert .<\/span><\/p>\n<h3 class=\"\" style=\"--fontsize: 24; line-height: 1.5; font-size: 16px;\" data-fontsize=\"24\" data-lineheight=\"36px\" data-fusion-font=\"true\"><span style=\"color: #ffffff;\">Veranstaltungskalender (My Calendar)<\/span><\/h3>\n<p><span style=\"color: #ffffff;\">My Calendar speichert keine personenbezogenen Daten.<\/span><\/p>\n<h3 class=\"\" style=\"--fontsize: 24; line-height: 1.5; font-size: 16px;\" data-fontsize=\"24\" data-lineheight=\"36px\" data-fusion-font=\"true\"><span style=\"color: #ffffff;\">Google Fonts<\/span><\/h3>\n<p><span style=\"color: #ffffff;\">Auf unserer Webseite werden externe Schriften, sog. Google Webfonts, verwendet. Wir haben die Fonts auf unseren eigenen Server heruntergeladen. Somit besteht kein Kontakt zu Google.<\/span><\/p>\n<h3 class=\"\" style=\"--fontsize: 24; line-height: 1.5; font-size: 16px;\" data-fontsize=\"24\" data-lineheight=\"36px\" data-fusion-font=\"true\"><span style=\"color: #ffffff;\">Sicherheit<\/span><\/h3>\n<p><span style=\"color: #ffffff;\">Diese Seite nutzt aus Sicherheitsgr\u00fcnden und zum Schutz der \u00dcbertragung vertraulicher Inhalte, wie zum Beispiel Anfragen, die Sie an uns als Seitenbetreiber senden, eine SSL- Verschl\u00fcsselung. SSL steht f\u00fcr \u201eSecure Sockets Layer\u201c. Dieses Verfahren soll verhindern, dass Daten von Dritten ausgelesen oder manipuliert werden. Dar\u00fcber hinaus wird die Identit\u00e4t der Website sicher.<\/span><br \/><span style=\"color: #ffffff;\">Eine verschl\u00fcsselte Verbindung erkennen Sie daran, dass die Adresse des Browsers von &#8222;http:\/\/&#8220; auf &#8222;https:\/\/&#8220; wechselt und an dem Schloss-Symbol in der Browserzeile.<\/span><\/p>\n<h3 class=\"\" style=\"--fontsize: 16; line-height: 1.5; --minfontsize: 16;\" data-fontsize=\"16\" data-lineheight=\"24px\"><span style=\"color: #ffffff;\">Online-Stellenbewerbungen \/ Ver\u00f6ffentlichung von Stellenanzeigen<\/span><\/h3>\n<p><span style=\"color: #ffffff;\">Wir bieten Ihnen die M\u00f6glichkeit an, sich bei uns \u00fcber unseren Internetauftritt bewerben zu k\u00f6nnen. Bei diesen digitalen Bewerbungen werden Ihre Bewerber- und Bewerbungsdaten von uns zur Abwicklung des Bewerbungsverfahrens elektronisch erhoben und verarbeitet.<\/span><\/p>\n<p><span style=\"color: #ffffff;\">Rechtsgrundlage f\u00fcr diese Verarbeitung ist \u00a7 26 Abs. 1 S. 1 BDSG i.V.m. Art. 88 Abs. 1 DSGVO.<\/span><\/p>\n<p><span style=\"color: #ffffff;\">Sofern nach dem Bewerbungsverfahren ein Arbeitsvertrag geschlossen wird, speichern wir Ihre bei der Bewerbung \u00fcbermittelten Daten in Ihrer Personalakte zum Zwecke des \u00fcblichen Organisations- und Verwaltungsprozesses \u2013 dies nat\u00fcrlich unter Beachtung der weitergehenden rechtlichen Verpflichtungen.<\/span><\/p>\n<p><span style=\"color: #ffffff;\">Rechtsgrundlage f\u00fcr diese Verarbeitung ist ebenfalls \u00a7 26 Abs. 1 S. 1 BDSG i.V.m. Art. 88 Abs. 1 DSGVO.<\/span><\/p>\n<p><span style=\"color: #ffffff;\">Bei der Zur\u00fcckweisung einer Bewerbung l\u00f6schen wir die uns \u00fcbermittelten Daten automatisch zwei Monate nach der Bekanntgabe der Zur\u00fcckweisung. Die L\u00f6schung erfolgt jedoch nicht, wenn die Daten aufgrund gesetzlicher Bestimmungen, bspw. wegen der Beweispflichten nach dem AGG, eine l\u00e4ngere Speicherung von bis zu vier Monaten oder bis zum Abschluss eines gerichtlichen Verfahrens erfordern.<\/span><\/p>\n<p><span style=\"color: #ffffff;\">Rechtsgrundlage ist in diesem Fall Art. 6 Abs. 1 lit. f) DSGVO und \u00a7 24 Abs. 1 Nr. 2 BDSG. Unser berechtigtes Interesse liegt in der Rechtsverteidigung bzw. -durchsetzung.<\/span><\/p>\n<p><span style=\"color: #ffffff;\">Sofern Sie ausdr\u00fccklich in eine l\u00e4ngere Speicherung Ihrer Daten einwilligen, bspw. f\u00fcr Ihre Aufnahme in eine Bewerber- oder Interessentendatenbank, werden die Daten aufgrund Ihrer Einwilligung weiterverarbeitet. Rechtsgrundlage ist dann Art. 6 Abs. 1 lit. a) DSGVO. Ihre Einwilligung k\u00f6nnen Sie aber nat\u00fcrlich jederzeit nach Art. 7 Abs. 3 DSGVO durch Erkl\u00e4rung uns gegen\u00fcber mit Wirkung f\u00fcr die Zukunft widerrufen.<\/span><\/p>\n<p><span style=\"color: #ffffff;\"><b>YouTube<\/b><\/span><\/p>\n<p><span style=\"color: #ffffff;\">Wir unterhalten bei YouTube eine Onlinepr\u00e4senz um unser Unternehmen sowie unsere Leistungen zu pr\u00e4sentieren und mit Kunden\/Interessenten zu kommunizieren. YouTube ist ein Service der Google Ireland Limited, Gordon House, Barrow Street, Dublin 4, Irland, ein Tochterunternehmen der Google LLC, 1600 Amphitheatre Parkway, Mountain View, CA 94043 USA.<\/span><\/p>\n<p><span style=\"color: #ffffff;\">Insofern weisen wir darauf hin, dass die M\u00f6glichkeit besteht, dass Daten der Nutzer au\u00dferhalb der Europ\u00e4ischen Union, insbesondere in den USA, verarbeitet werden. Hierdurch k\u00f6nnen gesteigerte Risiken f\u00fcr die Nutzer insofern bestehen, als dass z.B. der sp\u00e4tere Zugriff auf die Nutzerdaten erschwert werden kann. Auch haben wir keinen Zugriff auf diese Nutzerdaten. Die Zugriffsm\u00f6glichkeit liegt ausschlie\u00dflich bei YouTube.<\/span><\/p>\n<p><span style=\"color: #ffffff;\">Die Datenschutzhinweise von YouTube finden Sie unter<\/span><\/p>\n<p><span style=\"color: #ffffff;\"><a style=\"color: #ffffff;\" href=\"https:\/\/policies.google.com\/privacy\" target=\"_blank\" rel=\"noopener\">https:\/\/policies.google.com\/privacy<\/a><\/span><\/p>\n<p><span style=\"color: #ffffff;\">Facebook<\/span><\/p>\n<p><span style=\"color: #ffffff;\">Zur Bewerbung unserer Produkte und Leistungen sowie zur Kommunikation mit Interessenten oder Kunden betreiben wir eine Firmenpr\u00e4senz auf der Plattform Facebook.<\/span><\/p>\n<p><span style=\"color: #ffffff;\">Auf dieser Social-Media-Plattform sind wir gemeinsam mit der Facebook Ireland Ltd., 4 Grand Canal Square, Grand Canal Harbour, Dublin 2 Ireland, verantwortlich.<\/span><\/p>\n<p><span style=\"color: #ffffff;\">Der Datenschutzbeauftragte von Facebook kann \u00fcber ein Kontaktformular erreicht werden:<\/span><\/p>\n<p><span style=\"color: #ffffff;\"><a style=\"color: #ffffff;\" href=\"https:\/\/www.facebook.com\/help\/contact\/540977946302970\" target=\"_blank\" rel=\"noopener\" aria-invalid=\"true\">https:\/\/www.facebook.com\/help\/contact\/540977946302970<\/a><\/span><\/p>\n<p><span style=\"color: #ffffff;\">Die gemeinsame Verantwortlichkeit haben wir in einer Vereinbarung bez\u00fcglich der jeweiligen Verpflichtungen im Sinne der DSGVO geregelt. Diese Vereinbarung, aus der sich die gegenseitigen Verpflichtungen ergeben, ist unter dem folgenden Link abrufbar:<\/span><\/p>\n<p><span style=\"color: #ffffff;\"><a style=\"color: #ffffff;\" href=\"https:\/\/www.facebook.com\/legal\/terms\/page_controller_addendum\" target=\"_blank\" rel=\"noopener\">https:\/\/www.facebook.com\/legal\/terms\/page_controller_addendum<\/a><\/span><\/p>\n<p><span style=\"color: #ffffff;\">Rechtsgrundlage f\u00fcr die dadurch erfolgende und nachfolgend wiedergegebene Verarbeitung von personenbezogenen Daten ist Art. 6 Abs. 1 lit. f DSGVO. Unser berechtigtes Interesse besteht an der Analyse, der Kommunikation sowie dem Absatz und der Bewerbung unserer Produkte und Leistungen.<\/span><\/p>\n<p><span style=\"color: #ffffff;\">Rechtsgrundlage kann auch eine Einwilligung des Nutzers gem\u00e4\u00df Art. 6 Abs. 1 lit. a DSGVO gegen\u00fcber dem Plattformbetreiber sein. Die Einwilligung hierzu kann der Nutzer nach Art. 7 Abs. 3 DSGVO jederzeit durch eine Mitteilung an den Plattformbetreiber f\u00fcr die Zukunft widerrufen.<\/span><\/p>\n<p><span style=\"color: #ffffff;\">Bei dem Aufruf unseres Onlineauftritts auf der Plattform Facebook werden von der Facebook Ireland Ltd. als Betreiberin der Plattform in der EU Daten des Nutzers (z.B. pers\u00f6nliche Informationen, IP-Adresse etc.) verarbeitet.<\/span><\/p>\n<p><span style=\"color: #ffffff;\">Diese Daten des Nutzers dienen zu statistischen Informationen \u00fcber die Inanspruchnahme unserer Firmenpr\u00e4senz auf Facebook. Die Facebook Ireland Ltd. nutzt diese Daten zu Marktforschungs- und Werbezwecken sowie zur Erstellung von Profilen der Nutzer. Anhand dieser Profile ist es der Facebook Ireland Ltd. beispielsweise m\u00f6glich, die Nutzer innerhalb und au\u00dferhalb von Facebook interessenbezogen zu bewerben. Ist der Nutzer zum Zeitpunkt des Aufrufes in seinem Account auf Facebook eingeloggt, kann die Facebook Ireland Ltd. zudem die Daten mit dem jeweiligen Nutzerkonto verkn\u00fcpfen.<\/span><\/p>\n<p><span style=\"color: #ffffff;\">Im Falle einer Kontaktaufnahme des Nutzers \u00fcber Facebook werden die bei dieser Gelegenheit eingegebenen personenbezogenen Daten des Nutzers zur Bearbeitung der Anfrage genutzt. Die Daten des Nutzers werden bei uns gel\u00f6scht, sofern die Anfrage des Nutzers abschlie\u00dfend beantwortet wurde und keine gesetzlichen Aufbewahrungspflichten, wie z.B. bei einer anschlie\u00dfenden Vertragsabwicklung, entgegenstehen.<\/span><\/p>\n<p><span style=\"color: #ffffff;\">Zur Verarbeitung der Daten werden von der Facebook Ireland Ltd. ggf. auch Cookies gesetzt.<\/span><\/p>\n<p><span style=\"color: #ffffff;\">Sollte der Nutzer mit dieser Verarbeitung nicht einverstanden sein, so besteht die M\u00f6glichkeit, die Installation der Cookies durch eine entsprechende Einstellung des Browsers zu verhindern. Bereits gespeicherte Cookies k\u00f6nnen ebenfalls jederzeit gel\u00f6scht werden. Die Einstellungen hierzu sind vom jeweiligen Browser abh\u00e4ngig. Bei Flash-Cookies l\u00e4sst sich die Verarbeitung nicht \u00fcber die Einstellungen des Browsers unterbinden, sondern durch die entsprechende Einstellung des Flash-Players. Sollte der Nutzer die Installation der Cookies verhindern oder einschr\u00e4nken, kann dies dazu f\u00fchren, dass nicht s\u00e4mtliche Funktionen von Facebook vollumf\u00e4nglich nutzbar sind.<\/span><\/p>\n<p><span style=\"color: #ffffff;\">N\u00e4heres zu den Verarbeitungst\u00e4tigkeiten, deren Unterbindung und zur L\u00f6schung der von Facebook verarbeiteten Daten finden sich in der Datenrichtlinie von Facebook:<\/span><\/p>\n<p><span style=\"color: #ffffff;\"><a style=\"color: #ffffff;\" href=\"https:\/\/www.facebook.com\/privacy\/explanation\" target=\"_blank\" rel=\"noopener\">https:\/\/www.facebook.com\/privacy\/explanation<\/a><\/span><\/p>\n<p><span style=\"color: #ffffff;\">Es ist nicht ausgeschlossen, dass die Verarbeitung durch die Facebook Ireland Ltd. auch \u00fcber die Facebook Inc., 1601 Willow Road, Menlo Park, California 94025 in den USA erfolgt.<\/span><\/p>\n<h3 class=\"fusion-responsive-typography-calculated\" style=\"--fontsize: 20; line-height: 1.5; --minfontsize: 20;\" data-fontsize=\"20\" data-lineheight=\"30px\"><span style=\"color: #ffffff;\">Verlinkung Social-Media \u00fcber Grafik oder Textlink<\/span><\/h3>\n<p><span style=\"color: #ffffff;\">Wir bewerben auf unserer Webseite auch Pr\u00e4senzen auf den nachstehend aufgef\u00fchrten sozialen Netzwerken. Die Einbindung erfolgt dabei \u00fcber eine verlinkte Grafik des jeweiligen Netzwerks. Durch den Einsatz dieser verlinkten Grafik wird verhindert, dass es bei dem Aufruf einer Website, die \u00fcber eine Social-Media-Bewerbung verf\u00fcgt, automatisch zu einem Verbindungsaufbau zum jeweiligen Server des sozialen Netzwerks kommt, um eine Grafik des jeweiligen Netzwerkes selbst darzustellen. Erst durch einen Klick auf die entsprechende Grafik wird der Nutzer zu dem Dienst des jeweiligen sozialen Netzwerks weitergeleitet.<\/span><\/p>\n<p><span style=\"color: #ffffff;\">Nach der Weiterleitung des Nutzers werden durch das jeweilige Netzwerk Informationen \u00fcber den Nutzer erfasst. Es kann hierbei nicht ausgeschlossen werden, dass eine Verarbeitung der so erhobenen Daten in den USA stattfindet.<\/span><\/p>\n<p><span style=\"color: #ffffff;\">Dies sind zun\u00e4chst Daten wie IP-Adresse, Datum, Uhrzeit und besuchte Seite. Ist der Nutzer w\u00e4hrenddessen in seinem Benutzerkonto des jeweiligen Netzwerks eingeloggt, kann der Netzwerk-Betreiber ggf. die gesammelten Informationen des konkreten Besuchs des Nutzers dem pers\u00f6nlichen Account des Nutzers zuordnen. Interagiert der Nutzer \u00fcber einen \u201eTeilen\u201c-Button des jeweiligen Netzwerks, k\u00f6nnen diese Informationen in dem pers\u00f6nlichen Benutzerkonto des Nutzers gespeichert und ggf. ver\u00f6ffentlicht werden. Will der Nutzer verhindern, dass die gesammelten Informationen unmittelbar seinem Benutzerkonto zugeordnet werden, muss er sich vor dem Anklicken der Grafik ausloggen. Zudem besteht die M\u00f6glichkeit, das jeweilige Benutzerkonto entsprechend zu konfigurieren.<\/span><\/p>\n<p><span style=\"color: #ffffff;\">Folgende soziale Netzwerke werden in unsere Seite durch Verlinkung eingebunden:<\/span><\/p>\n<p><span style=\"color: #ffffff;\">facebook<\/span><\/p>\n<p><span style=\"color: #ffffff;\">Facebook Ireland Limited, 4 Grand Canal Square, Dublin 2, Ireland, ein Tochterunternehmen der Facebook Inc., 1601 S. California Ave., Palo Alto, CA 94304, USA.<\/span><\/p>\n<p><span style=\"color: #ffffff;\">Datenschutzerkl\u00e4rung: <a style=\"color: #ffffff;\" href=\"https:\/\/www.facebook.com\/policy.php\" target=\"_blank\" rel=\"noopener\">https:\/\/www.facebook.com\/policy.php<\/a><\/span><\/p>\n<p><span style=\"color: #ffffff;\">YouTube<\/span><\/p>\n<p><span style=\"color: #ffffff;\">Google Ireland Limited, Gordon House, Barrow Street, Dublin 4, Irland, ein Tochterunternehmen der Google LLC, 1600 Amphitheatre Parkway, Mountain View, CA 94043 USA<\/span><\/p>\n<p><span style=\"color: #ffffff;\">Datenschutzerkl\u00e4rung: <a style=\"color: #ffffff;\" href=\"https:\/\/policies.google.com\/privacy\" target=\"_blank\" rel=\"noopener\">https:\/\/policies.google.com\/privacy<\/a><\/span><\/p>\n<p><span style=\"color: #ffffff;\">GOOGLE-Suchfunktion (\u201eCSE\u201c)<\/span><\/p>\n<p><span style=\"color: #ffffff;\">Zur Volltextsuche auf der Website setzen wir die \u201eGoogle benutzerdefinierte Suche\u201c (Google Custom Search Engine \u201eCSE\u201c) ein. \u201eCSE\u201c ist ein Dienst der Google Ireland Limited, Gordon House, Barrow Street, Dublin 4, Irland, nachfolgend \u201eGoogle\u201c.<\/span><\/p>\n<p><span style=\"color: #ffffff;\">\u201eCSE\u201c erm\u00f6glicht eine Volltextsuche nach Inhalten auf unserer Webseite. Der Zugriff auf diese Suchfunktion erfolgt \u00fcber eine Such-Box \u201eGoogle Benutzerdefinierte Suche\u201c.<\/span><\/p>\n<p><span style=\"color: #ffffff;\">Rechtsgrundlage ist hierbei <a style=\"color: #ffffff;\" title=\"Art. 6 DSGVO: Rechtm\u00e4\u00dfigkeit der Verarbeitung\" href=\"http:\/\/dejure.org\/gesetze\/DSGVO\/6.html\" target=\"_blank\" rel=\"noopener\">Art. 6 Abs. 1 lit. f DSGVO<\/a>. Unser berechtigtes Interesse besteht in der Anwenderfreundlichkeit der Website.<\/span><\/p>\n<p><span style=\"color: #ffffff;\">Die Funktion ist als Software-Modul von Google unver\u00e4ndert auf unserer Website integriert.<\/span><br \/><span style=\"color: #ffffff;\">Wird die Suche durch Eingabe eines Suchbegriffes aktiviert, l\u00e4dt Google anhand eines Plugins die gesuchten Informationen. Gleichzeitig werden zur Ausf\u00fchrung der Suche und der Darstellung der Suchergebnisse die vom Nutzer eingegebenen Begriffe und die IP-Adresse des Nutzers an Google \u00fcbertragen.<\/span><\/p>\n<p><span style=\"color: #ffffff;\">Sofern der Nutzer zum Zeitpunkt des Suchvorganges in seinem bestehenden Google-Konto eingeloggt ist, kann Google die erfassten Informationen dem zugeh\u00f6rigen Nutzerprofil zuzuordnen.<\/span><\/p>\n<p><span style=\"color: #ffffff;\">Weitergehende Informationen, insbesondere zu den M\u00f6glichkeiten der Unterbindung der Datennutzung, bietet Google unter den nachfolgenden Links an:<\/span><\/p>\n<p><span style=\"color: #ffffff;\"><a style=\"color: #ffffff;\" href=\"https:\/\/policies.google.com\/privacy\" target=\"_blank\" rel=\"noopener\">https:\/\/policies.google.com\/privacy<\/a><\/span><br \/><span style=\"color: #ffffff;\"><a style=\"color: #ffffff;\" href=\"https:\/\/adssettings.google.com\/authenticated\" target=\"_blank\" rel=\"noopener\">https:\/\/adssettings.google.com\/authenticated<\/a><\/span><\/p>\n<p><span style=\"color: #ffffff;\"><b>YouTube<\/b><\/span><\/p>\n<p><span style=\"color: #ffffff;\">In unserem Internetauftritt setzen wir YouTube ein. Hierbei handelt es sich um ein Videoportal der YouTube LLC., 901 Cherry Ave., 94066 San Bruno, CA, USA, nachfolgend nur \u201eYouTube\u201c genannt.<\/span><\/p>\n<p><span style=\"color: #ffffff;\">YouTube ist ein Tochterunternehmen der Google Ireland Limited, Gordon House, Barrow Street, Dublin 4, Irland, nachfolgend nur \u201eGoogle\u201c genannt.<\/span><\/p>\n<p><span style=\"color: #ffffff;\">Wir nutzen YouTube im Zusammenhang mit der Funktion \u201eErweiterter Datenschutzmodus\u201c, um Ihnen Videos anzeigen zu k\u00f6nnen. Rechtsgrundlage ist Art. 6 Abs. 1 lit. f) DSGVO. Unser berechtigtes Interesse liegt in der Qualit\u00e4tsverbesserung unseres Internetauftritts. Die Funktion \u201eErweiterter Datenschutzmodus\u201c bewirkt laut Angaben von YouTube, dass die nachfolgend noch n\u00e4her bezeichneten Daten nur dann an den Server von YouTube \u00fcbermittelt werden, wenn Sie ein Video auch tats\u00e4chlich starten.<\/span><\/p>\n<p><span style=\"color: #ffffff;\">Ohne diesen \u201eErweiterten Datenschutz\u201c wird eine Verbindung zum Server von YouTube in den USA hergestellt, sobald Sie eine unserer Internetseiten, auf der ein YouTube-Video eingebettet ist, aufrufen.<\/span><\/p>\n<p><span style=\"color: #ffffff;\">Diese Verbindung ist erforderlich, um das jeweilige Video auf unserer Internetseite \u00fcber Ihren Internet-Browser darstellen zu k\u00f6nnen. Im Zuge dessen wird YouTube zumindest Ihre IP-Adresse, das Datum nebst Uhrzeit sowie die von Ihnen besuchte Internetseite erfassen und verarbeiten. Zudem wird eine Verbindung zu dem Werbenetzwerk \u201eDoubleClick\u201c von Google hergestellt.<\/span><\/p>\n<p><span style=\"color: #ffffff;\">Sollten Sie gleichzeitig bei YouTube eingeloggt sein, weist YouTube die Verbindungsinformationen Ihrem YouTube-Konto zu. Wenn Sie das verhindern m\u00f6chten, m\u00fcssen Sie sich entweder vor dem Besuch unseres Internetauftritts bei YouTube ausloggen oder die entsprechenden Einstellungen in Ihrem YouTube-Benutzerkonto vornehmen.<\/span><\/p>\n<p><span style=\"color: #ffffff;\">Zum Zwecke der Funktionalit\u00e4t sowie zur Analyse des Nutzungsverhaltens speichert YouTube dauerhaft Cookies \u00fcber Ihren Internet-Browser auf Ihrem Endger\u00e4t. Falls Sie mit dieser Verarbeitung nicht einverstanden sind, haben Sie die M\u00f6glichkeit, die Speicherung der Cookies durch eine Einstellung in Ihrem Internet-Browsers zu verhindern. N\u00e4here Informationen hierzu finden Sie vorstehend unter \u201eCookies\u201c.<\/span><\/p>\n<p><span style=\"color: #ffffff;\">Weitergehende Informationen \u00fcber die Erhebung und Nutzung von Daten sowie Ihre diesbez\u00fcglichen Rechte und Schutzm\u00f6glichkeiten h\u00e4lt Google in den unter<\/span><\/p>\n<p><span style=\"color: #ffffff;\"><a style=\"color: #ffffff;\" href=\"https:\/\/policies.google.com\/privacy\" target=\"_blank\" rel=\"noopener\">https:\/\/policies.google.com\/privacy<\/a><\/span><\/p>\n<p><span style=\"color: #ffffff;\">abrufbaren Datenschutzhinweisen bereit.<\/span><\/p>\n<p><span style=\"color: #ffffff;\"><i>Quellenangabe: <a style=\"color: #ffffff;\" href=\"https:\/\/www.ratgeberrecht.eu\/leistungen\/muster-datenschutzerklaerung.html\" target=\"_blank\" rel=\"noopener noreferrer\">Muster-Datenschutzerkl\u00e4rung<\/a> der <a style=\"color: #ffffff;\" href=\"https:\/\/www.ratgeberrecht.eu\/\" target=\"_blank\" rel=\"noopener noreferrer\">Anwaltskanzlei Wei\u00df &amp; Partner<\/a><\/i><\/span><\/p>\n<p><span style=\"color: #ffffff;\"><br \/><\/span><\/p>\n<p style=\"text-align: justify;\"><span style=\"color: #ffffff;\"><b>Wasserz\u00e4hlerkarte Online Gemeinde M\u00fchlingen<\/b><\/span><\/p>\n<p style=\"text-align: justify;\"><span style=\"color: #ffffff;\">Mit der Bereitstellung der Online-Anwendungen hat die Verwaltung die Fa. komuna GmbH <span style=\"font-family: var(--awb-text-font-family); font-size: var(--awb-font-size); font-style: var(--awb-text-font-style); font-weight: var(--awb-text-font-weight); letter-spacing: var(--awb-letter-spacing); text-align: var(--awb-content-alignment); text-transform: var(--awb-text-transform); background-color: var(--awb-bg-color-hover);\">(www.komuna.de), 84032 Altdorf, als vertrauensw\u00fcrdigen Dritten beauftragt. <\/span><\/span><\/p>\n<p style=\"text-align: justify;\"><span style=\"color: #ffffff;\"><span style=\"font-family: var(--awb-text-font-family); font-size: var(--awb-font-size); font-style: var(--awb-text-font-style); font-weight: var(--awb-text-font-weight); letter-spacing: var(--awb-letter-spacing); text-align: var(--awb-content-alignment); text-transform: var(--awb-text-transform); background-color: var(--awb-bg-color-hover);\">Beim Aufruf der <\/span><span style=\"font-family: var(--awb-text-font-family); font-size: var(--awb-font-size); font-style: var(--awb-text-font-style); font-weight: var(--awb-text-font-weight); letter-spacing: var(--awb-letter-spacing); text-align: var(--awb-content-alignment); text-transform: var(--awb-text-transform); background-color: var(--awb-bg-color-hover);\">Online-Anwendungen wird entsprechend auf die Systeme der komuna GmbH (wzko.komuna.net) <\/span><span style=\"font-family: var(--awb-text-font-family); font-size: var(--awb-font-size); font-style: var(--awb-text-font-style); font-weight: var(--awb-text-font-weight); letter-spacing: var(--awb-letter-spacing); text-align: var(--awb-content-alignment); text-transform: var(--awb-text-transform); background-color: var(--awb-bg-color-hover);\">verlinkt. <\/span><\/span><\/p>\n<p style=\"text-align: justify;\"><span style=\"color: #ffffff;\"><span style=\"font-family: var(--awb-text-font-family); font-size: var(--awb-font-size); font-style: var(--awb-text-font-style); font-weight: var(--awb-text-font-weight); letter-spacing: var(--awb-letter-spacing); text-align: var(--awb-content-alignment); text-transform: var(--awb-text-transform); background-color: var(--awb-bg-color-hover);\">Sie k\u00f6nnen sich anhand des Zertifikates davon \u00fcberzeugen, dass Sie auf dem richtigen <\/span><span style=\"font-family: var(--awb-text-font-family); font-size: var(--awb-font-size); font-style: var(--awb-text-font-style); font-weight: var(--awb-text-font-weight); letter-spacing: var(--awb-letter-spacing); text-align: var(--awb-content-alignment); text-transform: var(--awb-text-transform); background-color: var(--awb-bg-color-hover);\">Server verlinkt wurden. <\/span><\/span><\/p>\n<p style=\"text-align: justify;\"><span style=\"color: #ffffff;\"><span style=\"font-family: var(--awb-text-font-family); font-size: var(--awb-font-size); font-style: var(--awb-text-font-style); font-weight: var(--awb-text-font-weight); letter-spacing: var(--awb-letter-spacing); text-align: var(--awb-content-alignment); text-transform: var(--awb-text-transform); background-color: var(--awb-bg-color-hover);\">Diese Online-Anwendung ist \u00fcber das HTTPS-Protokoll verschl\u00fcsselt, die <\/span><span style=\"font-family: var(--awb-text-font-family); font-size: var(--awb-font-size); font-style: var(--awb-text-font-style); font-weight: var(--awb-text-font-weight); letter-spacing: var(--awb-letter-spacing); text-align: var(--awb-content-alignment); text-transform: var(--awb-text-transform); background-color: var(--awb-bg-color-hover);\">Schl\u00fcsselst\u00e4rke betr\u00e4gt je nach eingesetztem Browser 128-Bit bzw. 256-Bit. <\/span><\/span><\/p>\n<p style=\"text-align: justify;\"><span style=\"color: #ffffff;\"><span style=\"font-family: var(--awb-text-font-family); font-size: var(--awb-font-size); font-style: var(--awb-text-font-style); font-weight: var(--awb-text-font-weight); letter-spacing: var(--awb-letter-spacing); text-align: var(--awb-content-alignment); text-transform: var(--awb-text-transform); background-color: var(--awb-bg-color-hover);\">Die erhobenen Daten werden zur Zuordnung der Z\u00e4hlernummer und dem Objekt (Str., Hausnummer) von der Kommune an die Applikation Wasserz\u00e4hler Online verschl\u00fcsselt zur komuna GmbH <\/span><span style=\"font-family: var(--awb-text-font-family); font-size: var(--awb-font-size); font-style: var(--awb-text-font-style); font-weight: var(--awb-text-font-weight); letter-spacing: var(--awb-letter-spacing); text-align: var(--awb-content-alignment); text-transform: var(--awb-text-transform); background-color: var(--awb-bg-color-hover);\">\u00fcbertragen. <\/span><\/span><\/p>\n<p style=\"text-align: justify;\"><span style=\"color: #ffffff; font-family: var(--awb-text-font-family); font-size: var(--awb-font-size); font-style: var(--awb-text-font-style); font-weight: var(--awb-text-font-weight); letter-spacing: var(--awb-letter-spacing); text-align: var(--awb-content-alignment); text-transform: var(--awb-text-transform); background-color: var(--awb-bg-color-hover);\">Die Eingabe Ihrer E-Mail-Adresse ist optional und wird nur f\u00fcr die entsprechende Benachrichtigungsmail ben\u00f6tigt. <\/span><\/p>\n<p style=\"text-align: justify;\"><span style=\"color: #ffffff;\"><span style=\"font-family: var(--awb-text-font-family); font-size: var(--awb-font-size); font-style: var(--awb-text-font-style); font-weight: var(--awb-text-font-weight); letter-spacing: var(--awb-letter-spacing); text-align: var(--awb-content-alignment); text-transform: var(--awb-text-transform); background-color: var(--awb-bg-color-hover);\">Ihre Daten (Z\u00e4hlernummer, Z\u00e4hlerstand, Ablesedatum) bleiben so <\/span><span style=\"font-family: var(--awb-text-font-family); font-size: var(--awb-font-size); font-style: var(--awb-text-font-style); font-weight: var(--awb-text-font-weight); letter-spacing: var(--awb-letter-spacing); text-align: var(--awb-content-alignment); text-transform: var(--awb-text-transform); background-color: var(--awb-bg-color-hover);\">lange gespeichert, bis sie durch das Hochladen neuer Daten \u00fcberschrieben werden. <\/span><\/span><\/p>\n<p style=\"text-align: justify;\"><span style=\"color: #ffffff; font-family: var(--awb-text-font-family); font-size: var(--awb-font-size); font-style: var(--awb-text-font-style); font-weight: var(--awb-text-font-weight); letter-spacing: var(--awb-letter-spacing); text-align: var(--awb-content-alignment); text-transform: var(--awb-text-transform); background-color: var(--awb-bg-color-hover);\">Eine Weitergabe an Dritte erfolgt nicht.<\/span><\/p>\n<\/div><div class=\"fusion-clearfix\"><\/div><\/div><\/div><\/div><\/div><\/p>\n","protected":false},"excerpt":{"rendered":"","protected":false},"author":1,"featured_media":0,"parent":0,"menu_order":0,"comment_status":"closed","ping_status":"closed","template":"","meta":{"footnotes":""},"class_list":["post-265","page","type-page","status-publish","hentry"],"publishpress_future_action":{"enabled":false,"date":"2026-05-07 01:56:32","action":"change-status","newStatus":"draft","terms":[],"taxonomy":"","extraData":[]},"publishpress_future_workflow_manual_trigger":{"enabledWorkflows":[]},"_links":{"self":[{"href":"https:\/\/muehlingen.de\/index.php?rest_route=\/wp\/v2\/pages\/265","targetHints":{"allow":["GET"]}}],"collection":[{"href":"https:\/\/muehlingen.de\/index.php?rest_route=\/wp\/v2\/pages"}],"about":[{"href":"https:\/\/muehlingen.de\/index.php?rest_route=\/wp\/v2\/types\/page"}],"author":[{"embeddable":true,"href":"https:\/\/muehlingen.de\/index.php?rest_route=\/wp\/v2\/users\/1"}],"replies":[{"embeddable":true,"href":"https:\/\/muehlingen.de\/index.php?rest_route=%2Fwp%2Fv2%2Fcomments&post=265"}],"version-history":[{"count":53,"href":"https:\/\/muehlingen.de\/index.php?rest_route=\/wp\/v2\/pages\/265\/revisions"}],"predecessor-version":[{"id":7961,"href":"https:\/\/muehlingen.de\/index.php?rest_route=\/wp\/v2\/pages\/265\/revisions\/7961"}],"wp:attachment":[{"href":"https:\/\/muehlingen.de\/index.php?rest_route=%2Fwp%2Fv2%2Fmedia&parent=265"}],"curies":[{"name":"wp","href":"https:\/\/api.w.org\/{rel}","templated":true}]}}