{"id":356,"date":"2018-04-16T14:38:31","date_gmt":"2018-04-16T12:38:31","guid":{"rendered":"http:\/\/muehlingen.de\/wordpress_01\/?page_id=356"},"modified":"2025-07-02T12:47:24","modified_gmt":"2025-07-02T10:47:24","slug":"gebuehren","status":"publish","type":"page","link":"https:\/\/muehlingen.de\/?page_id=356","title":{"rendered":"Geb\u00fchren"},"content":{"rendered":"<div class=\"fusion-fullwidth fullwidth-box fusion-builder-row-1 nonhundred-percent-fullwidth non-hundred-percent-height-scrolling\" style=\"--awb-border-radius-top-left:0px;--awb-border-radius-top-right:0px;--awb-border-radius-bottom-right:0px;--awb-border-radius-bottom-left:0px;--awb-flex-wrap:wrap;\" ><div class=\"fusion-builder-row fusion-row\"><div class=\"fusion-layout-column fusion_builder_column fusion-builder-column-0 fusion_builder_column_1_1 1_1 fusion-one-full fusion-column-first fusion-column-last\" style=\"--awb-bg-size:cover;\"><div class=\"fusion-column-wrapper fusion-flex-column-wrapper-legacy\"><div class=\"accordian fusion-accordian\" style=\"--awb-border-size:1px;--awb-icon-size:14px;--awb-content-font-size:12px;--awb-icon-alignment:left;--awb-hover-color:#f9f9f9;--awb-border-color:#d6d6d6;--awb-background-color:#ffffff;--awb-divider-color:#e0dede;--awb-divider-hover-color:#e0dede;--awb-icon-color:#ffffff;--awb-title-color:#000000;--awb-content-color:#000000;--awb-icon-box-color:#333333;--awb-toggle-hover-accent-color:#f44336;--awb-title-font-family:Arial, Helvetica, sans-serif;--awb-title-font-weight:700;--awb-title-font-style:normal;--awb-title-font-size:13px;--awb-content-font-family:Arial, Helvetica, sans-serif;--awb-content-font-style:normal;--awb-content-font-weight:400;\"><div class=\"panel-group fusion-toggle-icon-boxed\" id=\"accordion-356-1\"><div class=\"fusion-panel panel-default panel-ea055d0019f1ef9e5 fusion-toggle-no-divider fusion-toggle-boxed-mode\"><div class=\"panel-heading\"><h4 class=\"panel-title toggle\" id=\"toggle_ea055d0019f1ef9e5\"><a aria-expanded=\"false\" aria-controls=\"ea055d0019f1ef9e5\" role=\"button\" data-toggle=\"collapse\" data-parent=\"#accordion-356-1\" data-target=\"#ea055d0019f1ef9e5\" href=\"#ea055d0019f1ef9e5\"><span class=\"fusion-toggle-icon-wrapper\" aria-hidden=\"true\"><i class=\"fa-fusion-box active-icon awb-icon-minus\" aria-hidden=\"true\"><\/i><i class=\"fa-fusion-box inactive-icon awb-icon-plus\" aria-hidden=\"true\"><\/i><\/span><span class=\"fusion-toggle-heading\">Geb\u00fchren Abfall<\/span><\/a><\/h4><\/div><div id=\"ea055d0019f1ef9e5\" class=\"panel-collapse collapse \" aria-labelledby=\"toggle_ea055d0019f1ef9e5\"><div class=\"panel-body toggle-content fusion-clearfix\">\n<p><a name=\"gebabfall\"><\/a><br \/>60 l Restm\u00fcll:&nbsp; 108,00 \u20ac\/Jahr (4-w\u00f6. Leerung)<br \/>120 l Restm\u00fcll: 176,00 \u20ac\/Jahr (4-w\u00f6. Leerung)<br \/>240 l Restm\u00fcll: 273,00 \u20ac\/Jahr (4-w\u00f6. Leerung)<\/p>\n<p>60 l Biom\u00fcll: 93,00 \u20ac\/Jahr (2-w\u00f6. Leerung)<br \/>120 l Biom\u00fcll: 162,00 \u20ac\/Jahr (2-w\u00f6. Leerung)<br \/>240 l Biom\u00fcll: 277,00 \u20ac\/Jahr (2-w\u00f6. Leerung)<\/p>\n<\/div><\/div><\/div><div class=\"fusion-panel panel-default panel-02acf766c0f4143ce fusion-toggle-no-divider fusion-toggle-boxed-mode\"><div class=\"panel-heading\"><h4 class=\"panel-title toggle\" id=\"toggle_02acf766c0f4143ce\"><a aria-expanded=\"false\" aria-controls=\"02acf766c0f4143ce\" role=\"button\" data-toggle=\"collapse\" data-parent=\"#accordion-356-1\" data-target=\"#02acf766c0f4143ce\" href=\"#02acf766c0f4143ce\"><span class=\"fusion-toggle-icon-wrapper\" aria-hidden=\"true\"><i class=\"fa-fusion-box active-icon awb-icon-minus\" aria-hidden=\"true\"><\/i><i class=\"fa-fusion-box inactive-icon awb-icon-plus\" aria-hidden=\"true\"><\/i><\/span><span class=\"fusion-toggle-heading\">Geb\u00fchren Wasser und Abwasser<\/span><\/a><\/h4><\/div><div id=\"02acf766c0f4143ce\" class=\"panel-collapse collapse \" aria-labelledby=\"toggle_02acf766c0f4143ce\"><div class=\"panel-body toggle-content fusion-clearfix\">\n<p><a name=\"gebwasser\"><\/a><\/p>\n<h3 data-fontsize=\"14\" data-lineheight=\"21\">Abwassergeb\u00fchr<\/h3>\n<p>Grundgeb\u00fchr Schmutzwasser: 72,00 \u20ac\/Jahr<\/p>\n<p>Abwassergeb\u00fchr Schmutzwasser: 2,44 \u20ac\/cbm<br \/>Abwassergeb\u00fchr Niederschlagswasser:&nbsp; 0,46 \u20ac\/qm<\/p>\n<p>Kleinkl\u00e4ranlagen (Selbstanlieferung): 39,00 \u20ac<\/p>\n<p>Geschlossene Gruben (Selbstanlieferung): 8,80<\/p>\n<h3>Wassergeb\u00fchr<\/h3>\n<p>Wassergeb\u00fchr: 1,89 \u20ac\/cbm zzgl. Grundgeb\u00fchr&nbsp; &nbsp;66 &#8211; 70 \u20ac<\/p>\n<h3>Abwasserbeitrag<\/h3>\n<p>Kanalbeitrag: 3,58 \u20ac\/qm GFL<br \/>Kl\u00e4rbeitrag: 2,43 \u20ac\/qm GFL<\/p>\n<h3>Wasserversorgungsbeitrag<\/h3>\n<p>Wasserversorgungsbeitrag: 3,58 \u20ac\/qm GFL zzgl. 19 % MwSt.<\/p>\n<\/div><\/div><\/div><div class=\"fusion-panel panel-default panel-389b5e81253fab335 fusion-toggle-no-divider fusion-toggle-boxed-mode\"><div class=\"panel-heading\"><h4 class=\"panel-title toggle\" id=\"toggle_389b5e81253fab335\"><a aria-expanded=\"false\" aria-controls=\"389b5e81253fab335\" role=\"button\" data-toggle=\"collapse\" data-parent=\"#accordion-356-1\" data-target=\"#389b5e81253fab335\" href=\"#389b5e81253fab335\"><span class=\"fusion-toggle-icon-wrapper\" aria-hidden=\"true\"><i class=\"fa-fusion-box active-icon awb-icon-minus\" aria-hidden=\"true\"><\/i><i class=\"fa-fusion-box inactive-icon awb-icon-plus\" aria-hidden=\"true\"><\/i><\/span><span class=\"fusion-toggle-heading\">Geb\u00fchren Friedhof<\/span><\/a><\/h4><\/div><div id=\"389b5e81253fab335\" class=\"panel-collapse collapse \" aria-labelledby=\"toggle_389b5e81253fab335\"><div class=\"panel-body toggle-content fusion-clearfix\">\n<p><strong><a href=\"https:\/\/muehlingen.de\/wordpress_01\/wp-content\/uploads\/20240523-Aenderungssatzung.pdf\">\u00c4nderungssatzung der Friedhofssatzung 05.2024 <span style=\"color: #ff0000;\">(klick)<\/span><\/a><\/strong><\/p>\n<p><strong>Der bisherige langj\u00e4hrige Bestattungsunternehmer konnte die Aufgaben nicht mehr erf\u00fcllen. Es wurde ein Vertrag mit einem neuen Bestattungsunternehmen ab 05.2024 abgeschlossen, der leider zu Preissteigerungen f\u00fcr Beerdigungen f\u00fchrte.<\/strong><\/p>\n<p><strong><a href=\"https:\/\/muehlingen.de\/wordpress_01\/wp-content\/uploads\/Friedhofssatzung-10.2023.pdf\"><span style=\"color: #3366ff;\">Friedhofssatzung 10.2023 <span style=\"color: #ff0000;\">(klick)<\/span><\/span>&nbsp;<\/a>&nbsp;<\/strong><\/p>\n<\/div><\/div><\/div><div class=\"fusion-panel panel-default panel-51bd9ce54110c4784 fusion-toggle-no-divider fusion-toggle-boxed-mode\"><div class=\"panel-heading\"><h4 class=\"panel-title toggle\" id=\"toggle_51bd9ce54110c4784\"><a aria-expanded=\"false\" aria-controls=\"51bd9ce54110c4784\" role=\"button\" data-toggle=\"collapse\" data-parent=\"#accordion-356-1\" data-target=\"#51bd9ce54110c4784\" href=\"#51bd9ce54110c4784\"><span class=\"fusion-toggle-icon-wrapper\" aria-hidden=\"true\"><i class=\"fa-fusion-box active-icon awb-icon-minus\" aria-hidden=\"true\"><\/i><i class=\"fa-fusion-box inactive-icon awb-icon-plus\" aria-hidden=\"true\"><\/i><\/span><span class=\"fusion-toggle-heading\">Geb\u00fchren Kindergarten<\/span><\/a><\/h4><\/div><div id=\"51bd9ce54110c4784\" class=\"panel-collapse collapse \" aria-labelledby=\"toggle_51bd9ce54110c4784\"><div class=\"panel-body toggle-content fusion-clearfix\">\n<p>Hier finden Sie die aktuelle Benutzungsordnung und Geb\u00fchren der Tageseinrichtungen f\u00fcr Kinder in der Gemeinde M\u00fchlingen<\/p>\n<p><strong><a href=\"https:\/\/muehlingen.de\/wordpress_01\/wp-content\/uploads\/2024-2026-Kindergartenordnung-ab-02.07.2025.pdf\">2024-2026 Kindergartenordnung ab 02.07.2025<span style=\"color: #ff0000;\"> (klick)<\/span><\/a><\/strong><\/p>\n<p>&nbsp;<\/p>\n<\/div><\/div><\/div><div class=\"fusion-panel panel-default panel-f9eb51ac4cfcdc2bf fusion-toggle-no-divider fusion-toggle-boxed-mode\"><div class=\"panel-heading\"><h4 class=\"panel-title toggle\" id=\"toggle_f9eb51ac4cfcdc2bf\"><a aria-expanded=\"false\" aria-controls=\"f9eb51ac4cfcdc2bf\" role=\"button\" data-toggle=\"collapse\" data-parent=\"#accordion-356-1\" data-target=\"#f9eb51ac4cfcdc2bf\" href=\"#f9eb51ac4cfcdc2bf\"><span class=\"fusion-toggle-icon-wrapper\" aria-hidden=\"true\"><i class=\"fa-fusion-box active-icon awb-icon-minus\" aria-hidden=\"true\"><\/i><i class=\"fa-fusion-box inactive-icon awb-icon-plus\" aria-hidden=\"true\"><\/i><\/span><span class=\"fusion-toggle-heading\">Geb\u00fchren Hallen<\/span><\/a><\/h4><\/div><div id=\"f9eb51ac4cfcdc2bf\" class=\"panel-collapse collapse \" aria-labelledby=\"toggle_f9eb51ac4cfcdc2bf\"><div class=\"panel-body toggle-content fusion-clearfix\">\n<p><strong><a href=\"https:\/\/muehlingen.de\/wordpress_01\/wp-content\/uploads\/Gebuehrenordnung-Mehrzweckhallen-und-Gemeindesaele-04-2024-1.pdf\">Geb\u00fchrenordnung Mehrzweckhallen und Gemeindes\u00e4le 04-2024 <span style=\"color: #ff0000;\">(klick)<\/span><\/a><\/strong><\/p>\n<\/div><\/div><\/div><\/div><\/div><div class=\"fusion-clearfix\"><\/div><\/div><\/div><\/div><\/div>\n","protected":false},"excerpt":{"rendered":"","protected":false},"author":1,"featured_media":0,"parent":0,"menu_order":0,"comment_status":"closed","ping_status":"closed","template":"","meta":{"footnotes":""},"class_list":["post-356","page","type-page","status-publish","hentry"],"publishpress_future_action":{"enabled":false,"date":"2026-05-08 11:48:26","action":"change-status","newStatus":"draft","terms":[],"taxonomy":"","extraData":[]},"publishpress_future_workflow_manual_trigger":{"enabledWorkflows":[]},"_links":{"self":[{"href":"https:\/\/muehlingen.de\/index.php?rest_route=\/wp\/v2\/pages\/356","targetHints":{"allow":["GET"]}}],"collection":[{"href":"https:\/\/muehlingen.de\/index.php?rest_route=\/wp\/v2\/pages"}],"about":[{"href":"https:\/\/muehlingen.de\/index.php?rest_route=\/wp\/v2\/types\/page"}],"author":[{"embeddable":true,"href":"https:\/\/muehlingen.de\/index.php?rest_route=\/wp\/v2\/users\/1"}],"replies":[{"embeddable":true,"href":"https:\/\/muehlingen.de\/index.php?rest_route=%2Fwp%2Fv2%2Fcomments&post=356"}],"version-history":[{"count":80,"href":"https:\/\/muehlingen.de\/index.php?rest_route=\/wp\/v2\/pages\/356\/revisions"}],"predecessor-version":[{"id":8069,"href":"https:\/\/muehlingen.de\/index.php?rest_route=\/wp\/v2\/pages\/356\/revisions\/8069"}],"wp:attachment":[{"href":"https:\/\/muehlingen.de\/index.php?rest_route=%2Fwp%2Fv2%2Fmedia&parent=356"}],"curies":[{"name":"wp","href":"https:\/\/api.w.org\/{rel}","templated":true}]}}