{"id":4152,"date":"2021-02-18T22:30:26","date_gmt":"2021-02-18T21:30:26","guid":{"rendered":"https:\/\/muehlingen.de\/?page_id=4152"},"modified":"2022-07-05T13:27:17","modified_gmt":"2022-07-05T11:27:17","slug":"app-service-2","status":"publish","type":"page","link":"https:\/\/muehlingen.de\/?page_id=4152","title":{"rendered":"App Service"},"content":{"rendered":"<p><div class=\"fusion-fullwidth fullwidth-box fusion-builder-row-1 nonhundred-percent-fullwidth non-hundred-percent-height-scrolling\" style=\"--awb-border-radius-top-left:0px;--awb-border-radius-top-right:0px;--awb-border-radius-bottom-right:0px;--awb-border-radius-bottom-left:0px;--awb-flex-wrap:wrap;\" ><div class=\"fusion-builder-row fusion-row\"><div class=\"fusion-layout-column fusion_builder_column fusion-builder-column-0 fusion_builder_column_1_3 1_3 fusion-one-third fusion-column-first\" style=\"--awb-bg-size:cover;width:33.333333333333%;width:calc(33.333333333333% - ( ( 4% + 4% ) * 0.33333333333333 ) );margin-right: 4%;\"><div class=\"fusion-column-wrapper fusion-column-has-shadow fusion-flex-column-wrapper-legacy\"><div class=\"fusion-text fusion-text-1\"><h3 style=\"text-align: center;\"><span style=\"color: #ffffff;\"><strong>M\u00fcll vergessen? Unser Service.<\/strong><\/span><\/h3>\n<hr \/>\n<p><a href=\"https:\/\/www.muellmann-app.de\/download\/\"><img decoding=\"async\" class=\"aligncenter wp-image-4077 size-fusion-400\" src=\"https:\/\/muehlingen.de\/wordpress_01\/wp-content\/uploads\/Mu\u0308llmann-QR-Banner-big-1536x528-1-400x138.png\" alt=\"\" width=\"400\" height=\"138\" srcset=\"https:\/\/muehlingen.de\/wordpress_01\/wp-content\/uploads\/Mu\u0308llmann-QR-Banner-big-1536x528-1-200x69.png 200w, https:\/\/muehlingen.de\/wordpress_01\/wp-content\/uploads\/Mu\u0308llmann-QR-Banner-big-1536x528-1-300x103.png 300w, https:\/\/muehlingen.de\/wordpress_01\/wp-content\/uploads\/Mu\u0308llmann-QR-Banner-big-1536x528-1-400x138.png 400w, https:\/\/muehlingen.de\/wordpress_01\/wp-content\/uploads\/Mu\u0308llmann-QR-Banner-big-1536x528-1-600x206.png 600w, https:\/\/muehlingen.de\/wordpress_01\/wp-content\/uploads\/Mu\u0308llmann-QR-Banner-big-1536x528-1-768x264.png 768w, https:\/\/muehlingen.de\/wordpress_01\/wp-content\/uploads\/Mu\u0308llmann-QR-Banner-big-1536x528-1-800x275.png 800w, https:\/\/muehlingen.de\/wordpress_01\/wp-content\/uploads\/Mu\u0308llmann-QR-Banner-big-1536x528-1-1024x352.png 1024w, https:\/\/muehlingen.de\/wordpress_01\/wp-content\/uploads\/Mu\u0308llmann-QR-Banner-big-1536x528-1-1200x413.png 1200w, https:\/\/muehlingen.de\/wordpress_01\/wp-content\/uploads\/Mu\u0308llmann-QR-Banner-big-1536x528-1.png 1536w\" sizes=\"(max-width: 400px) 100vw, 400px\" \/><\/a><\/p>\n<p style=\"text-align: center;\"><span style=\"color: #ffffff;\"><strong>App installieren, Ort: M\u00fchlingen w\u00e4hlen und schon werden Sie rechtzeitig per Handy informiert.<\/strong><\/span><\/p>\n<\/div><div class=\"fusion-clearfix\"><\/div><\/div><\/div><div class=\"fusion-layout-column fusion_builder_column fusion-builder-column-1 fusion_builder_column_1_3 1_3 fusion-one-third\" style=\"--awb-bg-size:cover;width:33.333333333333%;width:calc(33.333333333333% - ( ( 4% + 4% ) * 0.33333333333333 ) );margin-right: 4%;\"><div class=\"fusion-column-wrapper fusion-column-has-shadow fusion-flex-column-wrapper-legacy\"><div class=\"fusion-text fusion-text-2\"><h3 style=\"text-align: center;\"><span style=\"color: #ffffff;\">KITA App &#8211; Unser Infosystem<\/span><\/h3>\n<hr \/>\n<p><a href=\"https:\/\/www.kita-info-app.de\/\"><img decoding=\"async\" class=\"aligncenter wp-image-4086 size-fusion-400\" src=\"https:\/\/muehlingen.de\/wordpress_01\/wp-content\/uploads\/Kita-App-400x131.jpg\" alt=\"\" width=\"400\" height=\"131\" srcset=\"https:\/\/muehlingen.de\/wordpress_01\/wp-content\/uploads\/Kita-App-200x65.jpg 200w, https:\/\/muehlingen.de\/wordpress_01\/wp-content\/uploads\/Kita-App-300x98.jpg 300w, https:\/\/muehlingen.de\/wordpress_01\/wp-content\/uploads\/Kita-App-400x131.jpg 400w, https:\/\/muehlingen.de\/wordpress_01\/wp-content\/uploads\/Kita-App-600x196.jpg 600w, https:\/\/muehlingen.de\/wordpress_01\/wp-content\/uploads\/Kita-App.jpg 643w\" sizes=\"(max-width: 400px) 100vw, 400px\" \/><\/a><\/p>\n<p><span style=\"color: #ffffff;\"><strong>So stehen Sie einfach und schnell in Kontakt mit unseren Einrichtungen und diese mit Ihnen.<\/strong><\/span><\/p>\n<p><span style=\"color: #ffffff;\"><strong>Kindergarten &#8222;Wunderland&#8220; M\u00fchlingen &#8211; Start: 01.03.2021<\/strong><\/span><\/p>\n<p><span style=\"color: #ffffff;\"><strong>Kindergarten &#8222;Regenbogen&#8220; Zoznegg &#8211; geplant ab 01.04.2021<\/strong><\/span><\/p>\n<p><span style=\"color: #ffffff;\"><strong>Kinderkrippe &#8222;Morgenland&#8220; M\u00fchlingen &#8211; geplant ab 01.04.2021<\/strong><\/span><\/p>\n<\/div><div class=\"fusion-clearfix\"><\/div><\/div><\/div><div class=\"fusion-layout-column fusion_builder_column fusion-builder-column-2 fusion_builder_column_1_3 1_3 fusion-one-third fusion-column-last\" style=\"--awb-bg-size:cover;width:33.333333333333%;width:calc(33.333333333333% - ( ( 4% + 4% ) * 0.33333333333333 ) );\"><div class=\"fusion-column-wrapper fusion-column-has-shadow fusion-flex-column-wrapper-legacy\"><div class=\"fusion-text fusion-text-3\"><h3 style=\"text-align: center;\"><span style=\"color: #ffffff;\"><strong>KITU App &#8211; Bewegung f\u00fcr Kinder<\/strong><\/span><\/h3>\n<hr \/>\n<p><a href=\"https:\/\/www.kinderturnstiftung-bw.de\/kitu-app-gemeinsam-spielen-bewegen\/\"><img decoding=\"async\" class=\"aligncenter wp-image-4105 size-medium\" src=\"https:\/\/muehlingen.de\/wordpress_01\/wp-content\/uploads\/Kitu-App-300x167.jpg\" alt=\"\" width=\"300\" height=\"167\" srcset=\"https:\/\/muehlingen.de\/wordpress_01\/wp-content\/uploads\/Kitu-App-200x112.jpg 200w, https:\/\/muehlingen.de\/wordpress_01\/wp-content\/uploads\/Kitu-App-300x167.jpg 300w, https:\/\/muehlingen.de\/wordpress_01\/wp-content\/uploads\/Kitu-App-400x223.jpg 400w, https:\/\/muehlingen.de\/wordpress_01\/wp-content\/uploads\/Kitu-App-600x335.jpg 600w, https:\/\/muehlingen.de\/wordpress_01\/wp-content\/uploads\/Kitu-App.jpg 740w\" sizes=\"(max-width: 300px) 100vw, 300px\" \/><\/a><\/p>\n<p style=\"text-align: center;\"><span style=\"color: #ffffff;\"><strong>Eine Initiative der Kinderturnstiftung Baden-W\u00fcrttemberg.<\/strong><\/span><\/p>\n<\/div><div class=\"fusion-clearfix\"><\/div><\/div><\/div><\/div><\/div><div class=\"fusion-fullwidth fullwidth-box fusion-builder-row-2 nonhundred-percent-fullwidth non-hundred-percent-height-scrolling\" style=\"--awb-border-radius-top-left:0px;--awb-border-radius-top-right:0px;--awb-border-radius-bottom-right:0px;--awb-border-radius-bottom-left:0px;--awb-flex-wrap:wrap;\" ><div class=\"fusion-builder-row fusion-row\"><div class=\"fusion-layout-column fusion_builder_column fusion-builder-column-3 fusion_builder_column_1_3 1_3 fusion-one-third fusion-column-first\" style=\"--awb-bg-size:cover;width:33.333333333333%;width:calc(33.333333333333% - ( ( 4% + 4% ) * 0.33333333333333 ) );margin-right: 4%;\"><div class=\"fusion-column-wrapper fusion-column-has-shadow fusion-flex-column-wrapper-legacy\"><div class=\"fusion-text fusion-text-4\"><h3 style=\"text-align: center;\"><span style=\"color: #ffffff;\"><strong>PENDLA &#8211; Die Mitfahrzentrale &#8211;<\/strong><\/span><\/h3>\n<hr>\n<p><img decoding=\"async\" class=\"size-medium wp-image-5963 aligncenter\" src=\"https:\/\/muehlingen.de\/wordpress_01\/wp-content\/uploads\/QR-Jpg-300x275.jpg\" alt=\"\" width=\"300\" height=\"275\" srcset=\"https:\/\/muehlingen.de\/wordpress_01\/wp-content\/uploads\/QR-Jpg-200x183.jpg 200w, https:\/\/muehlingen.de\/wordpress_01\/wp-content\/uploads\/QR-Jpg-300x275.jpg 300w, https:\/\/muehlingen.de\/wordpress_01\/wp-content\/uploads\/QR-Jpg-400x367.jpg 400w, https:\/\/muehlingen.de\/wordpress_01\/wp-content\/uploads\/QR-Jpg-600x550.jpg 600w, https:\/\/muehlingen.de\/wordpress_01\/wp-content\/uploads\/QR-Jpg-768x704.jpg 768w, https:\/\/muehlingen.de\/wordpress_01\/wp-content\/uploads\/QR-Jpg-800x733.jpg 800w, https:\/\/muehlingen.de\/wordpress_01\/wp-content\/uploads\/QR-Jpg-1024x938.jpg 1024w, https:\/\/muehlingen.de\/wordpress_01\/wp-content\/uploads\/QR-Jpg.jpg 1196w\" sizes=\"(max-width: 300px) 100vw, 300px\" \/><\/p>\n<p><span style=\"color: #ffffff;\">Mit PENDLA Geldbeutel und Umwelt schonen<\/span><\/p>\n<p><span style=\"color: #ffffff;\">In Zeiten von steigenden Spritpreisen und Klimakrise kommt sie gerade richtig: PENDLA, die kommunale Plattform, die Nachbarn zu Mitfahrern werden l\u00e4sst. F\u00fcr Nutzer ist das Angebot kostenfrei, Geb\u00fchren werden von den Kommunen \u00fcbernommen.<\/span><\/p>\n<p><span style=\"color: #ffffff;\">Die t\u00e4gliche Fahrt zur Arbeit ist f\u00fcr die meisten die mit Abstand am h\u00e4ufigsten gefahrene Strecke. <\/span><span style=\"color: rgb(255, 255, 255); font-family: var(--body_typography-font-family); font-size: var(--body_typography-font-size); font-style: var(--body_typography-font-style,normal); font-weight: var(--body_typography-font-weight); letter-spacing: var(--body_typography-letter-spacing);\">Das Problem: die gro\u00dfe Mehrheit f\u00e4hrt allein und mit dem Auto, freie Pl\u00e4tze bleiben meist unbesetzt, weil es schwierig ist, passende Mitfahrer zu finden. Fahrgemeinschaften sparen jedoch Geld, entlasten die Umwelt und reduzieren den Verkehr. .<\/span><\/p>\n<p><span style=\"color: #ffffff;\">Gem\u00e4\u00df dem Motto \u201eAus Nachbarn werden Mitfahrer\u201d stellen die B\u00fcrgermeister der Verwaltungsgemeinschaft Stockach mit dem Anschluss an PENDLA ab sofort allen B\u00fcrgerinnen und B\u00fcrgern eine digitale Suchmaschine f\u00fcrs gemeinsame Pendeln zur Verf\u00fcgung.<\/span><\/p>\n<\/div><div class=\"fusion-clearfix\"><\/div><\/div><\/div><div class=\"fusion-layout-column fusion_builder_column fusion-builder-column-4 fusion_builder_column_1_3 1_3 fusion-one-third\" style=\"--awb-bg-size:cover;width:33.333333333333%;width:calc(33.333333333333% - ( ( 4% + 4% ) * 0.33333333333333 ) );margin-right: 4%;\"><div class=\"fusion-column-wrapper fusion-column-has-shadow fusion-flex-column-wrapper-legacy\"><div class=\"fusion-text fusion-text-5\"><h3 style=\"text-align: center;\"><span style=\"color: #000000;\"><span style=\"color: #ffffff;\">Sicher Reisen App<\/span><\/span><\/h3>\n<hr \/>\n<p><a href=\"https:\/\/www.auswaertiges-amt.de\/de\/ReiseUndSicherheit\/app-sicher-reisen\/350382\"><img decoding=\"async\" class=\"size-medium wp-image-4218 aligncenter\" src=\"https:\/\/muehlingen.de\/wordpress_01\/wp-content\/uploads\/Reise-App-300x141.jpg\" alt=\"\" width=\"300\" height=\"141\" srcset=\"https:\/\/muehlingen.de\/wordpress_01\/wp-content\/uploads\/Reise-App-200x94.jpg 200w, https:\/\/muehlingen.de\/wordpress_01\/wp-content\/uploads\/Reise-App-300x141.jpg 300w, https:\/\/muehlingen.de\/wordpress_01\/wp-content\/uploads\/Reise-App-400x188.jpg 400w, https:\/\/muehlingen.de\/wordpress_01\/wp-content\/uploads\/Reise-App-600x282.jpg 600w, https:\/\/muehlingen.de\/wordpress_01\/wp-content\/uploads\/Reise-App-768x361.jpg 768w, https:\/\/muehlingen.de\/wordpress_01\/wp-content\/uploads\/Reise-App-800x376.jpg 800w, https:\/\/muehlingen.de\/wordpress_01\/wp-content\/uploads\/Reise-App-1024x482.jpg 1024w, https:\/\/muehlingen.de\/wordpress_01\/wp-content\/uploads\/Reise-App.jpg 1027w\" sizes=\"(max-width: 300px) 100vw, 300px\" \/><\/a><\/p>\n<p style=\"text-align: center;\"><strong><span style=\"color: #ffffff;\">Der Name ist Programm. Das Ausw\u00e4rtige Amt hat f\u00fcr Sie die n\u00f6tigen Informationen f\u00fcr eine sichere und m\u00f6glichst reibungslose Auslandsreise in einer Anwendung zusammengefasst.<\/span><\/strong><\/p>\n<\/div><div class=\"fusion-clearfix\"><\/div><\/div><\/div><div class=\"fusion-layout-column fusion_builder_column fusion-builder-column-5 fusion_builder_column_1_3 1_3 fusion-one-third fusion-column-last\" style=\"--awb-bg-size:cover;width:33.333333333333%;width:calc(33.333333333333% - ( ( 4% + 4% ) * 0.33333333333333 ) );\"><div class=\"fusion-column-wrapper fusion-column-has-shadow fusion-flex-column-wrapper-legacy\"><div class=\"fusion-text fusion-text-6\"><h3 style=\"text-align: center;\"><span style=\"color: #000000;\"><span style=\"color: #ffffff;\">Warn App NINA<\/span><\/span><\/h3>\n<hr \/>\n<p>\u00a0<\/p>\n<p><a href=\"https:\/\/www.bbk.bund.de\/DE\/NINA\/Warn-App_NINA_node.html#:~:text=%20Drei%20Gr%C3%BCnde,%20die%20Warn-%20App%20NINA%20zu,sch%C3%BCtzen:%20In%20der%20Warn-App%20NINA%20enthaltene...%20More\"><img decoding=\"async\" class=\"wp-image-4220 size-fusion-200 aligncenter\" src=\"https:\/\/muehlingen.de\/wordpress_01\/wp-content\/uploads\/Nina-200x114.jpg\" alt=\"\" width=\"200\" height=\"114\" srcset=\"https:\/\/muehlingen.de\/wordpress_01\/wp-content\/uploads\/Nina-200x114.jpg 200w, https:\/\/muehlingen.de\/wordpress_01\/wp-content\/uploads\/Nina-300x171.jpg 300w, https:\/\/muehlingen.de\/wordpress_01\/wp-content\/uploads\/Nina-400x228.jpg 400w, https:\/\/muehlingen.de\/wordpress_01\/wp-content\/uploads\/Nina-600x343.jpg 600w, https:\/\/muehlingen.de\/wordpress_01\/wp-content\/uploads\/Nina.jpg 765w\" sizes=\"(max-width: 200px) 100vw, 200px\" \/><\/a><\/p>\n<p><span style=\"color: #ffffff;\"><strong>Alle Warnungen in einer <abbr title=\"Applikation \u2013 Anwendungsprogramm\">App<\/abbr>:<\/strong>\u00a0Mit der Warn-App\u00a0<abbr title=\"Notfall-Informations- und Nachrichten-App\">NINA<\/abbr> empfangen Sie alle Warnmeldungen, die \u00fcber das Modulare Warnsystem herausgehen.<\/span><\/p>\n<p><span style=\"color: #ffffff;\"><strong>Schnell wichtige Informationen erhalten:<\/strong> Die Push-Funktion macht Sie auf neue Warnungen aufmerksam.\u00a0<\/span><\/p>\n<p><span style=\"color: #ffffff;\"><strong>Sich selbst und andere besser sch\u00fctzen:<\/strong>\u00a0In der Warn-App\u00a0<abbr title=\"Notfall-Informations- und Nachrichten-App\">NINA<\/abbr> enthaltene Handlungsempfehlungen und allgemeine Notfalltipps.<\/span><\/p>\n<\/div><div class=\"fusion-clearfix\"><\/div><\/div><\/div><\/div><\/div><\/p>\n","protected":false},"excerpt":{"rendered":"","protected":false},"author":1,"featured_media":0,"parent":0,"menu_order":0,"comment_status":"closed","ping_status":"closed","template":"","meta":{"footnotes":""},"class_list":["post-4152","page","type-page","status-publish","hentry"],"publishpress_future_action":{"enabled":false,"date":"2026-05-07 23:31:33","action":"change-status","newStatus":"draft","terms":[],"taxonomy":"","extraData":[]},"publishpress_future_workflow_manual_trigger":{"enabledWorkflows":[]},"_links":{"self":[{"href":"https:\/\/muehlingen.de\/index.php?rest_route=\/wp\/v2\/pages\/4152","targetHints":{"allow":["GET"]}}],"collection":[{"href":"https:\/\/muehlingen.de\/index.php?rest_route=\/wp\/v2\/pages"}],"about":[{"href":"https:\/\/muehlingen.de\/index.php?rest_route=\/wp\/v2\/types\/page"}],"author":[{"embeddable":true,"href":"https:\/\/muehlingen.de\/index.php?rest_route=\/wp\/v2\/users\/1"}],"replies":[{"embeddable":true,"href":"https:\/\/muehlingen.de\/index.php?rest_route=%2Fwp%2Fv2%2Fcomments&post=4152"}],"version-history":[{"count":25,"href":"https:\/\/muehlingen.de\/index.php?rest_route=\/wp\/v2\/pages\/4152\/revisions"}],"predecessor-version":[{"id":5964,"href":"https:\/\/muehlingen.de\/index.php?rest_route=\/wp\/v2\/pages\/4152\/revisions\/5964"}],"wp:attachment":[{"href":"https:\/\/muehlingen.de\/index.php?rest_route=%2Fwp%2Fv2%2Fmedia&parent=4152"}],"curies":[{"name":"wp","href":"https:\/\/api.w.org\/{rel}","templated":true}]}}