{"id":4276,"date":"2021-02-24T21:08:40","date_gmt":"2021-02-24T20:08:40","guid":{"rendered":"https:\/\/muehlingen.de\/?page_id=4276"},"modified":"2023-05-02T11:08:16","modified_gmt":"2023-05-02T09:08:16","slug":"servicebereich-bauen","status":"publish","type":"page","link":"https:\/\/muehlingen.de\/?page_id=4276","title":{"rendered":"Servicebereich Bauen"},"content":{"rendered":"<div class=\"fusion-fullwidth fullwidth-box fusion-builder-row-1 fusion-flex-container nonhundred-percent-fullwidth non-hundred-percent-height-scrolling\" style=\"--awb-border-radius-top-left:0px;--awb-border-radius-top-right:0px;--awb-border-radius-bottom-right:0px;--awb-border-radius-bottom-left:0px;--awb-flex-wrap:wrap;\" ><div class=\"fusion-builder-row fusion-row fusion-flex-align-items-flex-start fusion-flex-content-wrap\" style=\"max-width:1664px;margin-left: calc(-4% \/ 2 );margin-right: calc(-4% \/ 2 );\"><div class=\"fusion-layout-column fusion_builder_column fusion-builder-column-0 fusion_builder_column_1_1 1_1 fusion-flex-column\" style=\"--awb-bg-size:cover;--awb-width-large:100%;--awb-margin-top-large:0px;--awb-spacing-right-large:1.92%;--awb-margin-bottom-large:20px;--awb-spacing-left-large:1.92%;--awb-width-medium:100%;--awb-order-medium:0;--awb-spacing-right-medium:1.92%;--awb-spacing-left-medium:1.92%;--awb-width-small:100%;--awb-order-small:0;--awb-spacing-right-small:1.92%;--awb-spacing-left-small:1.92%;\"><div class=\"fusion-column-wrapper fusion-column-has-shadow fusion-flex-justify-content-flex-start fusion-content-layout-column\"><div class=\"accordian fusion-accordian\" style=\"--awb-border-size:0px;--awb-icon-size:12px;--awb-content-font-size:12px;--awb-icon-alignment:left;--awb-hover-color:#f9f9f9;--awb-border-color:#cccccc;--awb-background-color:#ffffff;--awb-divider-color:#e0dede;--awb-divider-hover-color:#e0dede;--awb-icon-color:#ffffff;--awb-title-color:#000000;--awb-content-color:#000000;--awb-icon-box-color:#000000;--awb-toggle-hover-accent-color:#1a80b6;--awb-title-font-family:Arial, Helvetica, sans-serif;--awb-title-font-weight:700;--awb-title-font-style:normal;--awb-title-font-size:13px;--awb-content-font-family:Arial, Helvetica, sans-serif;--awb-content-font-style:normal;--awb-content-font-weight:400;\"><div class=\"panel-group fusion-toggle-icon-boxed\" id=\"accordion-4276-1\"><div class=\"fusion-panel panel-default panel-ea2b4062b5568bf24 fusion-toggle-no-divider fusion-toggle-boxed-mode\"><div class=\"panel-heading\"><h4 class=\"panel-title toggle\" id=\"toggle_ea2b4062b5568bf24\"><a aria-expanded=\"false\" aria-controls=\"ea2b4062b5568bf24\" role=\"button\" data-toggle=\"collapse\" data-parent=\"#accordion-4276-1\" data-target=\"#ea2b4062b5568bf24\" href=\"#ea2b4062b5568bf24\"><span class=\"fusion-toggle-icon-wrapper\" aria-hidden=\"true\"><i class=\"fa-fusion-box active-icon awb-icon-minus\" aria-hidden=\"true\"><\/i><i class=\"fa-fusion-box inactive-icon awb-icon-plus\" aria-hidden=\"true\"><\/i><\/span><span class=\"fusion-toggle-heading\">Gas<\/span><\/a><\/h4><\/div><div id=\"ea2b4062b5568bf24\" class=\"panel-collapse collapse \" aria-labelledby=\"toggle_ea2b4062b5568bf24\"><div class=\"panel-body toggle-content fusion-clearfix\">\n<p>Wir empfehlen in der Bauphase bereits den Gas-Hausanschluss zu legen, auch f\u00fcr den Fall, dass aktuell kein Gasanschlu\u00df gew\u00fcnscht wird.. Die sogenannte Vollstreckung bis Hinterkante Bordstein ist im Kaufpreis enthalten. Die Th\u00fcga verlangt nur einen minimalen Betrag (max.150 \u20ac) f\u00fcr die Verlegung des restlichen Hausanschusses bis in den Hausanschlussraum bzw. Keller. <strong>Bitte Angebot anfordern.<\/strong><\/p>\n<p>Ein nachtr\u00e4glicher Anschlu\u00df, bewegt sich sp\u00e4ter schnell auf \u00fcber 1800,-\u20ac<\/p>\n<hr \/>\n<p><strong>Kontakt<\/strong><\/p>\n<p>Th\u00fcga Energie GmbH<br \/>\nIndustriestr. 9<br \/>\n78224 Singen (Hohentwiel)<\/p>\n<p>Tel. 07731 5900 &#8211; 0<br \/>\nFax 07731 5900 \u2013 1303<br \/>\nMail: <a href=\"mailto:info-si@thuega-singen.de\">info-si@thuega-singen.de<\/a><\/p>\n<\/div><\/div><\/div><div class=\"fusion-panel panel-default panel-b4b006c943663877a fusion-toggle-no-divider fusion-toggle-boxed-mode\"><div class=\"panel-heading\"><h4 class=\"panel-title toggle\" id=\"toggle_b4b006c943663877a\"><a aria-expanded=\"false\" aria-controls=\"b4b006c943663877a\" role=\"button\" data-toggle=\"collapse\" data-parent=\"#accordion-4276-1\" data-target=\"#b4b006c943663877a\" href=\"#b4b006c943663877a\"><span class=\"fusion-toggle-icon-wrapper\" aria-hidden=\"true\"><i class=\"fa-fusion-box active-icon awb-icon-minus\" aria-hidden=\"true\"><\/i><i class=\"fa-fusion-box inactive-icon awb-icon-plus\" aria-hidden=\"true\"><\/i><\/span><span class=\"fusion-toggle-heading\">Strom<\/span><\/a><\/h4><\/div><div id=\"b4b006c943663877a\" class=\"panel-collapse collapse \" aria-labelledby=\"toggle_b4b006c943663877a\"><div class=\"panel-body toggle-content fusion-clearfix\">\n<p>Strom-Hausanschluss. Hierf\u00fcr ist Netze-BW in Tuttlingen zust\u00e4ndig<\/p>\n<hr \/>\n<p><strong>Kontakt<\/strong><\/p>\n<p>Netze BW GmbH<br \/>\nSchelmenwasenstra\u00dfe 15<br \/>\n70567 Stuttgart<\/p>\n<p><strong>Allgemeine Servicenummer<\/strong><\/p>\n<p><a href=\"tel:08003629-900\">0800 3629-900<\/a><\/p>\n<p><strong>St\u00f6rungsnummern:<\/strong><\/p>\n<p><a href=\"tel:08003629-477\">0800 3629-477\u00a0(Strom)<\/a><\/p>\n<\/div><\/div><\/div><div class=\"fusion-panel panel-default panel-3e1940a88cb762036 fusion-toggle-no-divider fusion-toggle-boxed-mode\"><div class=\"panel-heading\"><h4 class=\"panel-title toggle\" id=\"toggle_3e1940a88cb762036\"><a aria-expanded=\"false\" aria-controls=\"3e1940a88cb762036\" role=\"button\" data-toggle=\"collapse\" data-parent=\"#accordion-4276-1\" data-target=\"#3e1940a88cb762036\" href=\"#3e1940a88cb762036\"><span class=\"fusion-toggle-icon-wrapper\" aria-hidden=\"true\"><i class=\"fa-fusion-box active-icon awb-icon-minus\" aria-hidden=\"true\"><\/i><i class=\"fa-fusion-box inactive-icon awb-icon-plus\" aria-hidden=\"true\"><\/i><\/span><span class=\"fusion-toggle-heading\">Trinkwasser<\/span><\/a><\/h4><\/div><div id=\"3e1940a88cb762036\" class=\"panel-collapse collapse \" aria-labelledby=\"toggle_3e1940a88cb762036\"><div class=\"panel-body toggle-content fusion-clearfix\">\n<p>Wasser-Hausanschluss. Dieser Hausanschluss muss bei den Stadtwerken Stockach, die f\u00fcr die Gemeinde M\u00fchlingen die Betriebsf\u00fchrungswasserversorgung machen, beantragt werden.<\/p>\n<p>Antrag f\u00fcr den Netzanschluss Trinkwasser: Bitte beachten, das Sie das Formular nur f\u00fcr die Versorgung mit Trinkwasser verwenden k\u00f6nnen.<\/p>\n<p><a href=\"https:\/\/www.stadtwerke-stockach.de\/files\/Medien\/Downloads\/Leistungen\/Netze\/Netzanschluss\/Anfrage_Netzanschluss.pdf\"><span style=\"color: #3366ff;\">Der Link f\u00fchrt zur Seite Stadtwerke Stockach &#8211; Netzanschluss allgemein<\/span> <span style=\"color: #ff0000;\">(klick)<\/span><\/a><\/p>\n<hr \/>\n<p><strong>Kontakt<\/strong><\/p>\n<p>Stadtwerke Stockach<br \/>Abla\u00dfwiesen 8<br \/>78333 Stockach<\/p>\n<p>Tel. 07771\/915-430<br \/>Mail: <span style=\"color: #0000ff;\">kundenservice@stadtwerke-stockach.de<\/span><\/p>\n<p>Homepage: <a href=\"https:\/\/www.stadtwerke-stockach.de\/startseite.html\">www.stadtwerke-stockach.de <span style=\"color: #ff0000;\">(klick)<\/span><\/a><\/p>\n<p><strong>St\u00f6rungsstelle nur au\u00dferhalb der Dienststunden<\/strong><br \/><strong>Tel. 07771\/915-522<\/strong><\/p>\n<p>\u00a0<\/p>\n<\/div><\/div><\/div><div class=\"fusion-panel panel-default panel-6c0bdfa0d8eac036b fusion-toggle-no-divider fusion-toggle-boxed-mode\"><div class=\"panel-heading\"><h4 class=\"panel-title toggle\" id=\"toggle_6c0bdfa0d8eac036b\"><a aria-expanded=\"false\" aria-controls=\"6c0bdfa0d8eac036b\" role=\"button\" data-toggle=\"collapse\" data-parent=\"#accordion-4276-1\" data-target=\"#6c0bdfa0d8eac036b\" href=\"#6c0bdfa0d8eac036b\"><span class=\"fusion-toggle-icon-wrapper\" aria-hidden=\"true\"><i class=\"fa-fusion-box active-icon awb-icon-minus\" aria-hidden=\"true\"><\/i><i class=\"fa-fusion-box inactive-icon awb-icon-plus\" aria-hidden=\"true\"><\/i><\/span><span class=\"fusion-toggle-heading\">Telekommunikation<\/span><\/a><\/h4><\/div><div id=\"6c0bdfa0d8eac036b\" class=\"panel-collapse collapse \" aria-labelledby=\"toggle_6c0bdfa0d8eac036b\"><div class=\"panel-body toggle-content fusion-clearfix\">\n<p>Breitband<\/p>\n<p>a) Die Verlegung des Leerrohres darf nur durch eine Fachfirma erfolgen. Jedoch ist die Verlegung bereits im Anschlusspreis mit inbegriffen. Beim Erwerb eines Neubauplatzes der Gemeinde sind die Anschlusskosten bei Privatgrundst\u00fccken bereits inklusive.<\/p>\n<p>Anschlusskosten Privat: 2.500,- \u20ac inkl. MwSt<\/p>\n<p>Anschlusskosten Gewerbe: 5.000,- \u20ac inkl. MwSt oder nach Aufwand (je Laufmeter)<\/p>\n<p>b)\u00a0 Die Verlegung des Leerrohres und das Einblasen des Lichtwellenleiters rechtzeitig bei der BLS beantragen. Diese setzt auch gleichzeitig den kleinen Hausanschlusskasten im Keller oder Hausanschluss.<\/p>\n<p>c) rechtzeitig vor Bezugsfertigkeit des Hauses Antrag auf Telekommunikationsanschluss bei www.netcom-bw.de beantragen.<\/p>\n<hr \/>\n<p><strong>Kontakt<\/strong><\/p>\n<p>NetCom BW GmbH<br \/>Unterer Br\u00fchl 2<br \/>73479 Ellwangen<\/p>\n<h4>Privatkunden-Hotline: 0800 3629 264<\/h4>\n<\/div><\/div><\/div><div class=\"fusion-panel panel-default panel-df8fc64b09f3254fa fusion-toggle-no-divider fusion-toggle-boxed-mode\"><div class=\"panel-heading\"><h4 class=\"panel-title toggle\" id=\"toggle_df8fc64b09f3254fa\"><a aria-expanded=\"false\" aria-controls=\"df8fc64b09f3254fa\" role=\"button\" data-toggle=\"collapse\" data-parent=\"#accordion-4276-1\" data-target=\"#df8fc64b09f3254fa\" href=\"#df8fc64b09f3254fa\"><span class=\"fusion-toggle-icon-wrapper\" aria-hidden=\"true\"><i class=\"fa-fusion-box active-icon awb-icon-minus\" aria-hidden=\"true\"><\/i><i class=\"fa-fusion-box inactive-icon awb-icon-plus\" aria-hidden=\"true\"><\/i><\/span><span class=\"fusion-toggle-heading\">M\u00fcllbeh\u00e4lter<\/span><\/a><\/h4><\/div><div id=\"df8fc64b09f3254fa\" class=\"panel-collapse collapse \" aria-labelledby=\"toggle_df8fc64b09f3254fa\"><div class=\"panel-body toggle-content fusion-clearfix\">\n<h4>Rathaus M\u00fchlingen<\/h4>\n<p>Frau Schulz<br \/>\nIm G\u00f6hren 2<br \/>\n78357 M\u00fchlingen<\/p>\n<p>Tel. 07775\/93 03-20<br \/>\nMail: <span style=\"color: #0000ff;\">standesamt@muehlingen.de<\/span><\/p>\n<\/div><\/div><\/div><div class=\"fusion-panel panel-default panel-2e8cb8cad7ea9201a fusion-toggle-no-divider fusion-toggle-boxed-mode\"><div class=\"panel-heading\"><h4 class=\"panel-title toggle\" id=\"toggle_2e8cb8cad7ea9201a\"><a aria-expanded=\"false\" aria-controls=\"2e8cb8cad7ea9201a\" role=\"button\" data-toggle=\"collapse\" data-parent=\"#accordion-4276-1\" data-target=\"#2e8cb8cad7ea9201a\" href=\"#2e8cb8cad7ea9201a\"><span class=\"fusion-toggle-icon-wrapper\" aria-hidden=\"true\"><i class=\"fa-fusion-box active-icon awb-icon-minus\" aria-hidden=\"true\"><\/i><i class=\"fa-fusion-box inactive-icon awb-icon-plus\" aria-hidden=\"true\"><\/i><\/span><span class=\"fusion-toggle-heading\">Kfz Zulassungstelle<\/span><\/a><\/h4><\/div><div id=\"2e8cb8cad7ea9201a\" class=\"panel-collapse collapse \" aria-labelledby=\"toggle_2e8cb8cad7ea9201a\"><div class=\"panel-body toggle-content fusion-clearfix\">\n<p><strong>Landratsamt Konstanz<\/strong><br \/>\n<strong>Kfz-Zulassung<\/strong><\/p>\n<hr \/>\n<h4 class=\"basecontent-sub-heading\">Zulassungsstelle Stockach<\/h4>\n<p>Adenauerstr. 4<br \/>\n78333 Stockach<\/p>\n<p>Tel +49 7531 800-2833<br \/>\nFax +49 7531 800-2849<br \/>\nMail: <span style=\"color: #0000ff;\">fuehrerscheinstelle@LRAKN.de<\/span><\/p>\n<hr \/>\n<h4 class=\"basecontent-sub-heading\">Zulassungsstelle Singen<\/h4>\n<p>Laubwaldstr. 4<br \/>\n78224 Singen (Hohentwiel)<\/p>\n<p>Tel +49 7531 800-2720<br \/>\nFax +49 7531 800-2799<br \/>\nMail: <span style=\"color: #0000ff;\">fuehrerscheinstelle@LRAKN.de<\/span><\/p>\n<\/div><\/div><\/div><div class=\"fusion-panel panel-default panel-f76952edc758033dd fusion-toggle-no-divider fusion-toggle-boxed-mode\"><div class=\"panel-heading\"><h4 class=\"panel-title toggle\" id=\"toggle_f76952edc758033dd\"><a aria-expanded=\"false\" aria-controls=\"f76952edc758033dd\" role=\"button\" data-toggle=\"collapse\" data-parent=\"#accordion-4276-1\" data-target=\"#f76952edc758033dd\" href=\"#f76952edc758033dd\"><span class=\"fusion-toggle-icon-wrapper\" aria-hidden=\"true\"><i class=\"fa-fusion-box active-icon awb-icon-minus\" aria-hidden=\"true\"><\/i><i class=\"fa-fusion-box inactive-icon awb-icon-plus\" aria-hidden=\"true\"><\/i><\/span><span class=\"fusion-toggle-heading\">Finanzamt<\/span><\/a><\/h4><\/div><div id=\"f76952edc758033dd\" class=\"panel-collapse collapse \" aria-labelledby=\"toggle_f76952edc758033dd\"><div class=\"panel-body toggle-content fusion-clearfix\">\n<h4>Postanschrift<\/h4>\n<p><a href=\"https:\/\/onlinestreet.de\/strassen\/Alpenstra%C3%9Fe.Singen+%28Hohentwiel%29.365278.html\">Alpenstr. 9<\/a><br \/>\nDE-<a href=\"https:\/\/onlinestreet.de\/plz\/78224.html\">78224<\/a>\u00a0Singen<\/p>\n<p>Postfach Singen<br \/>\n78221 Singen<\/p>\n<p>\u00d6ffnungszeiten Servicestelle:<\/p>\n<p>Mo: 07:30-15:30<br \/>\nDi: 07:30-12:00<br \/>\nMi: 07:30-17:30<br \/>\nDo: 07:30-12:00<br \/>\nFr: 07:30-12:00<\/p>\n<p>Tel +49 7731 823-0<br \/>\nFax +49 7731 823-650<\/p>\n<\/div><\/div><\/div><\/div><\/div><\/div><\/div><\/div><\/div>\n","protected":false},"excerpt":{"rendered":"","protected":false},"author":1,"featured_media":0,"parent":0,"menu_order":0,"comment_status":"closed","ping_status":"closed","template":"","meta":{"footnotes":""},"class_list":["post-4276","page","type-page","status-publish","hentry"],"publishpress_future_action":{"enabled":false,"date":"2026-05-07 08:56:13","action":"change-status","newStatus":"draft","terms":[],"taxonomy":"","extraData":[]},"publishpress_future_workflow_manual_trigger":{"enabledWorkflows":[]},"_links":{"self":[{"href":"https:\/\/muehlingen.de\/index.php?rest_route=\/wp\/v2\/pages\/4276","targetHints":{"allow":["GET"]}}],"collection":[{"href":"https:\/\/muehlingen.de\/index.php?rest_route=\/wp\/v2\/pages"}],"about":[{"href":"https:\/\/muehlingen.de\/index.php?rest_route=\/wp\/v2\/types\/page"}],"author":[{"embeddable":true,"href":"https:\/\/muehlingen.de\/index.php?rest_route=\/wp\/v2\/users\/1"}],"replies":[{"embeddable":true,"href":"https:\/\/muehlingen.de\/index.php?rest_route=%2Fwp%2Fv2%2Fcomments&post=4276"}],"version-history":[{"count":15,"href":"https:\/\/muehlingen.de\/index.php?rest_route=\/wp\/v2\/pages\/4276\/revisions"}],"predecessor-version":[{"id":6524,"href":"https:\/\/muehlingen.de\/index.php?rest_route=\/wp\/v2\/pages\/4276\/revisions\/6524"}],"wp:attachment":[{"href":"https:\/\/muehlingen.de\/index.php?rest_route=%2Fwp%2Fv2%2Fmedia&parent=4276"}],"curies":[{"name":"wp","href":"https:\/\/api.w.org\/{rel}","templated":true}]}}