{"id":6529,"date":"2023-05-09T14:02:11","date_gmt":"2023-05-09T12:02:11","guid":{"rendered":"https:\/\/muehlingen.de\/?page_id=6529"},"modified":"2025-10-17T08:44:31","modified_gmt":"2025-10-17T06:44:31","slug":"ehrungen","status":"publish","type":"page","link":"https:\/\/muehlingen.de\/?page_id=6529","title":{"rendered":"Ehrungen"},"content":{"rendered":"<div class=\"fusion-fullwidth fullwidth-box fusion-builder-row-1 fusion-flex-container has-pattern-background has-mask-background nonhundred-percent-fullwidth non-hundred-percent-height-scrolling\" style=\"--awb-border-radius-top-left:0px;--awb-border-radius-top-right:0px;--awb-border-radius-bottom-right:0px;--awb-border-radius-bottom-left:0px;--awb-flex-wrap:wrap;\" ><div class=\"fusion-builder-row fusion-row fusion-flex-align-items-flex-start fusion-flex-content-wrap\" style=\"max-width:1664px;margin-left: calc(-4% \/ 2 );margin-right: calc(-4% \/ 2 );\"><div class=\"fusion-layout-column fusion_builder_column fusion-builder-column-0 fusion_builder_column_1_2 1_2 fusion-flex-column\" style=\"--awb-bg-size:cover;--awb-width-large:50%;--awb-margin-top-large:0px;--awb-spacing-right-large:3.84%;--awb-margin-bottom-large:20px;--awb-spacing-left-large:3.84%;--awb-width-medium:100%;--awb-order-medium:0;--awb-spacing-right-medium:1.92%;--awb-spacing-left-medium:1.92%;--awb-width-small:100%;--awb-order-small:0;--awb-spacing-right-small:1.92%;--awb-spacing-left-small:1.92%;\"><div class=\"fusion-column-wrapper fusion-column-has-shadow fusion-flex-justify-content-flex-start fusion-content-layout-column\"><div class=\"fusion-text fusion-text-1\"><div class=\"dossier-header__headline\">\n<h1 data-rtr-title=\"#read\" data-rtr-categories=\"\" data-rtr-ministries=\"8\" data-rtr-ctype=\"dossier\" data-rtr-publication_date=\"2019-12-13T15:40:21+0100\"><img decoding=\"async\" class=\"aligncenter wp-image-6533 size-full\" src=\"https:\/\/muehlingen.de\/wordpress_01\/wp-content\/uploads\/Wappen-SM-BW.jpg\" alt=\"\" width=\"445\" height=\"110\" srcset=\"https:\/\/muehlingen.de\/wordpress_01\/wp-content\/uploads\/Wappen-SM-BW-200x49.jpg 200w, https:\/\/muehlingen.de\/wordpress_01\/wp-content\/uploads\/Wappen-SM-BW-300x74.jpg 300w, https:\/\/muehlingen.de\/wordpress_01\/wp-content\/uploads\/Wappen-SM-BW-400x99.jpg 400w, https:\/\/muehlingen.de\/wordpress_01\/wp-content\/uploads\/Wappen-SM-BW.jpg 445w\" sizes=\"(max-width: 445px) 100vw, 445px\" \/><\/h1>\n<h1 class=\"headline headline--1\" data-rtr-title=\"#read\" data-rtr-categories=\"\" data-rtr-ministries=\"8\" data-rtr-ctype=\"dossier\" data-rtr-publication_date=\"2019-12-13T15:40:21+0100\"><span style=\"color: #ffffff;\">Orden und Ehrenzeichen<\/span><\/h1>\n<\/div>\n<div class=\"dossier-header__text\">\n<div class=\"text\" data-rtr-content=\"#read\">\n<p><span style=\"color: #ffffff;\">Unsere Gesellschaft lebt vom ehrenamtlichen Engagement vieler B\u00fcrgerinnen und B\u00fcrger. Dies verdient Dank und Anerkennung. <\/span><\/p>\n<p><span style=\"color: #ffffff;\">Das Land vergibt f\u00fcr besondere Leistungen f\u00fcr das Gemeinwohl oder f\u00fcr vorbildliches Handeln Orden und Ehrungen. Wenn es auch in Ihrem Familien-, Freundes- oder Bekanntenkreis Menschen gibt, die Herausragendes leisten, dann lassen Sie uns das wissen!<\/span><\/p>\n<p><span style=\"color: #ffffff;\"><strong>Antrag f\u00fcr Orden und Ehrenzeichen<\/strong><\/span><\/p>\n<p><a href=\"https:\/\/muehlingen.de\/wordpress_01\/wp-content\/uploads\/Antrag_Ehrennadel_BW.pdf\">Antrag Ehrennadel BW <span style=\"color: #ff0000;\">(klick)<\/span><\/a><\/p>\n<p><span style=\"color: #ffffff;\"><strong>Staatsministerium Baden-W\u00fcrttemberg<\/strong><\/span><\/p>\n<p><a href=\"https:\/\/stm.baden-wuerttemberg.de\/de\/themen\/orden-und-ehrenzeichen\">Zur Seite des Staatsministerium <span style=\"color: #ff0000;\">(klick)<\/span><\/a><\/p>\n<hr \/>\n<p><span style=\"color: #ffffff;\"><strong>\u00dcbersicht der Ehrennadeln <\/strong><\/span><\/p>\n<p><img decoding=\"async\" class=\"alignnone size-medium wp-image-6535\" src=\"https:\/\/muehlingen.de\/wordpress_01\/wp-content\/uploads\/Uebersicht-Orden-BW-300x114.jpg\" alt=\"\" width=\"300\" height=\"114\" srcset=\"https:\/\/muehlingen.de\/wordpress_01\/wp-content\/uploads\/Uebersicht-Orden-BW-200x76.jpg 200w, https:\/\/muehlingen.de\/wordpress_01\/wp-content\/uploads\/Uebersicht-Orden-BW-300x114.jpg 300w, https:\/\/muehlingen.de\/wordpress_01\/wp-content\/uploads\/Uebersicht-Orden-BW-400x152.jpg 400w, https:\/\/muehlingen.de\/wordpress_01\/wp-content\/uploads\/Uebersicht-Orden-BW-600x227.jpg 600w, https:\/\/muehlingen.de\/wordpress_01\/wp-content\/uploads\/Uebersicht-Orden-BW-768x291.jpg 768w, https:\/\/muehlingen.de\/wordpress_01\/wp-content\/uploads\/Uebersicht-Orden-BW-800x303.jpg 800w, https:\/\/muehlingen.de\/wordpress_01\/wp-content\/uploads\/Uebersicht-Orden-BW-1024x388.jpg 1024w, https:\/\/muehlingen.de\/wordpress_01\/wp-content\/uploads\/Uebersicht-Orden-BW-1200x455.jpg 1200w, https:\/\/muehlingen.de\/wordpress_01\/wp-content\/uploads\/Uebersicht-Orden-BW-1536x582.jpg 1536w, https:\/\/muehlingen.de\/wordpress_01\/wp-content\/uploads\/Uebersicht-Orden-BW.jpg 1667w\" sizes=\"(max-width: 300px) 100vw, 300px\" \/><\/p>\n<p><span style=\"color: #ffffff;\">Bildquelle: Staatsministerium Baden-W\u00fcrttemberg<\/span><\/p>\n<\/div>\n<\/div>\n<\/div><\/div><\/div><div class=\"fusion-layout-column fusion_builder_column fusion-builder-column-1 fusion_builder_column_1_2 1_2 fusion-flex-column\" style=\"--awb-padding-top:37px;--awb-bg-size:cover;--awb-width-large:50%;--awb-margin-top-large:0px;--awb-spacing-right-large:3.84%;--awb-margin-bottom-large:20px;--awb-spacing-left-large:3.84%;--awb-width-medium:100%;--awb-order-medium:0;--awb-spacing-right-medium:1.92%;--awb-spacing-left-medium:1.92%;--awb-width-small:100%;--awb-order-small:0;--awb-spacing-right-small:1.92%;--awb-spacing-left-small:1.92%;\"><div class=\"fusion-column-wrapper fusion-column-has-shadow fusion-flex-justify-content-flex-start fusion-content-layout-column\"><div class=\"fusion-text fusion-text-2\"><p><img decoding=\"async\" class=\"aligncenter wp-image-6538 \" src=\"https:\/\/muehlingen.de\/wordpress_01\/wp-content\/uploads\/Muehlingen-2-300x87.jpg\" alt=\"\" width=\"376\" height=\"109\" srcset=\"https:\/\/muehlingen.de\/wordpress_01\/wp-content\/uploads\/Muehlingen-2-200x58.jpg 200w, https:\/\/muehlingen.de\/wordpress_01\/wp-content\/uploads\/Muehlingen-2-300x87.jpg 300w, https:\/\/muehlingen.de\/wordpress_01\/wp-content\/uploads\/Muehlingen-2-400x116.jpg 400w, https:\/\/muehlingen.de\/wordpress_01\/wp-content\/uploads\/Muehlingen-2-600x175.jpg 600w, https:\/\/muehlingen.de\/wordpress_01\/wp-content\/uploads\/Muehlingen-2-768x223.jpg 768w, https:\/\/muehlingen.de\/wordpress_01\/wp-content\/uploads\/Muehlingen-2-800x233.jpg 800w, https:\/\/muehlingen.de\/wordpress_01\/wp-content\/uploads\/Muehlingen-2-1024x298.jpg 1024w, https:\/\/muehlingen.de\/wordpress_01\/wp-content\/uploads\/Muehlingen-2-1200x349.jpg 1200w, https:\/\/muehlingen.de\/wordpress_01\/wp-content\/uploads\/Muehlingen-2.jpg 1227w\" sizes=\"(max-width: 376px) 100vw, 376px\" \/><\/p>\n<h1 class=\"fusion-responsive-typography-calculated\" style=\"--fontsize: 20; line-height: 1.4; --minfontsize: 20;\" data-fontsize=\"20\" data-lineheight=\"28px\"><span style=\"color: #ffffff;\">Auszug aus der Ehrenordnung<\/span><\/h1>\n<p><span style=\"color: #ffffff;\"><strong>\u00a71 Ehrenwappenteller oder Wappen<\/strong><\/span><\/p>\n<p><span style=\"color: #ffffff;\"><strong>Pers\u00f6nlichkeiten<\/strong>, die sich um die Gemeinde M\u00fchlingen verdient gemacht haben und im<\/span><\/p>\n<p><span style=\"color: #ffffff;\">-politischen bzw. kommunalpolitischen,<\/span><br \/>\n<span style=\"color: #ffffff;\">-kulturellen,<\/span><br \/>\n<span style=\"color: #ffffff;\">-sportlichen<\/span><br \/>\n<span style=\"color: #ffffff;\">-wirtschaftlichen<\/span><br \/>\n<span style=\"color: #ffffff;\">-sozialem Bereich<\/span><br \/>\n<span style=\"color: #ffffff;\">-oder vergleichbaren Bereichen<\/span><\/p>\n<p><span style=\"color: #ffffff;\">besondere Verdienste erworben und \u00fcberdurchschnittlichen B\u00fcrgersinn bewiesen haben, kann vom Gemeinderat eine Ehrung zugesprochen werden. Leistungen im kirchlichen Bereich k\u00f6nnen ausnahmsweise ber\u00fccksichtigt werden, wenn diese in den \u00f6ffentlichen Bereich ausstrahlen. Leistungen in staatlichen Organisationen werden nicht ber\u00fccksichtigt.<\/span><\/p>\n<p><span style=\"color: #ffffff;\">Vorschlagsberechtigt ist jeder B\u00fcrger; der Vorschlag ist eingehend zu begr\u00fcnden (schriftlich \u00fcber die besonderen Stationen und Leistungen f\u00fcr die Gemeinde M\u00fchlingen). Die Entscheidung \u00fcber die Verleihung trifft der Gemeinderat.<\/span><\/p>\n<hr \/>\n<p><span style=\"color: #ffffff;\"><b><u>Die Ehrung erfolgt in folgenden Formen:<\/u><\/b><\/span><\/p>\n<p><span style=\"color: #ffffff;\"><strong><u>a) Ehrennadel der Gemeinde (B\u00fcrgerehrung)<\/u><\/strong><\/span><\/p>\n<p><span style=\"color: #ffffff;\">Personen, die eine Leistung zugunsten der Mitb\u00fcrger erbringen und hierbei eine beachtliche Aktivit\u00e4t entwickelt haben, kann die Ehrennadel der Gemeinde verliehen werden.<\/span><\/p>\n<p><span style=\"color: #ffffff;\">Leistungen in herausragenden Funktionen wie Vorsitz oder \u00dcbungsleiter in Vereinen oder rechtlich unselbst\u00e4ndigen Gruppierungen, auch Feuerwehrabteilungen, oder sonst herausragende Leistungen au\u00dferhalb des Vereinswesens sind Voraussetzung.<\/span><\/p>\n<p><span style=\"color: #ffffff;\">Hierbei muss eine Mindestdauer in ehrenamtlichem Engagement von 10 Jahren erbracht worden sein.<\/span><\/p>\n<p><span style=\"color: #ffffff;\">Die Ehrennadel wird in Bronze ausgestattet, enth\u00e4lt einen Lorbeerhalbkreis, das<\/span><\/p>\n<p><span style=\"color: #ffffff;\">Gemeindewappen und die \u00dcberschrift \u201e Gemeinde M\u00fchlingen\u201c.<\/span><\/p>\n<p><span style=\"color: #ffffff;\"><strong><u>b) Ehrenmedaille der Gemeinde (B\u00fcrgermedaille)<\/u><\/strong><\/span><\/p>\n<p><span style=\"color: #ffffff;\">Die Ehrenmedaille wird in Bronze und M\u00fcnzform ausgestattet; Vorderseite \u201eGemeinde M\u00fchlingen\u201c und \u201eLorbeerzweig\u201c, R\u00fcckseite \u201eF\u00fcr Verdienste\u201c.<\/span><\/p>\n<p><span style=\"color: #ffffff;\">Der Vorgeschlagene muss die Ehrennadel bereits erhalten haben und sich dar\u00fcber hinaus weitere besondere Verdienste erworben haben.<\/span><\/p>\n<p><span style=\"color: #ffffff;\">Die erworbenen Verdienste sollen \u00fcberwiegend der Gemeinde M\u00fchlingen und ihrer Bev\u00f6lkerung zu Gute gekommen sein. Es soll sich um eine au\u00dferordentliche Leistung handeln, die der Auszuzeichnende in dem ihm m\u00f6glichen Wirkungsbereich f\u00fcr die Allgemeinheit erbracht hat.<\/span><\/p>\n<p><span style=\"color: #ffffff;\"><strong><u>c) Ehrenb\u00fcrgerschaft<\/u><\/strong><\/span><\/p>\n<p><span style=\"color: #ffffff;\">Die Ehrenb\u00fcrgerschaft kann auch ohne die vorherigen Ehrungen (Ehrennadel und Ehrenmedaille) verliehen werden und ist f\u00fcr Personen, die sich um das Gemeinwesen, vorwiegend zugunsten der Gemeinde, langj\u00e4hrig besonders und herausragend verdient gemacht haben, vorgesehen.<\/span><\/p>\n<p><span style=\"color: #ffffff;\">Es wird eine hochwertig gepr\u00e4gte <strong>Ernennungsurkunde,<\/strong> Ehrenwappenteller und ein Pr\u00e4sentkorb \u00fcberreicht.<\/span><\/p>\n<p><span style=\"color: #ffffff;\">Die Erf\u00fcllung der Berufspflicht oder das Wirken f\u00fcr das eigene Erwerbsunternehmen allein rechtfertigen die Verleihung der Verdienstmedaille nicht. Auszeichnungen, denen nur ein \u00e4u\u00dferer Anlass, wie Jubil\u00e4en oder Geburtstag, zugrunde liegt, kommen nicht in Betracht. Langj\u00e4hrige T\u00e4tigkeit allein reicht nicht aus.<\/span><\/p>\n<p><span style=\"color: #ffffff;\">\u00dcber die Verleihung wird eine Urkunde ausgestellt, die vom B\u00fcrgermeister ausgefertigt wird.<\/span><\/p>\n<hr \/>\n<p><span style=\"color: #ffffff;\"><strong>(2)<\/strong> Au\u00dferdem sollen Pers\u00f6nlichkeiten geehrt werden, die von \u00fcber\u00f6rtlicher Seite geehrt werden (Landesehrung 40-j\u00e4hriges Arbeitsjubil\u00e4um, Ehrennadel des Landes, u.a.).<\/span><\/p>\n<hr \/>\n<p><span style=\"color: #ffffff;\"><b>Die \u00dcberreichung soll dem Anlass entsprechend in einer besonderen Ehrung, im Rahmen einer Gemeindeveranstaltung (z.B. Ehrenabend, B\u00fcrgerversammlung) \u00fcberreicht werden.<\/b><\/span><\/p>\n<p><span style=\"color: #ffffff;\">Ablauf: <\/span><\/p>\n<p><span style=\"color: #ffffff;\">Schreiben Sie ein paar S\u00e4tze, warum diese Ehrung diese Person aus Ihrer Sicht erhalten sollte. Dazu die Stationen im Verein oder besondere Leistung f\u00fcr die Gemeinde.<\/span><\/p>\n<p><span style=\"color: #ffffff;\">Diese senden Sie bitte an rathaus@muehlingen.de oder buergermeister@muehlingen.de, wenn wir noch R\u00fcckfragen haben, werden wir noch um Erg\u00e4nzung bitten.<\/span><\/p>\n<p><span style=\"color: #ffffff;\">In einer nicht\u00f6ffentlichen Sitzung wird \u00fcber den Antrag beraten und beschlossen, ob der Vorschlag die Vorgaben erf\u00fcllt. Sobald eine Entscheidung getroffen wurde, erh\u00e4lt nur der Antragssteller eine R\u00fcckmeldung von der Verwaltung.<\/span><\/p>\n<\/div><\/div><\/div><\/div><\/div>\n","protected":false},"excerpt":{"rendered":"","protected":false},"author":1,"featured_media":0,"parent":0,"menu_order":0,"comment_status":"closed","ping_status":"closed","template":"","meta":{"footnotes":""},"class_list":["post-6529","page","type-page","status-publish","hentry"],"publishpress_future_action":{"enabled":false,"date":"2026-05-06 13:35:11","action":"change-status","newStatus":"draft","terms":[],"taxonomy":"","extraData":[]},"publishpress_future_workflow_manual_trigger":{"enabledWorkflows":[]},"_links":{"self":[{"href":"https:\/\/muehlingen.de\/index.php?rest_route=\/wp\/v2\/pages\/6529","targetHints":{"allow":["GET"]}}],"collection":[{"href":"https:\/\/muehlingen.de\/index.php?rest_route=\/wp\/v2\/pages"}],"about":[{"href":"https:\/\/muehlingen.de\/index.php?rest_route=\/wp\/v2\/types\/page"}],"author":[{"embeddable":true,"href":"https:\/\/muehlingen.de\/index.php?rest_route=\/wp\/v2\/users\/1"}],"replies":[{"embeddable":true,"href":"https:\/\/muehlingen.de\/index.php?rest_route=%2Fwp%2Fv2%2Fcomments&post=6529"}],"version-history":[{"count":9,"href":"https:\/\/muehlingen.de\/index.php?rest_route=\/wp\/v2\/pages\/6529\/revisions"}],"predecessor-version":[{"id":8270,"href":"https:\/\/muehlingen.de\/index.php?rest_route=\/wp\/v2\/pages\/6529\/revisions\/8270"}],"wp:attachment":[{"href":"https:\/\/muehlingen.de\/index.php?rest_route=%2Fwp%2Fv2%2Fmedia&parent=6529"}],"curies":[{"name":"wp","href":"https:\/\/api.w.org\/{rel}","templated":true}]}}